{"id":1111,"date":"2019-11-18T23:05:53","date_gmt":"2019-11-18T23:05:53","guid":{"rendered":"http:\/\/mvz-kreuzberg.de\/?page_id=1111"},"modified":"2025-06-19T17:12:49","modified_gmt":"2025-06-19T16:12:49","slug":"faq-fuer-patientinnen","status":"publish","type":"page","link":"https:\/\/mvz-kreuzberg.de\/en\/faq-fuer-patientinnen","title":{"rendered":"FAQ"},"content":{"rendered":"<p><div class=\"fusion-fullwidth fullwidth-box fusion-builder-row-1 fusion-flex-container has-pattern-background has-mask-background nonhundred-percent-fullwidth non-hundred-percent-height-scrolling\" style=\"--awb-border-radius-top-left:0px;--awb-border-radius-top-right:0px;--awb-border-radius-bottom-right:0px;--awb-border-radius-bottom-left:0px;--awb-padding-top:6%;--awb-padding-right:8%;--awb-padding-bottom:3%;--awb-padding-left:8%;--awb-margin-top:0px;--awb-margin-bottom:0px;--awb-background-color:rgba(0,116,149,0.7);--awb-flex-wrap:wrap;\" ><div class=\"fusion-builder-row fusion-row fusion-flex-align-items-flex-end fusion-flex-align-content-flex-end fusion-flex-justify-content-flex-end fusion-flex-content-wrap\" style=\"max-width:1216.8px;margin-left: calc(-4% \/ 2 );margin-right: calc(-4% \/ 2 );\"><div class=\"fusion-layout-column fusion_builder_column fusion-builder-column-0 fusion_builder_column_1_1 1_1 fusion-flex-column\" style=\"--awb-bg-size:cover;--awb-width-large:100%;--awb-margin-top-large:0px;--awb-spacing-right-large:1.92%;--awb-margin-bottom-large:30px;--awb-spacing-left-large:1.92%;--awb-width-medium:100%;--awb-order-medium:0;--awb-spacing-right-medium:1.92%;--awb-spacing-left-medium:1.92%;--awb-width-small:100%;--awb-order-small:0;--awb-spacing-right-small:1.92%;--awb-spacing-left-small:1.92%;\"><div class=\"fusion-column-wrapper fusion-column-has-shadow fusion-flex-justify-content-flex-start fusion-content-layout-column\"><div class=\"fusion-separator fusion-full-width-sep\" style=\"align-self: center;margin-left: auto;margin-right: auto;margin-top:189px;margin-bottom:0px;width:100%;\"><\/div><div class=\"fusion-title title fusion-title-1 fusion-sep-none fusion-title-text fusion-title-size-one\"><h1 class=\"fusion-title-heading title-heading-right fusion-responsive-typography-calculated\" style=\"margin:0;--fontSize:80;line-height:1;text-shadow:1px 1px 0px #8d827a;\"><p style=\"text-align: right;\"><span style=\"color: #ffffff;\">FAQ<\/span><\/p><\/h1><\/div><\/div><\/div><\/div><\/div><div class=\"fusion-fullwidth fullwidth-box fusion-builder-row-2 fusion-flex-container has-pattern-background has-mask-background nonhundred-percent-fullwidth non-hundred-percent-height-scrolling\" style=\"--awb-border-radius-top-left:0px;--awb-border-radius-top-right:0px;--awb-border-radius-bottom-right:0px;--awb-border-radius-bottom-left:0px;--awb-flex-wrap:wrap;\" ><div class=\"fusion-builder-row fusion-row fusion-flex-align-items-flex-start fusion-flex-content-wrap\" style=\"max-width:1216.8px;margin-left: calc(-4% \/ 2 );margin-right: calc(-4% \/ 2 );\"><div class=\"fusion-layout-column fusion_builder_column fusion-builder-column-1 awb-sticky awb-sticky-small awb-sticky-medium awb-sticky-large fusion_builder_column_3_4 3_4 fusion-flex-column faq-sticky-col\" style=\"--awb-bg-size:cover;--awb-width-large:75%;--awb-margin-top-large:40px;--awb-spacing-right-large:2.56%;--awb-margin-bottom-large:30px;--awb-spacing-left-large:2.56%;--awb-width-medium:75%;--awb-order-medium:0;--awb-spacing-right-medium:2.56%;--awb-spacing-left-medium:2.56%;--awb-width-small:100%;--awb-order-small:0;--awb-spacing-right-small:1.92%;--awb-spacing-left-small:1.92%;--awb-sticky-offset:250px;\" data-scroll-devices=\"small-visibility,medium-visibility,large-visibility\"><div class=\"fusion-column-wrapper fusion-column-has-shadow fusion-flex-justify-content-flex-start fusion-content-layout-column\"><div class=\"fusion-title title fusion-title-2 fusion-sep-none fusion-title-text fusion-title-size-two\"><h2 class=\"fusion-title-heading title-heading-left fusion-responsive-typography-calculated\" style=\"margin:0;--fontSize:46;line-height:1.25;\">Wissenswertes rund um Ihren Praxisbesuch<\/h2><\/div><div class=\"fusion-separator fusion-full-width-sep\" style=\"align-self: center;margin-left: auto;margin-right: auto;margin-top:10px;margin-bottom:10px;width:100%;\"><\/div><div class=\"fusion-search-element fusion-search-element-1 fusion-search-form-classic\" style=\"--awb-bg-color:var(--awb-color1);--awb-live-results-bg-color:var(--awb-color2);--awb-live-results-link-color:var(--awb-custom13);\">\t\t<form role=\"search\" class=\"searchform fusion-search-form  fusion-live-search fusion-search-form-classic\" method=\"get\" action=\"https:\/\/mvz-kreuzberg.de\/en\/\" data-trp-original-action=\"https:\/\/mvz-kreuzberg.de\/en\/\">\n\t\t\t<div class=\"fusion-search-form-content\">\n\n\t\t\t\t\n\t\t\t\t<div class=\"fusion-search-field search-field\">\n\t\t\t\t\t<label><span class=\"screen-reader-text\">Search for:<\/span>\n\t\t\t\t\t\t\t\t\t\t\t\t\t<input type=\"search\" class=\"s fusion-live-search-input\" name=\"s\" id=\"fusion-live-search-input-0\" autocomplete=\"off\" placeholder=\"Search...\" required aria-required=\"true\" aria-label=\"Search...\"\/>\n\t\t\t\t\t\t\t\t\t\t\t<\/label>\n\t\t\t\t<\/div>\n\t\t\t\t<div class=\"fusion-search-button search-button\">\n\t\t\t\t\t<input type=\"submit\" class=\"fusion-search-submit searchsubmit\" aria-label=\"Search\" value=\"&#xf002;\" \/>\n\t\t\t\t\t\t\t\t\t\t<div class=\"fusion-slider-loading\"><\/div>\n\t\t\t\t\t\t\t\t\t<\/div>\n\n\t\t\t\t<input type=\"hidden\" name=\"post_type[]\" value=\"avada_faq\" \/><input type=\"hidden\" name=\"search_limit_to_post_titles\" value=\"0\" \/><input type=\"hidden\" name=\"add_woo_product_skus\" value=\"0\" \/><input type=\"hidden\" name=\"live_min_character\" value=\"2\" \/><input type=\"hidden\" name=\"live_posts_per_page\" value=\"100\" \/><input type=\"hidden\" name=\"live_search_display_featured_image\" value=\"1\" \/><input type=\"hidden\" name=\"live_search_display_post_type\" value=\"1\" \/><input type=\"hidden\" name=\"live_results_scrollbar\" value=\"custom\" \/><input type=\"hidden\" name=\"fs\" value=\"1\" \/>\n\t\t\t<\/div>\n\n\n\t\t\t\t\t\t\t<div class=\"fusion-search-results-wrapper\"><div class=\"fusion-search-results\"><\/div><\/div>\n\t\t\t\n\t\t<input type=\"hidden\" name=\"trp-form-language\" value=\"en\"\/><\/form>\n\t\t<\/div>\n<div class=\"fusion-separator fusion-full-width-sep\" style=\"align-self: center;margin-left: auto;margin-right: auto;margin-top:10px;margin-bottom:10px;width:100%;\"><\/div><style type=\"text\/css\">.fusion-faqs-wrapper #accordian-1 .fusion-panel { border-color:#e0dede; }.fusion-faqs-wrapper #accordian-1 .fusion-panel:hover{ border-color: #e0dede; }.fusion-accordian #accordian-1 .panel-title a .fa-fusion-box:before{ font-size: 20px;width: 20px;}.fusion-accordian #accordian-1 .panel-title a .fa-fusion-box{ color: var(--awb-custom13);}.fusion-accordian  #accordian-1 .panel-title a{font-size:22px;font-family:\"Source Sans Pro\";font-style:normal;font-weight:400;}.fusion-accordian  #accordian-1 .panel-title a:not(:hover){}.fusion-accordian  #accordian-1 .toggle-content{font-family:\"Source Sans Pro\";font-style:normal;font-weight:400;}.fusion-accordian #accordian-1 .panel-title a:hover,.fusion-accordian #accordian-1 .panel-title a.hover { color: var(--awb-custom13);}.fusion-faq-shortcode .fusion-accordian #accordian-1 .fusion-toggle-boxed-mode:hover .panel-title a { color: var(--awb-custom13);}.fusion-accordian #accordian-1.fusion-toggle-icon-unboxed .panel-title a:hover .fa-fusion-box,.fusion-accordian #accordian-1.fusion-toggle-icon-unboxed .panel-title a.hover .fa-fusion-box { color: var(--awb-custom13); }.fusion-faqs-wrapper .fusion-accordian #accordian-1 .panel-title a.active{ color: var(--awb-custom13) !important;}.fusion-faqs-wrapper .fusion-accordian  #accordian-1.fusion-toggle-icon-unboxed .fusion-panel .panel-title a.active .fa-fusion-box{ color: var(--awb-custom13) !important;}<\/style><div class=\"fusion-faq-shortcode\" style=\"\"><ul role=\"menu\" class=\"fusion-filters clearfix\"><li role=\"presentation\" class=\"fusion-filter fusion-filter-all fusion-active\"><a role=\"menuitem\" data-filter=\"*\" href=\"#\">All<\/a><\/li><li role=\"presentation\" class=\"fusion-filter fusion-hidden\"><a role=\"menuitem\" data-filter=\".allgemeinmedizinische-versorgung\" href=\"#\">Allgemeinmedizinische Versorgung<\/a><\/li><li role=\"presentation\" class=\"fusion-filter fusion-hidden\"><a role=\"menuitem\" data-filter=\".laborleistung\" href=\"#\">Laborleistung<\/a><\/li><li role=\"presentation\" class=\"fusion-filter fusion-hidden\"><a role=\"menuitem\" data-filter=\".digital-direkt\" href=\"#\">digital &amp; direkt<\/a><\/li><li role=\"presentation\" class=\"fusion-filter fusion-hidden\"><a role=\"menuitem\" data-filter=\".akute-hilfe\" href=\"#\">akute Hilfe<\/a><\/li><\/ul><div class=\"fusion-faqs-wrapper\"><div class=\"accordian fusion-accordian\"><div class=\"panel-group  fusion-toggle-icon-unboxed\" id=\"accordian-1\"><div class=\"fusion-panel panel-default fusion-faq-post fusion-faq-post-13409 allgemeinmedizinische-versorgung laborleistung digital-direkt\"><span class=\"entry-title rich-snippet-hidden\">Warum k\u00f6nnen \u00c4rzt:innen nicht \u201eeinfach eine Ausnahme machen\u201c?<\/span><span class=\"vcard rich-snippet-hidden\"><span class=\"fn\"><a href=\"https:\/\/mvz-kreuzberg.de\/en\/author\/sonyoung\" title=\"Posts by sonyoung\" rel=\"author\">sonyoung<\/a><\/span><\/span><span class=\"updated rich-snippet-hidden\">2026-02-09T06:12:19+01:00<\/span><div class=\"panel-heading\"><h4 id=\"faq_1-13409\" class=\"panel-title toggle\"><a data-toggle=\"collapse\" class=\"collapsed\" data-target=\"#collapse-1-13409\" href=\"#collapse-1-13409\" aria-expanded=\"false\"><div class=\"fusion-toggle-icon-wrapper\"><div class=\"fusion-toggle-icon-wrapper-main\"><div class=\"fusion-toggle-icon-wrapper-sub\"><i class=\"fa-fusion-box active-icon fa-minus fas\" aria-hidden=\"true\"><\/i><i class=\"fa-fusion-box inactive-icon fa-plus fas\" aria-hidden=\"true\"><\/i><\/div><\/div><\/div><div class=\"fusion-toggle-heading\">Warum k\u00f6nnen \u00c4rzt:innen nicht \u201eeinfach eine Ausnahme machen\u201c?<\/div><\/a><\/h4><\/div><div id=\"collapse-1-13409\" aria-labelledby=\"faq_1-13409\" class=\"panel-collapse collapse\"><div class=\"panel-body toggle-content post-content\"><p dir=\"ltr\">\u00c4rzt:innen in der gesetzlichen Versorgung sind an feste Regeln gebunden. Medikamente und Behandlungen d\u00fcrfen nur dann auf Kassenrezept verordnet werden, wenn eine klare medizinische Indikation vorliegt.<\/p>\n<p>&nbsp;<\/p>\n<p dir=\"ltr\">Unrichtige oder nicht gerechtfertigte Verordnungen k\u00f6nnen zu finanziellen Nachteilen f\u00fcr die Praxis f\u00fchren.<\/p>\n<p dir=\"ltr\">Deshalb entscheiden wir nicht nach Wunsch, sondern nach medizinischer Notwendigkeit und den geltenden gesetzlichen Vorgaben.<\/p>\n<\/div><\/div><\/div><div class=\"fusion-panel panel-default fusion-faq-post fusion-faq-post-13407 allgemeinmedizinische-versorgung laborleistung\"><span class=\"entry-title rich-snippet-hidden\">Warum sind Vitamin-Infusionen keine Kassenleistung?<\/span><span class=\"vcard rich-snippet-hidden\"><span class=\"fn\"><a href=\"https:\/\/mvz-kreuzberg.de\/en\/author\/sonyoung\" title=\"Posts by sonyoung\" rel=\"author\">sonyoung<\/a><\/span><\/span><span class=\"updated rich-snippet-hidden\">2026-02-09T06:10:19+01:00<\/span><div class=\"panel-heading\"><h4 id=\"faq_1-13407\" class=\"panel-title toggle\"><a data-toggle=\"collapse\" class=\"collapsed\" data-target=\"#collapse-1-13407\" href=\"#collapse-1-13407\" aria-expanded=\"false\"><div class=\"fusion-toggle-icon-wrapper\"><div class=\"fusion-toggle-icon-wrapper-main\"><div class=\"fusion-toggle-icon-wrapper-sub\"><i class=\"fa-fusion-box active-icon fa-minus fas\" aria-hidden=\"true\"><\/i><i class=\"fa-fusion-box inactive-icon fa-plus fas\" aria-hidden=\"true\"><\/i><\/div><\/div><\/div><div class=\"fusion-toggle-heading\">Warum sind Vitamin-Infusionen keine Kassenleistung?<\/div><\/a><\/h4><\/div><div id=\"collapse-1-13407\" aria-labelledby=\"faq_1-13407\" class=\"panel-collapse collapse\"><div class=\"panel-body toggle-content post-content\"><p dir=\"ltr\">Vitamin- oder Aufbauinfusionen gelten medizinisch als nicht notwendig, wenn kein behandlungsbed\u00fcrftiger Mangel vorliegt.<\/p>\n<p>&nbsp;<\/p>\n<p dir=\"ltr\">Da sie keinen nachgewiesenen Zusatznutzen gegen\u00fcber Tabletten haben, werden sie von den gesetzlichen Krankenkassen nicht \u00fcbernommen.<\/p>\n<p dir=\"ltr\">Auf Wunsch k\u00f6nnen solche Infusionen als private Selbstzahlerleistung erfolgen \u2013 dar\u00fcber kl\u00e4ren wir Sie vorab transparent auf.<\/p>\n<\/div><\/div><\/div><div class=\"fusion-panel panel-default fusion-faq-post fusion-faq-post-13405 allgemeinmedizinische-versorgung laborleistung\"><span class=\"entry-title rich-snippet-hidden\">Warum bekomme ich Vitamin-B12-Spritzen nicht \u201evorsorglich\u201c?<\/span><span class=\"vcard rich-snippet-hidden\"><span class=\"fn\"><a href=\"https:\/\/mvz-kreuzberg.de\/en\/author\/sonyoung\" title=\"Posts by sonyoung\" rel=\"author\">sonyoung<\/a><\/span><\/span><span class=\"updated rich-snippet-hidden\">2026-02-09T06:08:43+01:00<\/span><div class=\"panel-heading\"><h4 id=\"faq_1-13405\" class=\"panel-title toggle\"><a data-toggle=\"collapse\" class=\"collapsed\" data-target=\"#collapse-1-13405\" href=\"#collapse-1-13405\" aria-expanded=\"false\"><div class=\"fusion-toggle-icon-wrapper\"><div class=\"fusion-toggle-icon-wrapper-main\"><div class=\"fusion-toggle-icon-wrapper-sub\"><i class=\"fa-fusion-box active-icon fa-minus fas\" aria-hidden=\"true\"><\/i><i class=\"fa-fusion-box inactive-icon fa-plus fas\" aria-hidden=\"true\"><\/i><\/div><\/div><\/div><div class=\"fusion-toggle-heading\">Warum bekomme ich Vitamin-B12-Spritzen nicht \u201evorsorglich\u201c?<\/div><\/a><\/h4><\/div><div id=\"collapse-1-13405\" aria-labelledby=\"faq_1-13405\" class=\"panel-collapse collapse\"><div class=\"panel-body toggle-content post-content\"><p dir=\"ltr\">Vitamin-B12-Injektionen werden von der Krankenkasse \u00fcbernommen, wenn ein gesicherter Mangel vorliegt \u2013 zum Beispiel bei<\/p>\n<p dir=\"ltr\">\u2022Aufnahmest\u00f6rungen im Magen-Darm-Trakt,<\/p>\n<p dir=\"ltr\">\u2022bestimmten Autoimmunerkrankungen oder<\/p>\n<p dir=\"ltr\">\u2022nach Magen-\/Darmoperationen.<\/p>\n<p>&nbsp;<\/p>\n<p dir=\"ltr\">Ohne einen nachgewiesenen Mangel oder eine Resorptionsst\u00f6rung sind Injektionen keine Kassenleistung. In vielen F\u00e4llen reicht eine orale Einnahme aus oder es besteht gar kein Behandlungsbedarf.<\/p>\n<\/div><\/div><\/div><div class=\"fusion-panel panel-default fusion-faq-post fusion-faq-post-13403 allgemeinmedizinische-versorgung laborleistung\"><span class=\"entry-title rich-snippet-hidden\">Warum bekomme ich keine Vitamin-D-Verordnung auf Kassenrezept?<\/span><span class=\"vcard rich-snippet-hidden\"><span class=\"fn\"><a href=\"https:\/\/mvz-kreuzberg.de\/en\/author\/sonyoung\" title=\"Posts by sonyoung\" rel=\"author\">sonyoung<\/a><\/span><\/span><span class=\"updated rich-snippet-hidden\">2026-02-09T06:06:35+01:00<\/span><div class=\"panel-heading\"><h4 id=\"faq_1-13403\" class=\"panel-title toggle\"><a data-toggle=\"collapse\" class=\"collapsed\" data-target=\"#collapse-1-13403\" href=\"#collapse-1-13403\" aria-expanded=\"false\"><div class=\"fusion-toggle-icon-wrapper\"><div class=\"fusion-toggle-icon-wrapper-main\"><div class=\"fusion-toggle-icon-wrapper-sub\"><i class=\"fa-fusion-box active-icon fa-minus fas\" aria-hidden=\"true\"><\/i><i class=\"fa-fusion-box inactive-icon fa-plus fas\" aria-hidden=\"true\"><\/i><\/div><\/div><\/div><div class=\"fusion-toggle-heading\">Warum bekomme ich keine Vitamin-D-Verordnung auf Kassenrezept?<\/div><\/a><\/h4><\/div><div id=\"collapse-1-13403\" aria-labelledby=\"faq_1-13403\" class=\"panel-collapse collapse\"><div class=\"panel-body toggle-content post-content\"><p dir=\"ltr\">Vitamin D ist wichtig f\u00fcr den K\u00f6rper. Trotzdem \u00fcbernehmen gesetzliche Krankenkassen die Kosten nur in bestimmten medizinischen Situationen, zum Beispiel bei einer manifesten Osteoporose.<\/p>\n<p>&nbsp;<\/p>\n<p dir=\"ltr\">Ein isoliert niedriger Vitamin-D-Wert ohne entsprechende Erkrankung gilt nicht als Kassenleistung. In diesen F\u00e4llen wird eine Selbstmedikation empfohlen, \u00fcber die wir Sie gern informieren.<\/p>\n<\/div><\/div><\/div><div class=\"fusion-panel panel-default fusion-faq-post fusion-faq-post-13401 allgemeinmedizinische-versorgung laborleistung\"><span class=\"entry-title rich-snippet-hidden\">Mein Eisenwert ist niedrig \u2013 warum reicht das allein nicht f\u00fcr eine Infusion?<\/span><span class=\"vcard rich-snippet-hidden\"><span class=\"fn\"><a href=\"https:\/\/mvz-kreuzberg.de\/en\/author\/sonyoung\" title=\"Posts by sonyoung\" rel=\"author\">sonyoung<\/a><\/span><\/span><span class=\"updated rich-snippet-hidden\">2026-02-09T06:04:53+01:00<\/span><div class=\"panel-heading\"><h4 id=\"faq_1-13401\" class=\"panel-title toggle\"><a data-toggle=\"collapse\" class=\"collapsed\" data-target=\"#collapse-1-13401\" href=\"#collapse-1-13401\" aria-expanded=\"false\"><div class=\"fusion-toggle-icon-wrapper\"><div class=\"fusion-toggle-icon-wrapper-main\"><div class=\"fusion-toggle-icon-wrapper-sub\"><i class=\"fa-fusion-box active-icon fa-minus fas\" aria-hidden=\"true\"><\/i><i class=\"fa-fusion-box inactive-icon fa-plus fas\" aria-hidden=\"true\"><\/i><\/div><\/div><\/div><div class=\"fusion-toggle-heading\">Mein Eisenwert ist niedrig \u2013 warum reicht das allein nicht f\u00fcr eine Infusion?<\/div><\/a><\/h4><\/div><div id=\"collapse-1-13401\" aria-labelledby=\"faq_1-13401\" class=\"panel-collapse collapse\"><div class=\"panel-body toggle-content post-content\"><p dir=\"ltr\">Ein erniedrigter Eisenwert zeigt zun\u00e4chst nur, dass der Wert unter dem Normbereich liegt. Das bedeutet nicht automatisch, dass eine schwere Erkrankung oder eine Infusion notwendig ist.<\/p>\n<p>&nbsp;<\/p>\n<p dir=\"ltr\">Ob und wie behandelt wird, h\u00e4ngt davon ab,<\/p>\n<p dir=\"ltr\">\u2022wie ausgepr\u00e4gt der Mangel ist,<\/p>\n<p dir=\"ltr\">\u2022ob Beschwerden bestehen und<\/p>\n<p dir=\"ltr\">\u2022ob eine Behandlung mit Tabletten m\u00f6glich ist.<\/p>\n<p>&nbsp;<\/p>\n<p dir=\"ltr\">In vielen F\u00e4llen l\u00e4sst sich ein Eisenmangel gut und sicher oral ausgleichen.<\/p>\n<\/div><\/div><\/div><div class=\"fusion-panel panel-default fusion-faq-post fusion-faq-post-13399 allgemeinmedizinische-versorgung laborleistung\"><span class=\"entry-title rich-snippet-hidden\">Warum bekomme ich Eisen als Tablette und keine Infusion?<\/span><span class=\"vcard rich-snippet-hidden\"><span class=\"fn\"><a href=\"https:\/\/mvz-kreuzberg.de\/en\/author\/sonyoung\" title=\"Posts by sonyoung\" rel=\"author\">sonyoung<\/a><\/span><\/span><span class=\"updated rich-snippet-hidden\">2026-02-09T06:02:47+01:00<\/span><div class=\"panel-heading\"><h4 id=\"faq_1-13399\" class=\"panel-title toggle\"><a data-toggle=\"collapse\" class=\"collapsed\" data-target=\"#collapse-1-13399\" href=\"#collapse-1-13399\" aria-expanded=\"false\"><div class=\"fusion-toggle-icon-wrapper\"><div class=\"fusion-toggle-icon-wrapper-main\"><div class=\"fusion-toggle-icon-wrapper-sub\"><i class=\"fa-fusion-box active-icon fa-minus fas\" aria-hidden=\"true\"><\/i><i class=\"fa-fusion-box inactive-icon fa-plus fas\" aria-hidden=\"true\"><\/i><\/div><\/div><\/div><div class=\"fusion-toggle-heading\">Warum bekomme ich Eisen als Tablette und keine Infusion?<\/div><\/a><\/h4><\/div><div id=\"collapse-1-13399\" aria-labelledby=\"faq_1-13399\" class=\"panel-collapse collapse\"><div class=\"panel-body toggle-content post-content\"><p dir=\"ltr\">Bei einem Eisenmangel ist die orale Behandlung mit Tabletten der empfohlene erste Schritt. Diese Therapie ist wirksam, sicher und wird von den gesetzlichen Krankenkassen \u00fcbernommen.<\/p>\n<p>&nbsp;<\/p>\n<p dir=\"ltr\">Eine Eiseninfusion kommt erst dann infrage, wenn<\/p>\n<p dir=\"ltr\">\u2022Tabletten nicht ausreichend wirken oder<\/p>\n<p dir=\"ltr\">\u2022trotz Pr\u00e4paratewechsel nicht vertragen werden.<\/p>\n<p>&nbsp;<\/p>\n<p dir=\"ltr\">Solange eine orale Behandlung m\u00f6glich und zumutbar ist, gilt eine Infusion nicht als Kassenleistung. Diese Vorgehensweise ist gesetzlich geregelt und dient einer sicheren und sinnvollen Behandlung.<\/p>\n<\/div><\/div><\/div><div class=\"fusion-panel panel-default fusion-faq-post fusion-faq-post-13369 allgemeinmedizinische-versorgung digital-direkt akute-hilfe\"><span class=\"entry-title rich-snippet-hidden\">Warum darf ich keine Videosprechstunde buchen, wenn ich nicht in der N\u00e4he wohne?<\/span><span class=\"vcard rich-snippet-hidden\"><span class=\"fn\"><a href=\"https:\/\/mvz-kreuzberg.de\/en\/author\/sonyoung\" title=\"Posts by sonyoung\" rel=\"author\">sonyoung<\/a><\/span><\/span><span class=\"updated rich-snippet-hidden\">2026-01-27T04:48:26+01:00<\/span><div class=\"panel-heading\"><h4 id=\"faq_1-13369\" class=\"panel-title toggle\"><a data-toggle=\"collapse\" class=\"collapsed\" data-target=\"#collapse-1-13369\" href=\"#collapse-1-13369\" aria-expanded=\"false\"><div class=\"fusion-toggle-icon-wrapper\"><div class=\"fusion-toggle-icon-wrapper-main\"><div class=\"fusion-toggle-icon-wrapper-sub\"><i class=\"fa-fusion-box active-icon fa-minus fas\" aria-hidden=\"true\"><\/i><i class=\"fa-fusion-box inactive-icon fa-plus fas\" aria-hidden=\"true\"><\/i><\/div><\/div><\/div><div class=\"fusion-toggle-heading\">Warum darf ich keine Videosprechstunde buchen, wenn ich nicht in der N\u00e4he wohne?<\/div><\/a><\/h4><\/div><div id=\"collapse-1-13369\" aria-labelledby=\"faq_1-13369\" class=\"panel-collapse collapse\"><div class=\"panel-body toggle-content post-content\"><p dir=\"ltr\">Aus rechtlichen Gr\u00fcnden d\u00fcrfen Videosprechstunden nur durchgef\u00fchrt werden, wenn sich Patient:innen im gleichen Bundesland oder in Wohnortn\u00e4he der Praxis befinden.<\/p>\n<p>&nbsp;<\/p>\n<p dir=\"ltr\">Diese Regelung ist gesetzlich festgelegt und dient der Sicherstellung, dass eine pers\u00f6nliche Untersuchung bei Bedarf kurzfristig m\u00f6glich ist (\u00a7 7 Abs. 4 Musterberufsordnung f\u00fcr \u00c4rzte).<\/p>\n<p dir=\"ltr\">Das bedeutet:<\/p>\n<p dir=\"ltr\">\u2022Patient:innen, die au\u00dferhalb Berlins wohnen oder sich dauerhaft dort aufhalten, k\u00f6nnen nicht per Videosprechstunde behandelt werden.<\/p>\n<p dir=\"ltr\">\u2022Wenn Sie sich vor\u00fcbergehend im Ausland befinden (z. B. im Urlaub), d\u00fcrfen wir die Behandlung ebenfalls nicht durchf\u00fchren.<\/p>\n<p>&nbsp;<\/p>\n<p dir=\"ltr\">Sollte ein Termin dennoch gebucht werden, m\u00fcssen wir diesen gegebenenfalls stornieren.<\/p>\n<p dir=\"ltr\">Bei wiederholten Buchungen aus anderen Bundesl\u00e4ndern wird der Doctolib-Account f\u00fcr unsere Praxis gesperrt, um k\u00fcnftige Buchungen zu vermeiden.<\/p>\n<p>&nbsp;<\/p>\n<p dir=\"ltr\">Diese Vorgaben dienen dem Schutz Ihrer medizinischen Versorgung und sind keine Entscheidung unserer Praxis. Wir bitten um Ihr Verst\u00e4ndnis.<\/p>\n<\/div><\/div><\/div><div class=\"fusion-panel panel-default fusion-faq-post fusion-faq-post-13367 allgemeinmedizinische-versorgung\"><span class=\"entry-title rich-snippet-hidden\">Ich habe einen Ersatzbehandlungsausweis, aber die Praxis kann die Versichertennummer nicht eintragen \u2013 Wo liegt das Problem?<\/span><span class=\"vcard rich-snippet-hidden\"><span class=\"fn\"><a href=\"https:\/\/mvz-kreuzberg.de\/en\/author\/sonyoung\" title=\"Posts by sonyoung\" rel=\"author\">sonyoung<\/a><\/span><\/span><span class=\"updated rich-snippet-hidden\">2026-01-27T04:42:34+01:00<\/span><div class=\"panel-heading\"><h4 id=\"faq_1-13367\" class=\"panel-title toggle\"><a data-toggle=\"collapse\" class=\"collapsed\" data-target=\"#collapse-1-13367\" href=\"#collapse-1-13367\" aria-expanded=\"false\"><div class=\"fusion-toggle-icon-wrapper\"><div class=\"fusion-toggle-icon-wrapper-main\"><div class=\"fusion-toggle-icon-wrapper-sub\"><i class=\"fa-fusion-box active-icon fa-minus fas\" aria-hidden=\"true\"><\/i><i class=\"fa-fusion-box inactive-icon fa-plus fas\" aria-hidden=\"true\"><\/i><\/div><\/div><\/div><div class=\"fusion-toggle-heading\">Ich habe einen Ersatzbehandlungsausweis, aber die Praxis kann die Versichertennummer nicht eintragen \u2013 Wo liegt das Problem?<\/div><\/a><\/h4><\/div><div id=\"collapse-1-13367\" aria-labelledby=\"faq_1-13367\" class=\"panel-collapse collapse\"><div class=\"panel-body toggle-content post-content\"><p dir=\"ltr\">Wenn Sie einen Ersatzbehandlungsausweis vorgelegt haben und die Praxis die Versichertennummer nicht eintragen kann, liegt das h\u00e4ufig daran, dass auf diesem Ausweis der Buchstabe vorne fehlt, der gem\u00e4\u00df Standard-Format zur Krankenversichertennummer geh\u00f6rt. Bei GKV-Versicherten beginnt die Nummer in der Regel mit einem Gro\u00dfbuchstaben gefolgt von Ziffern.<\/p>\n<p>&nbsp;<\/p>\n<p dir=\"ltr\">In solchen F\u00e4llen besteht meist kein vollst\u00e4ndiger Datensatz-Abgleich. Ihre Krankenkasse kann eine vollst\u00e4ndige elektronische Ersatz\u00adbescheinigung (eEB) zur Verf\u00fcgung stellen oder die korrekte Nummer nachtr\u00e4glich mit Buchstabe liefern.<\/p>\n<p>&nbsp;<\/p>\n<p dir=\"ltr\">Bitte gehen Sie wie folgt vor:<\/p>\n<p dir=\"ltr\">\u2022Kontaktieren Sie Ihre Krankenkasse und fragen Sie nach, ob Ihre Versichertennummer vollst\u00e4ndig (mit dem Buchstaben) im System erfasst ist.<\/p>\n<p dir=\"ltr\">\u2022Bitten Sie um Ausstellung einer vollst\u00e4ndigen Ersatzbescheinigung oder um Zusendung Ihrer korrekten Versichertennummer.<\/p>\n<p>\u2022 Sobald Sie die vollst\u00e4ndige Nummer haben, teilen Sie diese der Praxis mit \u2013 so kann die Abrechnung korrekt erfolgen.<\/p>\n<\/div><\/div><\/div><div class=\"fusion-panel panel-default fusion-faq-post fusion-faq-post-13365 allgemeinmedizinische-versorgung digital-direkt\"><span class=\"entry-title rich-snippet-hidden\">Warum sehe ich in meiner ePA Diagnosen wie \u201eVerdacht auf \u2026\u201c und muss ich mir Sorgen machen?<\/span><span class=\"vcard rich-snippet-hidden\"><span class=\"fn\"><a href=\"https:\/\/mvz-kreuzberg.de\/en\/author\/sonyoung\" title=\"Posts by sonyoung\" rel=\"author\">sonyoung<\/a><\/span><\/span><span class=\"updated rich-snippet-hidden\">2026-01-27T04:36:36+01:00<\/span><div class=\"panel-heading\"><h4 id=\"faq_1-13365\" class=\"panel-title toggle\"><a data-toggle=\"collapse\" class=\"collapsed\" data-target=\"#collapse-1-13365\" href=\"#collapse-1-13365\" aria-expanded=\"false\"><div class=\"fusion-toggle-icon-wrapper\"><div class=\"fusion-toggle-icon-wrapper-main\"><div class=\"fusion-toggle-icon-wrapper-sub\"><i class=\"fa-fusion-box active-icon fa-minus fas\" aria-hidden=\"true\"><\/i><i class=\"fa-fusion-box inactive-icon fa-plus fas\" aria-hidden=\"true\"><\/i><\/div><\/div><\/div><div class=\"fusion-toggle-heading\">Warum sehe ich in meiner ePA Diagnosen wie \u201eVerdacht auf \u2026\u201c und muss ich mir Sorgen machen?<\/div><\/a><\/h4><\/div><div id=\"collapse-1-13365\" aria-labelledby=\"faq_1-13365\" class=\"panel-collapse collapse\"><div class=\"panel-body toggle-content post-content\"><p dir=\"ltr\">Viele Patient:innen sind verunsichert, wenn sie in ihrer elektronischen Patientenakte (ePA) oder in Arztunterlagen Diagnosen wie \u201eVerdacht auf \u2026\u201c oder \u201eAusschluss von \u2026\u201c sehen.<\/p>\n<p dir=\"ltr\">Wichtig zu wissen:<\/p>\n<p dir=\"ltr\">-&gt;Diese Eintr\u00e4ge bedeuten nicht automatisch, dass Sie die Erkrankung haben.<\/p>\n<p>&nbsp;<\/p>\n<p dir=\"ltr\">In der haus\u00e4rztlichen Versorgung m\u00fcssen wir f\u00fcr bestimmte Untersuchungen \u2013 z. B. Blutwerte oder EKG \u2013 eine medizinische Begr\u00fcndung angeben. Daf\u00fcr werden sogenannte Arbeits- oder Verdachtsdiagnosen eingetragen, damit Laboruntersuchungen oder Abkl\u00e4rungen medizinisch korrekt dokumentiert sind.<\/p>\n<p>&nbsp;<\/p>\n<p dir=\"ltr\">Wenn die Ergebnisse unauff\u00e4llig sind, ist dieser Verdacht damit erledigt. Solche Codierungen sind ein normaler Bestandteil \u00e4rztlicher Arbeit und dienen vor allem der transparente Abrechnung und korrekten medizinischen Dokumentation \u2013 nicht der Festlegung einer endg\u00fcltigen Diagnose.<\/p>\n<p>&nbsp;<\/p>\n<p dir=\"ltr\">Wenn Sie Fragen zu einzelnen Eintr\u00e4gen haben, k\u00f6nnen wir dies bei einem Termin gern gemeinsam kl\u00e4ren.<\/p>\n<\/div><\/div><\/div><div class=\"fusion-panel panel-default fusion-faq-post fusion-faq-post-13363 laborleistung\"><span class=\"entry-title rich-snippet-hidden\">Woher bekomme ich das Stuhlr\u00f6hrchen f\u00fcr die Probe \u2013 und wie funktioniert die Abgabe?<\/span><span class=\"vcard rich-snippet-hidden\"><span class=\"fn\"><a href=\"https:\/\/mvz-kreuzberg.de\/en\/author\/sonyoung\" title=\"Posts by sonyoung\" rel=\"author\">sonyoung<\/a><\/span><\/span><span class=\"updated rich-snippet-hidden\">2026-01-27T04:27:41+01:00<\/span><div class=\"panel-heading\"><h4 id=\"faq_1-13363\" class=\"panel-title toggle\"><a data-toggle=\"collapse\" class=\"collapsed\" data-target=\"#collapse-1-13363\" href=\"#collapse-1-13363\" aria-expanded=\"false\"><div class=\"fusion-toggle-icon-wrapper\"><div class=\"fusion-toggle-icon-wrapper-main\"><div class=\"fusion-toggle-icon-wrapper-sub\"><i class=\"fa-fusion-box active-icon fa-minus fas\" aria-hidden=\"true\"><\/i><i class=\"fa-fusion-box inactive-icon fa-plus fas\" aria-hidden=\"true\"><\/i><\/div><\/div><\/div><div class=\"fusion-toggle-heading\">Woher bekomme ich das Stuhlr\u00f6hrchen f\u00fcr die Probe \u2013 und wie funktioniert die Abgabe?<\/div><\/a><\/h4><\/div><div id=\"collapse-1-13363\" aria-labelledby=\"faq_1-13363\" class=\"panel-collapse collapse\"><div class=\"panel-body toggle-content post-content\"><p dir=\"ltr\">Das Stuhlr\u00f6hrchen (Probengef\u00e4\u00df) erhalten Sie direkt in unserer Praxis. Sie m\u00fcssen es nicht selbst in der Apotheke besorgen.<\/p>\n<p dir=\"ltr\">In der Regel geben wir das R\u00f6hrchen aus, wenn eine \u00c4rztin oder ein Arzt die Untersuchung angeordnet hat.<\/p>\n<p>&nbsp;<\/p>\n<p dir=\"ltr\">So gehen Sie vor:<\/p>\n<p dir=\"ltr\">1.R\u00f6hrchen in der Praxis abholen (ggf. zusammen mit einem kurzen Hinweiszettel).<\/p>\n<p dir=\"ltr\">2.Die Stuhlprobe zu Hause entnehmen \u2013 bitte nicht aus der Toilette, sondern z. B. mit einem sauberen Hilfsmittel (Papier, Auffanghilfe).<\/p>\n<p dir=\"ltr\">3.Mit dem im R\u00f6hrchen integrierten L\u00f6ffel eine kleine Menge Stuhl aufnehmen (meist reicht eine erbsengro\u00dfe Menge).<\/p>\n<p dir=\"ltr\">4.R\u00f6hrchen fest verschlie\u00dfen und beschriften (Name, Geburtsdatum, Datum).<\/p>\n<p dir=\"ltr\">5.Die Probe zeitnah in der Praxis abgeben \u2013 idealerweise am selben oder n\u00e4chsten Tag.<\/p>\n<p>&nbsp;<\/p>\n<p dir=\"ltr\">Bitte beachten Sie:<\/p>\n<p dir=\"ltr\">\u2022Eine Abgabe ist ohne Termin m\u00f6glich, sofern die Untersuchung \u00e4rztlich angeordnet wurde.<\/p>\n<p dir=\"ltr\">\u2022Lagern Sie die Probe bis zur Abgabe k\u00fchl, aber nicht einfrieren.<\/p>\n<p>&nbsp;<\/p>\n<p dir=\"ltr\">Bei Unsicherheiten k\u00f6nnen Sie uns jederzeit \u00fcber Doctolib eine Nachricht schreiben.<\/p>\n<\/div><\/div><\/div><div class=\"fusion-panel panel-default fusion-faq-post fusion-faq-post-13361 allgemeinmedizinische-versorgung akute-hilfe\"><span class=\"entry-title rich-snippet-hidden\">Was mache ich wenn ich nur Termine in meiner Arbeitszeit finde?<\/span><span class=\"vcard rich-snippet-hidden\"><span class=\"fn\"><a href=\"https:\/\/mvz-kreuzberg.de\/en\/author\/sonyoung\" title=\"Posts by sonyoung\" rel=\"author\">sonyoung<\/a><\/span><\/span><span class=\"updated rich-snippet-hidden\">2026-01-27T04:23:23+01:00<\/span><div class=\"panel-heading\"><h4 id=\"faq_1-13361\" class=\"panel-title toggle\"><a data-toggle=\"collapse\" class=\"collapsed\" data-target=\"#collapse-1-13361\" href=\"#collapse-1-13361\" aria-expanded=\"false\"><div class=\"fusion-toggle-icon-wrapper\"><div class=\"fusion-toggle-icon-wrapper-main\"><div class=\"fusion-toggle-icon-wrapper-sub\"><i class=\"fa-fusion-box active-icon fa-minus fas\" aria-hidden=\"true\"><\/i><i class=\"fa-fusion-box inactive-icon fa-plus fas\" aria-hidden=\"true\"><\/i><\/div><\/div><\/div><div class=\"fusion-toggle-heading\">Was mache ich wenn ich nur Termine in meiner Arbeitszeit finde?<\/div><\/a><\/h4><\/div><div id=\"collapse-1-13361\" aria-labelledby=\"faq_1-13361\" class=\"panel-collapse collapse\"><div class=\"panel-body toggle-content post-content\"><p dir=\"ltr\">Grunds\u00e4tzlich sollten Arzttermine \u2013 wenn m\u00f6glich \u2013 au\u00dferhalb der Arbeitszeit liegen. Im Alltag ist das jedoch nicht immer realistisch. Viele medizinisch notwendige Termine finden nur zu bestimmten Zeiten statt oder lassen sich kurzfristig nicht anders organisieren.<\/p>\n<p>&nbsp;<\/p>\n<p dir=\"ltr\">In solchen F\u00e4llen ist es sinnvoll, offen mit dem Arbeitgeber zu sprechen. In der Praxis lassen sich oft gemeinsame L\u00f6sungen finden \u2013 zum Beispiel durch flexible Arbeitszeiten, Nachholen der Stunden oder eine kurze Freistellung f\u00fcr den Termin.<\/p>\n<p>&nbsp;<\/p>\n<p dir=\"ltr\">Ein Arzttermin w\u00e4hrend der Arbeitszeit kann insbesondere dann notwendig sein, wenn:<\/p>\n<p dir=\"ltr\">\u2022akute Beschwerden vorliegen<\/p>\n<p dir=\"ltr\">\u2022Untersuchungen nur zu festen Zeiten m\u00f6glich sind (z. B. morgens n\u00fcchtern)<\/p>\n<p dir=\"ltr\">\u2022trotz Bem\u00fchungen kein Termin au\u00dferhalb der Arbeitszeit verf\u00fcgbar ist<\/p>\n<p>&nbsp;<\/p>\n<p dir=\"ltr\">Es gibt keinen pauschalen Anspruch auf Freistellung, aber viele Arbeitgeber zeigen Verst\u00e4ndnis, wenn der medizinische Anlass erkl\u00e4rt wird. Sprechen Sie Ihren Arbeitgeber daher fr\u00fchzeitig an \u2013 das ist meist der einfachste und beste Weg.<\/p>\n<\/div><\/div><\/div><div class=\"fusion-panel panel-default fusion-faq-post fusion-faq-post-13148 allgemeinmedizinische-versorgung\"><span class=\"entry-title rich-snippet-hidden\">Meine Unterlagen (z. B. Arztbriefe, Impfbescheinigungen) sind nicht auf Deutsch \u2013 was soll ich tun?<\/span><span class=\"vcard rich-snippet-hidden\"><span class=\"fn\"><a href=\"https:\/\/mvz-kreuzberg.de\/en\/author\/sonyoung\" title=\"Posts by sonyoung\" rel=\"author\">sonyoung<\/a><\/span><\/span><span class=\"updated rich-snippet-hidden\">2025-11-01T14:29:45+01:00<\/span><div class=\"panel-heading\"><h4 id=\"faq_1-13148\" class=\"panel-title toggle\"><a data-toggle=\"collapse\" class=\"collapsed\" data-target=\"#collapse-1-13148\" href=\"#collapse-1-13148\" aria-expanded=\"false\"><div class=\"fusion-toggle-icon-wrapper\"><div class=\"fusion-toggle-icon-wrapper-main\"><div class=\"fusion-toggle-icon-wrapper-sub\"><i class=\"fa-fusion-box active-icon fa-minus fas\" aria-hidden=\"true\"><\/i><i class=\"fa-fusion-box inactive-icon fa-plus fas\" aria-hidden=\"true\"><\/i><\/div><\/div><\/div><div class=\"fusion-toggle-heading\">Meine Unterlagen (z. B. Arztbriefe, Impfbescheinigungen) sind nicht auf Deutsch \u2013 was soll ich tun?<\/div><\/a><\/h4><\/div><div id=\"collapse-1-13148\" aria-labelledby=\"faq_1-13148\" class=\"panel-collapse collapse\"><div class=\"panel-body toggle-content post-content\"><p dir=\"ltr\">F\u00fcr Ihre Behandlung ben\u00f6tigen wir medizinische Unterlagen in einer Sprache, die wir sicher verstehen. Das gilt besonders f\u00fcr:<\/p>\n<p dir=\"ltr\">\u2022Impfbescheinigungen (z. B. Masernschutz, Tetanus, COVID)<\/p>\n<p dir=\"ltr\">\u2022Arztbriefe und Befunde, die eine laufende Medikation, eine chronische Erkrankung oder wichtige Vorerkrankungen betreffen<\/p>\n<p dir=\"ltr\">\u2022Krankenhausberichte und Entlassungsbriefe<\/p>\n<p>&nbsp;<\/p>\n<p dir=\"ltr\">Bitte lassen Sie diese Dokumente in Deutsch oder Englisch \u00fcbersetzen. Am besten wenden Sie sich daf\u00fcr an eine:n beeidigten \u00dcbersetzer:in mit medizinischem Fachgebiet.<\/p>\n<p>&nbsp;<\/p>\n<p dir=\"ltr\">\u00dcbersetzer:innen in Berlin finden Sie z. B. \u00fcber das Landgericht Berlin oder die bundesweite Datenbank <a href=\"http:\/\/justiz-dolmetscher.de\/\" target=\"_blank\" rel=\"noopener\">justiz-dolmetscher.de<\/a>.<\/p>\n<p>&nbsp;<\/p>\n<p dir=\"ltr\">So stellen wir sicher, dass wir Ihre Krankengeschichte vollst\u00e4ndig und korrekt nachvollziehen k\u00f6nnen.<\/p>\n<\/div><\/div><\/div><div class=\"fusion-panel panel-default fusion-faq-post fusion-faq-post-13146 allgemeinmedizinische-versorgung akute-hilfe\"><span class=\"entry-title rich-snippet-hidden\">Behandeln Sie auch Jugendliche unter 18 Jahren?<\/span><span class=\"vcard rich-snippet-hidden\"><span class=\"fn\"><a href=\"https:\/\/mvz-kreuzberg.de\/en\/author\/sonyoung\" title=\"Posts by sonyoung\" rel=\"author\">sonyoung<\/a><\/span><\/span><span class=\"updated rich-snippet-hidden\">2025-11-01T14:25:35+01:00<\/span><div class=\"panel-heading\"><h4 id=\"faq_1-13146\" class=\"panel-title toggle\"><a data-toggle=\"collapse\" class=\"collapsed\" data-target=\"#collapse-1-13146\" href=\"#collapse-1-13146\" aria-expanded=\"false\"><div class=\"fusion-toggle-icon-wrapper\"><div class=\"fusion-toggle-icon-wrapper-main\"><div class=\"fusion-toggle-icon-wrapper-sub\"><i class=\"fa-fusion-box active-icon fa-minus fas\" aria-hidden=\"true\"><\/i><i class=\"fa-fusion-box inactive-icon fa-plus fas\" aria-hidden=\"true\"><\/i><\/div><\/div><\/div><div class=\"fusion-toggle-heading\">Behandeln Sie auch Jugendliche unter 18 Jahren?<\/div><\/a><\/h4><\/div><div id=\"collapse-1-13146\" aria-labelledby=\"faq_1-13146\" class=\"panel-collapse collapse\"><div class=\"panel-body toggle-content post-content\"><p dir=\"ltr\">Unsere Praxis ist auf die allgemein\u00e4rztliche Versorgung von Erwachsenen spezialisiert.<\/p>\n<p dir=\"ltr\">Jugendliche unter 18 Jahren sollten grunds\u00e4tzlich von einer Kinder- oder Jugend\u00e4rztin betreut werden, da dort spezielle Untersuchungen, Impfungen und altersgerechte Diagnostik erfolgen.<\/p>\n<p>&nbsp;<\/p>\n<p dir=\"ltr\">In dringenden Akutsituationen, z. B. wenn der Kinderarzt nicht erreichbar ist, k\u00f6nnen wir Jugendliche ab 16 Jahren im Rahmen der offenen Sprechstunde behandeln \u2013 etwa bei Infekten oder kleineren Beschwerden.<\/p>\n<p dir=\"ltr\">Bitte beachten Sie:<\/p>\n<p dir=\"ltr\">\u2022Eine umfangreiche Diagnostik (z. B. Blutentnahmen, \u00dcberweisungen, Kontrolltermine) k\u00f6nnen wir in diesen F\u00e4llen nicht anbieten.<\/p>\n<p dir=\"ltr\">\u2022Die Behandlung dient ausschlie\u00dflich der kurzfristigen medizinischen Hilfe.<\/p>\n<p>&nbsp;<\/p>\n<p dir=\"ltr\">Wir bitten um Verst\u00e4ndnis \u2013 diese Regelung dient der sicheren und altersgerechten medizinischen Versorgung.<\/p>\n<\/div><\/div><\/div><div class=\"fusion-panel panel-default fusion-faq-post fusion-faq-post-13142 allgemeinmedizinische-versorgung laborleistung\"><span class=\"entry-title rich-snippet-hidden\">Warum brauche ich vor bestimmten Impfungen eine Impfberatung?<\/span><span class=\"vcard rich-snippet-hidden\"><span class=\"fn\"><a href=\"https:\/\/mvz-kreuzberg.de\/en\/author\/sonyoung\" title=\"Posts by sonyoung\" rel=\"author\">sonyoung<\/a><\/span><\/span><span class=\"updated rich-snippet-hidden\">2025-10-22T18:53:28+01:00<\/span><div class=\"panel-heading\"><h4 id=\"faq_1-13142\" class=\"panel-title toggle\"><a data-toggle=\"collapse\" class=\"collapsed\" data-target=\"#collapse-1-13142\" href=\"#collapse-1-13142\" aria-expanded=\"false\"><div class=\"fusion-toggle-icon-wrapper\"><div class=\"fusion-toggle-icon-wrapper-main\"><div class=\"fusion-toggle-icon-wrapper-sub\"><i class=\"fa-fusion-box active-icon fa-minus fas\" aria-hidden=\"true\"><\/i><i class=\"fa-fusion-box inactive-icon fa-plus fas\" aria-hidden=\"true\"><\/i><\/div><\/div><\/div><div class=\"fusion-toggle-heading\">Warum brauche ich vor bestimmten Impfungen eine Impfberatung?<\/div><\/a><\/h4><\/div><div id=\"collapse-1-13142\" aria-labelledby=\"faq_1-13142\" class=\"panel-collapse collapse\"><div class=\"panel-body toggle-content post-content\"><p dir=\"ltr\">Vor vielen Schutzimpfungen ist eine \u00e4rztliche Impfberatung erforderlich. In diesem Termin pr\u00fcfen wir, welche Impfungen f\u00fcr Sie aktuell empfohlen oder n\u00f6tig sind, ob Abst\u00e4nde zu fr\u00fcheren Impfungen eingehalten wurden und ob es m\u00f6gliche Gegenanzeigen gibt.<\/p>\n<p>&nbsp;<\/p>\n<p dir=\"ltr\">So stellen wir sicher, dass Impfstoff, Zeitpunkt und Dosierung individuell zu Ihnen passen und der Impfschutz optimal wirkt.<\/p>\n<p dir=\"ltr\">Bitte buchen Sie in Doctolib zun\u00e4chst den Termin \u201eImpfberatung\u201c und bringen Sie Ihren Impfpass mit. Den Impftermin selbst vereinbaren Sie anschlie\u00dfend \u2013 oft zeitnah m\u00f6glich.<\/p>\n<p>&nbsp;<\/p>\n<p dir=\"ltr\">F\u00fcr spezielle Reiseimpfungen (z. B. Gelbfieber, Typhus, Tollwut oder Japanische Enzephalitis) empfehlen wir eine Beratung im Tropeninstitut oder bei einer entsprechend zertifizierten reisemedizinischen Praxis.<\/p>\n<\/div><\/div><\/div><div class=\"fusion-panel panel-default fusion-faq-post fusion-faq-post-13140 allgemeinmedizinische-versorgung laborleistung\"><span class=\"entry-title rich-snippet-hidden\">Ich m\u00f6chte bestimmte Blutwerte kontrollieren lassen, geht das?<\/span><span class=\"vcard rich-snippet-hidden\"><span class=\"fn\"><a href=\"https:\/\/mvz-kreuzberg.de\/en\/author\/sonyoung\" title=\"Posts by sonyoung\" rel=\"author\">sonyoung<\/a><\/span><\/span><span class=\"updated rich-snippet-hidden\">2025-10-22T18:48:27+01:00<\/span><div class=\"panel-heading\"><h4 id=\"faq_1-13140\" class=\"panel-title toggle\"><a data-toggle=\"collapse\" class=\"collapsed\" data-target=\"#collapse-1-13140\" href=\"#collapse-1-13140\" aria-expanded=\"false\"><div class=\"fusion-toggle-icon-wrapper\"><div class=\"fusion-toggle-icon-wrapper-main\"><div class=\"fusion-toggle-icon-wrapper-sub\"><i class=\"fa-fusion-box active-icon fa-minus fas\" aria-hidden=\"true\"><\/i><i class=\"fa-fusion-box inactive-icon fa-plus fas\" aria-hidden=\"true\"><\/i><\/div><\/div><\/div><div class=\"fusion-toggle-heading\">Ich m\u00f6chte bestimmte Blutwerte kontrollieren lassen, geht das?<\/div><\/a><\/h4><\/div><div id=\"collapse-1-13140\" aria-labelledby=\"faq_1-13140\" class=\"panel-collapse collapse\"><div class=\"panel-body toggle-content post-content\"><p dir=\"ltr\">Ja, Sie k\u00f6nnen in unserer Praxis auch private Blutuntersuchungen durchf\u00fchren lassen, wenn Sie bestimmte Werte aus pers\u00f6nlichem Interesse kontrollieren m\u00f6chten \u2013 zum Beispiel Vitamine, Mineralstoffe oder Hormone.<\/p>\n<p>&nbsp;<\/p>\n<p dir=\"ltr\">F\u00fcr die Durchf\u00fchrung berechnen wir die Kosten der Blutentnahme und Praxisleistung.<\/p>\n<p dir=\"ltr\">Die eigentliche Laboranalyse erfolgt durch unser Partnerlabor, das Ihnen die Rechnung direkt zusendet. Die Preise richten sich nach der Geb\u00fchrenordnung f\u00fcr \u00c4rzte (GO\u00c4) und k\u00f6nnen je nach Untersuchung variieren.<\/p>\n<p>&nbsp;<\/p>\n<p dir=\"ltr\">Auf Wunsch senden wir Ihnen vorab die aktuelle Preisliste des Labors zur Orientierung zu.<\/p>\n<p dir=\"ltr\">Bitte beachten Sie: Diese Leistungen sind keine Kassenleistungen und werden daher nicht von der gesetzlichen Krankenversicherung \u00fcbernommen.<\/p>\n<\/div><\/div><\/div><div class=\"fusion-panel panel-default fusion-faq-post fusion-faq-post-13138 allgemeinmedizinische-versorgung\"><span class=\"entry-title rich-snippet-hidden\">Bieten Sie Hausbesuche an oder k\u00f6nnen Sie meine Angeh\u00f6rigen zu Hause behandeln?<\/span><span class=\"vcard rich-snippet-hidden\"><span class=\"fn\"><a href=\"https:\/\/mvz-kreuzberg.de\/en\/author\/sonyoung\" title=\"Posts by sonyoung\" rel=\"author\">sonyoung<\/a><\/span><\/span><span class=\"updated rich-snippet-hidden\">2025-10-22T18:43:04+01:00<\/span><div class=\"panel-heading\"><h4 id=\"faq_1-13138\" class=\"panel-title toggle\"><a data-toggle=\"collapse\" class=\"collapsed\" data-target=\"#collapse-1-13138\" href=\"#collapse-1-13138\" aria-expanded=\"false\"><div class=\"fusion-toggle-icon-wrapper\"><div class=\"fusion-toggle-icon-wrapper-main\"><div class=\"fusion-toggle-icon-wrapper-sub\"><i class=\"fa-fusion-box active-icon fa-minus fas\" aria-hidden=\"true\"><\/i><i class=\"fa-fusion-box inactive-icon fa-plus fas\" aria-hidden=\"true\"><\/i><\/div><\/div><\/div><div class=\"fusion-toggle-heading\">Bieten Sie Hausbesuche an oder k\u00f6nnen Sie meine Angeh\u00f6rigen zu Hause behandeln?<\/div><\/a><\/h4><\/div><div id=\"collapse-1-13138\" aria-labelledby=\"faq_1-13138\" class=\"panel-collapse collapse\"><div class=\"panel-body toggle-content post-content\"><p dir=\"ltr\">Unsere Praxis bietet keine regelm\u00e4\u00dfigen Hausbesuche an. Leider fehlen uns daf\u00fcr die personellen Kapazit\u00e4ten, da unsere \u00c4rztinnen durchgehend in der Praxis t\u00e4tig sind.<\/p>\n<p dir=\"ltr\">Wenn jemand vor\u00fcbergehend nicht mobil ist \u2013 z. B. wegen Krankheit oder nach einer Operation \u2013 k\u00f6nnen wir in vielen F\u00e4llen eine Videosprechstunde anbieten. So k\u00f6nnen wir kurzfristig beraten oder notwendige Schritte einleiten.<\/p>\n<p dir=\"ltr\">F\u00fcr Personen, die dauerhaft nicht pers\u00f6nlich in die Praxis kommen k\u00f6nnen, ist eine kontinuierliche haus\u00e4rztliche Betreuung bei uns leider nicht m\u00f6glich.<br \/>\nIn diesen F\u00e4llen empfehlen wir, sich an<\/p>\n<p dir=\"ltr\">den Pflegedienst,<\/p>\n<p dir=\"ltr\">das n\u00e4chstgelegene Krankenhaus, oder<\/p>\n<p dir=\"ltr\">die Krankenkasse zu wenden, um eine geeignete Haus\u00e4rztin oder einen Hausarzt mit Hausbesuchsdienst zu finden.<\/p>\n<p dir=\"ltr\">Wir bitten um Verst\u00e4ndnis \u2013 so stellen wir sicher, dass alle Patient:innen zuverl\u00e4ssig und angemessen versorgt werden.<\/p>\n<\/div><\/div><\/div><div class=\"fusion-panel panel-default fusion-faq-post fusion-faq-post-13136 allgemeinmedizinische-versorgung digital-direkt\"><span class=\"entry-title rich-snippet-hidden\">Warum muss meine Versicherungskarte einmal alle drei Monate eingelesen werden?<\/span><span class=\"vcard rich-snippet-hidden\"><span class=\"fn\"><a href=\"https:\/\/mvz-kreuzberg.de\/en\/author\/sonyoung\" title=\"Posts by sonyoung\" rel=\"author\">sonyoung<\/a><\/span><\/span><span class=\"updated rich-snippet-hidden\">2025-10-22T18:38:43+01:00<\/span><div class=\"panel-heading\"><h4 id=\"faq_1-13136\" class=\"panel-title toggle\"><a data-toggle=\"collapse\" class=\"collapsed\" data-target=\"#collapse-1-13136\" href=\"#collapse-1-13136\" aria-expanded=\"false\"><div class=\"fusion-toggle-icon-wrapper\"><div class=\"fusion-toggle-icon-wrapper-main\"><div class=\"fusion-toggle-icon-wrapper-sub\"><i class=\"fa-fusion-box active-icon fa-minus fas\" aria-hidden=\"true\"><\/i><i class=\"fa-fusion-box inactive-icon fa-plus fas\" aria-hidden=\"true\"><\/i><\/div><\/div><\/div><div class=\"fusion-toggle-heading\">Warum muss meine Versicherungskarte einmal alle drei Monate eingelesen werden?<\/div><\/a><\/h4><\/div><div id=\"collapse-1-13136\" aria-labelledby=\"faq_1-13136\" class=\"panel-collapse collapse\"><div class=\"panel-body toggle-content post-content\"><p dir=\"ltr\">Gesetzlich Versicherte m\u00fcssen ihre elektronische Gesundheitskarte (eGK) einmal pro Quartal in der Praxis vorlegen. Das Einlesen ist gesetzlich vorgeschrieben und notwendig, damit Ihre Versicherungsdaten aktuell bleiben und Ihre Behandlung \u00fcber die Krankenkasse abgerechnet werden kann.<\/p>\n<p dir=\"ltr\">Ohne das Einlesen der Karte d\u00fcrfen wir Leistungen nicht \u00fcber die Krankenkasse abrechnen. Sollten Sie Ihre Karte beim Termin nicht dabeihaben, reichen Sie sie bitte innerhalb von f\u00fcnf Tagen nach oder \u00fcbermitteln Sie Ihre Versicherungsdaten digital \u00fcber Ihre Krankenkassen-App.<\/p>\n<\/div><\/div><\/div><div class=\"fusion-panel panel-default fusion-faq-post fusion-faq-post-13082 allgemeinmedizinische-versorgung akute-hilfe\"><span class=\"entry-title rich-snippet-hidden\">Warum kann ich nach einem Arbeitsunfall nicht in die Hausarztpraxis kommen, sondern muss zum D-Arzt?<\/span><span class=\"vcard rich-snippet-hidden\"><span class=\"fn\"><a href=\"https:\/\/mvz-kreuzberg.de\/en\/author\/sonyoung\" title=\"Posts by sonyoung\" rel=\"author\">sonyoung<\/a><\/span><\/span><span class=\"updated rich-snippet-hidden\">2025-09-30T23:30:45+01:00<\/span><div class=\"panel-heading\"><h4 id=\"faq_1-13082\" class=\"panel-title toggle\"><a data-toggle=\"collapse\" class=\"collapsed\" data-target=\"#collapse-1-13082\" href=\"#collapse-1-13082\" aria-expanded=\"false\"><div class=\"fusion-toggle-icon-wrapper\"><div class=\"fusion-toggle-icon-wrapper-main\"><div class=\"fusion-toggle-icon-wrapper-sub\"><i class=\"fa-fusion-box active-icon fa-minus fas\" aria-hidden=\"true\"><\/i><i class=\"fa-fusion-box inactive-icon fa-plus fas\" aria-hidden=\"true\"><\/i><\/div><\/div><\/div><div class=\"fusion-toggle-heading\">Warum kann ich nach einem Arbeitsunfall nicht in die Hausarztpraxis kommen, sondern muss zum D-Arzt?<\/div><\/a><\/h4><\/div><div id=\"collapse-1-13082\" aria-labelledby=\"faq_1-13082\" class=\"panel-collapse collapse\"><div class=\"panel-body toggle-content post-content\"><p dir=\"ltr\">Nach einem Arbeitsunfall sind Haus\u00e4rzt:innen nicht die richtige Anlaufstelle. Zust\u00e4ndig ist der sogenannte Durchgangsarzt (D-Arzt) \u2013 eine Fach\u00e4rztin oder ein Facharzt f\u00fcr Chirurgie oder Orthop\u00e4die mit spezieller Zulassung der Unfallversicherungstr\u00e4ger.<\/p>\n<p>&nbsp;<\/p>\n<p dir=\"ltr\">Der D-Arzt dokumentiert den Unfall offiziell, stellt die Diagnose, entscheidet \u00fcber die Behandlung und meldet den Fall an die Berufsgenossenschaft (BG). Nur so ist die Abrechnung \u00fcber die Unfallversicherung m\u00f6glich.<\/p>\n<p>&nbsp;<\/p>\n<p dir=\"ltr\">Bitte wenden Sie sich deshalb im Fall eines Arbeitsunfalls direkt an einen D-Arzt in Ihrer N\u00e4he.<\/p>\n<\/div><\/div><\/div><div class=\"fusion-panel panel-default fusion-faq-post fusion-faq-post-12942 allgemeinmedizinische-versorgung digital-direkt\"><span class=\"entry-title rich-snippet-hidden\">Ich finde meine Krankenkassenkarte nicht \u2013 was kann ich tun?<\/span><span class=\"vcard rich-snippet-hidden\"><span class=\"fn\"><a href=\"https:\/\/mvz-kreuzberg.de\/en\/author\/sonyoung\" title=\"Posts by sonyoung\" rel=\"author\">sonyoung<\/a><\/span><\/span><span class=\"updated rich-snippet-hidden\">2025-09-10T11:17:57+01:00<\/span><div class=\"panel-heading\"><h4 id=\"faq_1-12942\" class=\"panel-title toggle\"><a data-toggle=\"collapse\" class=\"collapsed\" data-target=\"#collapse-1-12942\" href=\"#collapse-1-12942\" aria-expanded=\"false\"><div class=\"fusion-toggle-icon-wrapper\"><div class=\"fusion-toggle-icon-wrapper-main\"><div class=\"fusion-toggle-icon-wrapper-sub\"><i class=\"fa-fusion-box active-icon fa-minus fas\" aria-hidden=\"true\"><\/i><i class=\"fa-fusion-box inactive-icon fa-plus fas\" aria-hidden=\"true\"><\/i><\/div><\/div><\/div><div class=\"fusion-toggle-heading\">Ich finde meine Krankenkassenkarte nicht \u2013 was kann ich tun?<\/div><\/a><\/h4><\/div><div id=\"collapse-1-12942\" aria-labelledby=\"faq_1-12942\" class=\"panel-collapse collapse\"><div class=\"panel-body toggle-content post-content\"><p data-start=\"470\" data-end=\"670\">Falls Sie Ihre <strong data-start=\"500\" data-end=\"526\">Gesundheitskarte (eGK)<\/strong> einmal nicht dabei haben \u2013 oder bei einer Videosprechstunde \u2013 k\u00f6nnen Sie Ihre <strong data-start=\"613\" data-end=\"648\">Versicherungsdaten auch digital<\/strong> an uns \u00fcbermitteln.<\/p>\n<p data-start=\"672\" data-end=\"693\">So funktioniert es:<\/p>\n<ol data-start=\"694\" data-end=\"1083\">\n<li data-start=\"694\" data-end=\"792\">\n<p data-start=\"697\" data-end=\"792\">\u00d6ffnen Sie unsere Webseite mit dem QR-Code auf dem Computer oder Tablet.<\/p>\n<\/li>\n<li data-start=\"793\" data-end=\"859\">\n<p data-start=\"796\" data-end=\"859\">\u00d6ffnen Sie die <strong data-start=\"811\" data-end=\"837\">App Ihrer Krankenkasse<\/strong> auf dem Smartphone.<\/p>\n<\/li>\n<li data-start=\"860\" data-end=\"987\">\n<p data-start=\"863\" data-end=\"987\">Dort finden Sie meist unter \u201eErsatzbescheinigung\u201c oder \u201eVersicherungsnachweis\u201c die Funktion, einen <strong data-start=\"962\" data-end=\"984\">QR-Code zu scannen<\/strong>.<\/p>\n<\/li>\n<li data-start=\"988\" data-end=\"1083\">\n<p data-start=\"991\" data-end=\"1083\">Scannen Sie den Code \u2013 Ihre Daten werden automatisch und sicher an unsere Praxis gesendet.<\/p>\n<\/li>\n<\/ol>\n<p data-start=\"1085\" data-end=\"1198\">\ud83d\udc49 Falls Sie den Men\u00fcpunkt in Ihrer App nicht gleich finden, wenden Sie sich bitte direkt an Ihre Krankenkasse.<\/p>\n<p data-start=\"1085\" data-end=\"1198\"><a href=\"https:\/\/mvz-kreuzberg.de\/wp-content\/uploads\/2025\/09\/Versicherungsdaten.pdf\" target=\"_blank\" rel=\"noopener\"><img decoding=\"async\" class=\"lazyload alignnone wp-image-12932\" src=\"https:\/\/mvz-kreuzberg.de\/wp-content\/uploads\/2025\/09\/kim-qr-300x300.png\" data-orig-src=\"https:\/\/mvz-kreuzberg.de\/wp-content\/uploads\/2025\/09\/kim-qr-300x300.png\" alt=\"\" width=\"200\" height=\"200\" srcset=\"data:image\/svg+xml,%3Csvg%20xmlns%3D%27http%3A%2F%2Fwww.w3.org%2F2000%2Fsvg%27%20width%3D%27200%27%20height%3D%27200%27%20viewBox%3D%270%200%20200%20200%27%3E%3Crect%20width%3D%27200%27%20height%3D%27200%27%20fill-opacity%3D%220%22%2F%3E%3C%2Fsvg%3E\" data-srcset=\"https:\/\/mvz-kreuzberg.de\/wp-content\/uploads\/2025\/09\/kim-qr-12x12.png 12w, https:\/\/mvz-kreuzberg.de\/wp-content\/uploads\/2025\/09\/kim-qr-66x66.png 66w, https:\/\/mvz-kreuzberg.de\/wp-content\/uploads\/2025\/09\/kim-qr-150x150.png 150w, https:\/\/mvz-kreuzberg.de\/wp-content\/uploads\/2025\/09\/kim-qr-200x200.png 200w, https:\/\/mvz-kreuzberg.de\/wp-content\/uploads\/2025\/09\/kim-qr-300x300.png 300w, https:\/\/mvz-kreuzberg.de\/wp-content\/uploads\/2025\/09\/kim-qr-400x400.png 400w, https:\/\/mvz-kreuzberg.de\/wp-content\/uploads\/2025\/09\/kim-qr-600x600.png 600w, https:\/\/mvz-kreuzberg.de\/wp-content\/uploads\/2025\/09\/kim-qr-768x768.png 768w, https:\/\/mvz-kreuzberg.de\/wp-content\/uploads\/2025\/09\/kim-qr-800x800.png 800w, https:\/\/mvz-kreuzberg.de\/wp-content\/uploads\/2025\/09\/kim-qr-1024x1024.png 1024w, https:\/\/mvz-kreuzberg.de\/wp-content\/uploads\/2025\/09\/kim-qr.png 1060w\" data-sizes=\"auto\" data-orig-sizes=\"(max-width: 200px) 100vw, 200px\" \/><\/a><\/p>\n<\/div><\/div><\/div><div class=\"fusion-panel panel-default fusion-faq-post fusion-faq-post-12928 allgemeinmedizinische-versorgung digital-direkt akute-hilfe\"><span class=\"entry-title rich-snippet-hidden\">Meine AU ist noch g\u00fcltig, ich m\u00f6chte aber wieder arbeiten \u2013 ist das ein Problem?<\/span><span class=\"vcard rich-snippet-hidden\"><span class=\"fn\"><a href=\"https:\/\/mvz-kreuzberg.de\/en\/author\/sonyoung\" title=\"Posts by sonyoung\" rel=\"author\">sonyoung<\/a><\/span><\/span><span class=\"updated rich-snippet-hidden\">2025-09-03T06:33:48+01:00<\/span><div class=\"panel-heading\"><h4 id=\"faq_1-12928\" class=\"panel-title toggle\"><a data-toggle=\"collapse\" class=\"collapsed\" data-target=\"#collapse-1-12928\" href=\"#collapse-1-12928\" aria-expanded=\"false\"><div class=\"fusion-toggle-icon-wrapper\"><div class=\"fusion-toggle-icon-wrapper-main\"><div class=\"fusion-toggle-icon-wrapper-sub\"><i class=\"fa-fusion-box active-icon fa-minus fas\" aria-hidden=\"true\"><\/i><i class=\"fa-fusion-box inactive-icon fa-plus fas\" aria-hidden=\"true\"><\/i><\/div><\/div><\/div><div class=\"fusion-toggle-heading\">Meine AU ist noch g\u00fcltig, ich m\u00f6chte aber wieder arbeiten \u2013 ist das ein Problem?<\/div><\/a><\/h4><\/div><div id=\"collapse-1-12928\" aria-labelledby=\"faq_1-12928\" class=\"panel-collapse collapse\"><div class=\"panel-body toggle-content post-content\"><p data-start=\"366\" data-end=\"604\">Eine Arbeitsunf\u00e4higkeitsbescheinigung (AU) bescheinigt, dass Sie <strong data-start=\"446\" data-end=\"519\">bis zu einem bestimmten Datum voraussichtlich nicht arbeitsf\u00e4hig sind<\/strong>. Sie sind jedoch nicht verpflichtet, die gesamte Zeit krankgeschrieben zu bleiben.<\/p>\n<p data-start=\"606\" data-end=\"751\">Wenn Sie sich gesundheitlich wieder fit f\u00fchlen, d\u00fcrfen Sie <strong data-start=\"665\" data-end=\"699\">fr\u00fcher zur Arbeit zur\u00fcckkehren<\/strong> \u2013 eine \u201eGesundschreibung\u201c ist nicht erforderlich.<\/p>\n<p data-start=\"753\" data-end=\"1079\"><strong data-start=\"753\" data-end=\"767\">Ausnahmen:<\/strong> In bestimmten F\u00e4llen d\u00fcrfen Sie nicht vorzeitig arbeiten, auch wenn Sie sich wieder fit f\u00fchlen. Das gilt zum Beispiel bei <strong data-start=\"890\" data-end=\"915\">Infektionskrankheiten<\/strong> (z. B. Masern, Keuchhusten) oder wenn Sie in einem sensiblen Umfeld arbeiten (Gesundheitswesen, Lebensmittel). Hier k\u00f6nnen besondere gesetzliche Vorgaben gelten.<\/p>\n<p data-start=\"1081\" data-end=\"1157\">Sollten Ihre Beschwerden erneut auftreten, ben\u00f6tigen Sie eine <strong data-start=\"1143\" data-end=\"1154\">neue AU<\/strong>.<\/p>\n<\/div><\/div><\/div><div class=\"fusion-panel panel-default fusion-faq-post fusion-faq-post-12926 allgemeinmedizinische-versorgung digital-direkt\"><span class=\"entry-title rich-snippet-hidden\">Kann ich eine Krankschreibung bekommen, wenn mein Kind krank ist?<\/span><span class=\"vcard rich-snippet-hidden\"><span class=\"fn\"><a href=\"https:\/\/mvz-kreuzberg.de\/en\/author\/sonyoung\" title=\"Posts by sonyoung\" rel=\"author\">sonyoung<\/a><\/span><\/span><span class=\"updated rich-snippet-hidden\">2025-09-03T06:23:52+01:00<\/span><div class=\"panel-heading\"><h4 id=\"faq_1-12926\" class=\"panel-title toggle\"><a data-toggle=\"collapse\" class=\"collapsed\" data-target=\"#collapse-1-12926\" href=\"#collapse-1-12926\" aria-expanded=\"false\"><div class=\"fusion-toggle-icon-wrapper\"><div class=\"fusion-toggle-icon-wrapper-main\"><div class=\"fusion-toggle-icon-wrapper-sub\"><i class=\"fa-fusion-box active-icon fa-minus fas\" aria-hidden=\"true\"><\/i><i class=\"fa-fusion-box inactive-icon fa-plus fas\" aria-hidden=\"true\"><\/i><\/div><\/div><\/div><div class=\"fusion-toggle-heading\">Kann ich eine Krankschreibung bekommen, wenn mein Kind krank ist?<\/div><\/a><\/h4><\/div><div id=\"collapse-1-12926\" aria-labelledby=\"faq_1-12926\" class=\"panel-collapse collapse\"><div class=\"panel-body toggle-content post-content\"><p dir=\"ltr\">Wenn Ihr Kind erkrankt ist und Sie es zu Hause betreuen m\u00fcssen, k\u00f6nnen Sie eine Arbeitsunf\u00e4higkeitsbescheinigung (AU) f\u00fcr die sogenannte \u201eKindkrank\u201c-Zeit erhalten. Diese Bescheinigung wird durch die Kinder\u00e4rztin oder den Kinderarzt ausgestellt, bei dem Ihr Kind in Behandlung ist.<\/p>\n<p>&nbsp;<\/p>\n<p dir=\"ltr\">In vielen F\u00e4llen ist das auch telefonisch m\u00f6glich \u2013 vorausgesetzt, Ihr Kind ist dort bereits bekannt und eine pers\u00f6nliche Vorstellung ist medizinisch nicht zwingend n\u00f6tig.<\/p>\n<p>&nbsp;<\/p>\n<p dir=\"ltr\">Bitte haben Sie Verst\u00e4ndnis: Unsere Hausarztpraxis darf keine AU zur Betreuung eines erkrankten Kindes ausstellen. Wenden Sie sich in diesem Fall bitte direkt an die behandelnde Kinderarztpraxis.<\/p>\n<\/div><\/div><\/div><div class=\"fusion-panel panel-default fusion-faq-post fusion-faq-post-12924 digital-direkt\"><span class=\"entry-title rich-snippet-hidden\">Mein Dokument wurde nicht akzeptiert \u2013 warum soll ich es nochmal senden?<\/span><span class=\"vcard rich-snippet-hidden\"><span class=\"fn\"><a href=\"https:\/\/mvz-kreuzberg.de\/en\/author\/sonyoung\" title=\"Posts by sonyoung\" rel=\"author\">sonyoung<\/a><\/span><\/span><span class=\"updated rich-snippet-hidden\">2025-09-03T06:17:41+01:00<\/span><div class=\"panel-heading\"><h4 id=\"faq_1-12924\" class=\"panel-title toggle\"><a data-toggle=\"collapse\" class=\"collapsed\" data-target=\"#collapse-1-12924\" href=\"#collapse-1-12924\" aria-expanded=\"false\"><div class=\"fusion-toggle-icon-wrapper\"><div class=\"fusion-toggle-icon-wrapper-main\"><div class=\"fusion-toggle-icon-wrapper-sub\"><i class=\"fa-fusion-box active-icon fa-minus fas\" aria-hidden=\"true\"><\/i><i class=\"fa-fusion-box inactive-icon fa-plus fas\" aria-hidden=\"true\"><\/i><\/div><\/div><\/div><div class=\"fusion-toggle-heading\">Mein Dokument wurde nicht akzeptiert \u2013 warum soll ich es nochmal senden?<\/div><\/a><\/h4><\/div><div id=\"collapse-1-12924\" aria-labelledby=\"faq_1-12924\" class=\"panel-collapse collapse\"><div class=\"panel-body toggle-content post-content\"><p dir=\"ltr\">Wenn Sie uns ein Dokument (z.\u202fB. Versicherungsnachweis oder Facharztbericht) per Foto \u00fcbermitteln, sollte dieses gut lesbar und vollst\u00e4ndig erkennbar sein.<\/p>\n<p>&nbsp;<\/p>\n<p dir=\"ltr\">Leider kommt es vor, dass Dokumente unscharf, zu dunkel oder nur teilweise abgebildet bei uns ankommen. In solchen F\u00e4llen k\u00f6nnen wir die Information nicht korrekt pr\u00fcfen und bitten Sie daher um eine neue, besser erkennbare Version.<\/p>\n<p>&nbsp;<\/p>\n<p dir=\"ltr\">Tipp: Fotografieren Sie das Dokument bei Tageslicht und achten Sie darauf, dass es glatt aufliegt und vollst\u00e4ndig im Bild ist. Nutzen Sie m\u00f6glichst die Kamera-R\u00fcckseite Ihres Smartphones (nicht die Selfie-Kamera).<\/p>\n<\/div><\/div><\/div><div class=\"fusion-panel panel-default fusion-faq-post fusion-faq-post-12922 laborleistung\"><span class=\"entry-title rich-snippet-hidden\">Kann ich Vitamin D oder Vitamin B im Blut testen lassen?<\/span><span class=\"vcard rich-snippet-hidden\"><span class=\"fn\"><a href=\"https:\/\/mvz-kreuzberg.de\/en\/author\/sonyoung\" title=\"Posts by sonyoung\" rel=\"author\">sonyoung<\/a><\/span><\/span><span class=\"updated rich-snippet-hidden\">2025-09-03T06:14:05+01:00<\/span><div class=\"panel-heading\"><h4 id=\"faq_1-12922\" class=\"panel-title toggle\"><a data-toggle=\"collapse\" class=\"collapsed\" data-target=\"#collapse-1-12922\" href=\"#collapse-1-12922\" aria-expanded=\"false\"><div class=\"fusion-toggle-icon-wrapper\"><div class=\"fusion-toggle-icon-wrapper-main\"><div class=\"fusion-toggle-icon-wrapper-sub\"><i class=\"fa-fusion-box active-icon fa-minus fas\" aria-hidden=\"true\"><\/i><i class=\"fa-fusion-box inactive-icon fa-plus fas\" aria-hidden=\"true\"><\/i><\/div><\/div><\/div><div class=\"fusion-toggle-heading\">Kann ich Vitamin D oder Vitamin B im Blut testen lassen?<\/div><\/a><\/h4><\/div><div id=\"collapse-1-12922\" aria-labelledby=\"faq_1-12922\" class=\"panel-collapse collapse\"><div class=\"panel-body toggle-content post-content\"><p dir=\"ltr\">Viele Patient\\:innen m\u00f6chten im Rahmen einer Blutuntersuchung auch Vitamin D oder Vitamin B bestimmen lassen. Diese Werte geh\u00f6ren in der Regel nicht zu den Leistungen der gesetzlichen Krankenkassen und m\u00fcssen daher privat bezahlt werden (ca. 20\u201330\u202f\u20ac pro Wert).<\/p>\n<p>&nbsp;<\/p>\n<p dir=\"ltr\">Ausnahme: Liegt bereits ein nachgewiesener Mangel vor, kann die Kontrolluntersuchung unter bestimmten Umst\u00e4nden von der Krankenkasse \u00fcbernommen werden \u2013 die \u00c4rztin entscheidet das im Einzelfall.<\/p>\n<p>&nbsp;<\/p>\n<p dir=\"ltr\">Sprechen Sie uns gerne an, wenn Sie eine Vitaminbestimmung w\u00fcnschen oder unsicher sind, ob eine medizinische Indikation vorliegt.<\/p>\n<\/div><\/div><\/div><div class=\"fusion-panel panel-default fusion-faq-post fusion-faq-post-12920 allgemeinmedizinische-versorgung digital-direkt\"><span class=\"entry-title rich-snippet-hidden\">Ich bin im Ausland und brauche eine Arbeitsunf\u00e4higkeitsbescheinigung (AU) \u2013 warum kann ich die nicht bekommen und was muss ich tun?<\/span><span class=\"vcard rich-snippet-hidden\"><span class=\"fn\"><a href=\"https:\/\/mvz-kreuzberg.de\/en\/author\/sonyoung\" title=\"Posts by sonyoung\" rel=\"author\">sonyoung<\/a><\/span><\/span><span class=\"updated rich-snippet-hidden\">2025-09-03T06:12:09+01:00<\/span><div class=\"panel-heading\"><h4 id=\"faq_1-12920\" class=\"panel-title toggle\"><a data-toggle=\"collapse\" class=\"collapsed\" data-target=\"#collapse-1-12920\" href=\"#collapse-1-12920\" aria-expanded=\"false\"><div class=\"fusion-toggle-icon-wrapper\"><div class=\"fusion-toggle-icon-wrapper-main\"><div class=\"fusion-toggle-icon-wrapper-sub\"><i class=\"fa-fusion-box active-icon fa-minus fas\" aria-hidden=\"true\"><\/i><i class=\"fa-fusion-box inactive-icon fa-plus fas\" aria-hidden=\"true\"><\/i><\/div><\/div><\/div><div class=\"fusion-toggle-heading\">Ich bin im Ausland und brauche eine Arbeitsunf\u00e4higkeitsbescheinigung (AU) \u2013 warum kann ich die nicht bekommen und was muss ich tun?<\/div><\/a><\/h4><\/div><div id=\"collapse-1-12920\" aria-labelledby=\"faq_1-12920\" class=\"panel-collapse collapse\"><div class=\"panel-body toggle-content post-content\"><p dir=\"ltr\">Eine Arbeitsunf\u00e4higkeitsbescheinigung (AU) \u2013 umgangssprachlich Krankschreibung \u2013 k\u00f6nnen wir nur ausstellen, wenn Sie sich in Deutschland befinden. Dies ist gesetzlich so geregelt, da eine AU hierzulande nur nach einer \u00e4rztlichen Untersuchung im Inland g\u00fcltig ist.<\/p>\n<p dir=\"ltr\">Wenn Sie w\u00e4hrend eines Auslandsaufenthalts arbeitsunf\u00e4hig erkranken, ben\u00f6tigen Sie stattdessen eine \u00e4rztliche Bescheinigung von einer dortigen \u00c4rztin oder einem dortigen Arzt. Diese muss den Zeitraum der Arbeitsunf\u00e4higkeit enthalten und sollte m\u00f6glichst auf Deutsch oder Englisch verfasst sein.<\/p>\n<p dir=\"ltr\">Lassen Sie diese Bescheinigung schnellstm\u00f6glich an Ihre Krankenkasse und Ihren Arbeitgeber \u00fcbermitteln. Bei Ihrer R\u00fcckkehr nach Deutschland kann Ihr Hausarzt oder Ihre Haus\u00e4rztin die Behandlung fortsetzen und \u2013 falls n\u00f6tig \u2013 eine Folgebescheinigung ausstellen.<\/p>\n<\/div><\/div><\/div><div class=\"fusion-panel panel-default fusion-faq-post fusion-faq-post-12918 allgemeinmedizinische-versorgung\"><span class=\"entry-title rich-snippet-hidden\">Warum kann ich das Rezept f\u00fcr die Pille nicht beim Hausarzt bekommen, sondern soll zum Gyn\u00e4kologen gehen?<\/span><span class=\"vcard rich-snippet-hidden\"><span class=\"fn\"><a href=\"https:\/\/mvz-kreuzberg.de\/en\/author\/sonyoung\" title=\"Posts by sonyoung\" rel=\"author\">sonyoung<\/a><\/span><\/span><span class=\"updated rich-snippet-hidden\">2025-09-03T06:06:54+01:00<\/span><div class=\"panel-heading\"><h4 id=\"faq_1-12918\" class=\"panel-title toggle\"><a data-toggle=\"collapse\" class=\"collapsed\" data-target=\"#collapse-1-12918\" href=\"#collapse-1-12918\" aria-expanded=\"false\"><div class=\"fusion-toggle-icon-wrapper\"><div class=\"fusion-toggle-icon-wrapper-main\"><div class=\"fusion-toggle-icon-wrapper-sub\"><i class=\"fa-fusion-box active-icon fa-minus fas\" aria-hidden=\"true\"><\/i><i class=\"fa-fusion-box inactive-icon fa-plus fas\" aria-hidden=\"true\"><\/i><\/div><\/div><\/div><div class=\"fusion-toggle-heading\">Warum kann ich das Rezept f\u00fcr die Pille nicht beim Hausarzt bekommen, sondern soll zum Gyn\u00e4kologen gehen?<\/div><\/a><\/h4><\/div><div id=\"collapse-1-12918\" aria-labelledby=\"faq_1-12918\" class=\"panel-collapse collapse\"><div class=\"panel-body toggle-content post-content\"><p dir=\"ltr\">Das Rezept f\u00fcr die Pille wird in der Regel von Gyn\u00e4kologinnen oder Gyn\u00e4kologen ausgestellt. Der Grund: Vor der Verordnung sind eine gr\u00fcndliche frauen\u00e4rztliche Untersuchung und ein Gespr\u00e4ch zu m\u00f6glichen Risiken notwendig. Auch Kontrolluntersuchungen, wie z. B. Blutdruckmessung oder gegebenenfalls weitere Vorsorgeuntersuchungen, geh\u00f6ren dazu.<\/p>\n<p>Als Hausarztpraxis f\u00fchren wir diese speziellen Untersuchungen nicht durch. Damit Ihre Gesundheit bestm\u00f6glich gesch\u00fctzt ist, ist daher der Facharzt f\u00fcr Gyn\u00e4kologie die richtige Anlaufstelle. Dort k\u00f6nnen Sie auch gleich alle Fragen zu Verh\u00fctung, Zyklus und Frauengesundheit kl\u00e4ren.<\/p>\n<\/div><\/div><\/div><div class=\"fusion-panel panel-default fusion-faq-post fusion-faq-post-12916 allgemeinmedizinische-versorgung\"><span class=\"entry-title rich-snippet-hidden\">Ich habe noch keine gesetzliche Krankenversicherung \u2013 wie viel kostet ein Arztbesuch bei Ihnen?<\/span><span class=\"vcard rich-snippet-hidden\"><span class=\"fn\"><a href=\"https:\/\/mvz-kreuzberg.de\/en\/author\/sonyoung\" title=\"Posts by sonyoung\" rel=\"author\">sonyoung<\/a><\/span><\/span><span class=\"updated rich-snippet-hidden\">2025-09-03T05:50:15+01:00<\/span><div class=\"panel-heading\"><h4 id=\"faq_1-12916\" class=\"panel-title toggle\"><a data-toggle=\"collapse\" class=\"collapsed\" data-target=\"#collapse-1-12916\" href=\"#collapse-1-12916\" aria-expanded=\"false\"><div class=\"fusion-toggle-icon-wrapper\"><div class=\"fusion-toggle-icon-wrapper-main\"><div class=\"fusion-toggle-icon-wrapper-sub\"><i class=\"fa-fusion-box active-icon fa-minus fas\" aria-hidden=\"true\"><\/i><i class=\"fa-fusion-box inactive-icon fa-plus fas\" aria-hidden=\"true\"><\/i><\/div><\/div><\/div><div class=\"fusion-toggle-heading\">Ich habe noch keine gesetzliche Krankenversicherung \u2013 wie viel kostet ein Arztbesuch bei Ihnen?<\/div><\/a><\/h4><\/div><div id=\"collapse-1-12916\" aria-labelledby=\"faq_1-12916\" class=\"panel-collapse collapse\"><div class=\"panel-body toggle-content post-content\"><p dir=\"ltr\">Wenn Sie noch keine gesetzliche Krankenversicherung haben, rechnen wir Ihren Besuch als Privatleistung nach der Geb\u00fchrenordnung f\u00fcr \u00c4rzte (GO\u00c4) ab.<\/p>\n<p>&nbsp;<\/p>\n<p dir=\"ltr\">Zur Orientierung:<\/p>\n<p>&nbsp;<\/p>\n<p dir=\"ltr\">Eine allgemeine Sprechstunde kostet in der Regel ca. 30\u201350 \u20ac.<\/p>\n<p>&nbsp;<\/p>\n<p dir=\"ltr\">Weitere Leistungen wie Laboruntersuchungen, Impfungen oder technische Diagnostik (z. B. EKG) verursachen zus\u00e4tzliche Kosten.<\/p>\n<p>&nbsp;<\/p>\n<p dir=\"ltr\">Wichtig: Bevor zus\u00e4tzliche Leistungen durchgef\u00fchrt werden, informieren wir Sie \u00fcber die voraussichtlichen Kosten. So haben Sie jederzeit einen \u00dcberblick und k\u00f6nnen entscheiden.<\/p>\n<p>&nbsp;<\/p>\n<p dir=\"ltr\">Sobald Ihre gesetzliche Krankenversicherung aktiv ist, erfolgt die Abrechnung wieder direkt \u00fcber die Krankenkasse.<\/p>\n<\/div><\/div><\/div><div class=\"fusion-panel panel-default fusion-faq-post fusion-faq-post-12914 allgemeinmedizinische-versorgung\"><span class=\"entry-title rich-snippet-hidden\">Warum brauche ich f\u00fcr BtM-Medikamente regelm\u00e4\u00dfige Facharzttermine?<\/span><span class=\"vcard rich-snippet-hidden\"><span class=\"fn\"><a href=\"https:\/\/mvz-kreuzberg.de\/en\/author\/sonyoung\" title=\"Posts by sonyoung\" rel=\"author\">sonyoung<\/a><\/span><\/span><span class=\"updated rich-snippet-hidden\">2025-09-03T05:38:14+01:00<\/span><div class=\"panel-heading\"><h4 id=\"faq_1-12914\" class=\"panel-title toggle\"><a data-toggle=\"collapse\" class=\"collapsed\" data-target=\"#collapse-1-12914\" href=\"#collapse-1-12914\" aria-expanded=\"false\"><div class=\"fusion-toggle-icon-wrapper\"><div class=\"fusion-toggle-icon-wrapper-main\"><div class=\"fusion-toggle-icon-wrapper-sub\"><i class=\"fa-fusion-box active-icon fa-minus fas\" aria-hidden=\"true\"><\/i><i class=\"fa-fusion-box inactive-icon fa-plus fas\" aria-hidden=\"true\"><\/i><\/div><\/div><\/div><div class=\"fusion-toggle-heading\">Warum brauche ich f\u00fcr BtM-Medikamente regelm\u00e4\u00dfige Facharzttermine?<\/div><\/a><\/h4><\/div><div id=\"collapse-1-12914\" aria-labelledby=\"faq_1-12914\" class=\"panel-collapse collapse\"><div class=\"panel-body toggle-content post-content\"><p dir=\"ltr\">BtM-Medikamente (Bet\u00e4ubungsmittel) wie bestimmte Schmerzmittel oder ADHS-Pr\u00e4parate unterliegen dem Bet\u00e4ubungsmittelgesetz und haben daher besonders strenge Vorschriften.<\/p>\n<p dir=\"ltr\">Die regelm\u00e4\u00dfige Mitbetreuung durch Fach\u00e4rzt:innen (z. B. Neurologie, Psychiatrie, Schmerzmedizin) ist notwendig, um:<\/p>\n<ul>\n<li dir=\"ltr\">die richtige Dosierung zu \u00fcberpr\u00fcfen,<\/li>\n<li dir=\"ltr\">m\u00f6gliche Nebenwirkungen und Abh\u00e4ngigkeitspotenziale zu kontrollieren,<\/li>\n<li dir=\"ltr\">und die Therapie bei Bedarf rechtzeitig anzupassen.<\/li>\n<\/ul>\n<p dir=\"ltr\">\n<p dir=\"ltr\">In der Hausarztpraxis k\u00f6nnen wir Folgerezepte \u00fcbernehmen \u2013 jedoch nur, wenn eine fach\u00e4rztliche Mitbehandlung vorliegt. So wird Ihre Sicherheit gew\u00e4hrleistet und die Therapie zuverl\u00e4ssig begleitet.<\/p>\n<\/div><\/div><\/div><div class=\"fusion-panel panel-default fusion-faq-post fusion-faq-post-12910 laborleistung\"><span class=\"entry-title rich-snippet-hidden\">Wie kann ich meinen Masernschutz nachweisen?<\/span><span class=\"vcard rich-snippet-hidden\"><span class=\"fn\"><a href=\"https:\/\/mvz-kreuzberg.de\/en\/author\/sonyoung\" title=\"Posts by sonyoung\" rel=\"author\">sonyoung<\/a><\/span><\/span><span class=\"updated rich-snippet-hidden\">2025-08-13T12:32:38+01:00<\/span><div class=\"panel-heading\"><h4 id=\"faq_1-12910\" class=\"panel-title toggle\"><a data-toggle=\"collapse\" class=\"collapsed\" data-target=\"#collapse-1-12910\" href=\"#collapse-1-12910\" aria-expanded=\"false\"><div class=\"fusion-toggle-icon-wrapper\"><div class=\"fusion-toggle-icon-wrapper-main\"><div class=\"fusion-toggle-icon-wrapper-sub\"><i class=\"fa-fusion-box active-icon fa-minus fas\" aria-hidden=\"true\"><\/i><i class=\"fa-fusion-box inactive-icon fa-plus fas\" aria-hidden=\"true\"><\/i><\/div><\/div><\/div><div class=\"fusion-toggle-heading\">Wie kann ich meinen Masernschutz nachweisen?<\/div><\/a><\/h4><\/div><div id=\"collapse-1-12910\" aria-labelledby=\"faq_1-12910\" class=\"panel-collapse collapse\"><div class=\"panel-body toggle-content post-content\"><p data-start=\"114\" data-end=\"516\">Seit M\u00e4rz 2020 gilt in Deutschland die <strong data-start=\"346\" data-end=\"368\">Masern-Impfpflicht<\/strong> f\u00fcr bestimmte Personengruppen (z. B. in medizinischen und p\u00e4dagogischen Einrichtungen). Den Nachweis k\u00f6nnen Sie bei uns auf zwei Wegen erbringen:<\/p>\n<ol data-start=\"518\" data-end=\"773\">\n<li data-start=\"518\" data-end=\"631\">\n<p data-start=\"521\" data-end=\"631\"><strong data-start=\"521\" data-end=\"533\">Impfpass<\/strong>: Bringen Sie bitte Ihren Impfpass oder eine \u00e4rztliche Bescheinigung \u00fcber die Masernimpfung mit.<\/p>\n<\/li>\n<li data-start=\"632\" data-end=\"773\">\n<p data-start=\"635\" data-end=\"773\"><strong data-start=\"635\" data-end=\"654\">Antik\u00f6rper-Test<\/strong>: Falls kein Impf\u00adnachweis vorliegt, k\u00f6nnen wir per Blutuntersuchung \u00fcberpr\u00fcfen, ob ein ausreichender Schutz besteht.<\/p>\n<\/li>\n<\/ol>\n<p data-start=\"775\" data-end=\"980\">Wenn kein Schutz vorhanden ist, k\u00f6nnen wir Sie direkt in der Praxis impfen.<br data-start=\"850\" data-end=\"853\" \/>F\u00fcr den Antik\u00f6rpertest buchen Sie bitte einen Termin zur <strong data-start=\"910\" data-end=\"926\">Blutentnahme<\/strong> und bringen \u2013 falls vorhanden \u2013 Ihren Impfpass mit.<\/p>\n<\/div><\/div><\/div><div class=\"fusion-panel panel-default fusion-faq-post fusion-faq-post-12908 laborleistung\"><span class=\"entry-title rich-snippet-hidden\">Warum ist der Check-up nicht jederzeit m\u00f6glich? Was, wenn ich trotzdem meine Blutwerte kontrollieren m\u00f6chte?<\/span><span class=\"vcard rich-snippet-hidden\"><span class=\"fn\"><a href=\"https:\/\/mvz-kreuzberg.de\/en\/author\/sonyoung\" title=\"Posts by sonyoung\" rel=\"author\">sonyoung<\/a><\/span><\/span><span class=\"updated rich-snippet-hidden\">2025-08-13T12:22:45+01:00<\/span><div class=\"panel-heading\"><h4 id=\"faq_1-12908\" class=\"panel-title toggle\"><a data-toggle=\"collapse\" class=\"collapsed\" data-target=\"#collapse-1-12908\" href=\"#collapse-1-12908\" aria-expanded=\"false\"><div class=\"fusion-toggle-icon-wrapper\"><div class=\"fusion-toggle-icon-wrapper-main\"><div class=\"fusion-toggle-icon-wrapper-sub\"><i class=\"fa-fusion-box active-icon fa-minus fas\" aria-hidden=\"true\"><\/i><i class=\"fa-fusion-box inactive-icon fa-plus fas\" aria-hidden=\"true\"><\/i><\/div><\/div><\/div><div class=\"fusion-toggle-heading\">Warum ist der Check-up nicht jederzeit m\u00f6glich? Was, wenn ich trotzdem meine Blutwerte kontrollieren m\u00f6chte?<\/div><\/a><\/h4><\/div><div id=\"collapse-1-12908\" aria-labelledby=\"faq_1-12908\" class=\"panel-collapse collapse\"><div class=\"panel-body toggle-content post-content\"><p data-start=\"180\" data-end=\"672\">Gesetzliche Krankenkassen \u00fcbernehmen den Gesundheits-Check-up f\u00fcr Versicherte ab 35 Jahren alle <strong data-start=\"480\" data-end=\"494\">drei Jahre<\/strong>. F\u00fcr j\u00fcngere Versicherte (18\u201334 Jahre) ist ein einmaliger Check-up vorgesehen. Diese Vorgaben sind bundesweit einheitlich und im Leistungskatalog der Krankenkassen festgelegt.<\/p>\n<p data-start=\"674\" data-end=\"889\">Wenn Sie unabh\u00e4ngig davon Blutwerte kontrollieren lassen m\u00f6chten, kann das unter bestimmten Voraussetzungen als <strong data-start=\"786\" data-end=\"817\">Selbstzahlerleistung (IGeL)<\/strong> erfolgen. Die Kosten richten sich nach den ben\u00f6tigten Untersuchungen.<\/p>\n<p data-start=\"891\" data-end=\"1182\">Bevor wir eine solche Leistung anbieten, besprechen wir mit Ihnen, welche Werte medizinisch sinnvoll sind. Dazu vereinbaren Sie bitte zun\u00e4chst einen Termin in unserer Sprechstunde, um die Indikation zu kl\u00e4ren. So stellen wir sicher, dass keine unn\u00f6tigen Untersuchungen durchgef\u00fchrt werden.<\/p>\n<\/div><\/div><\/div><div class=\"fusion-panel panel-default fusion-faq-post fusion-faq-post-12904 allgemeinmedizinische-versorgung\"><span class=\"entry-title rich-snippet-hidden\">Ich habe eine \u00dcberweisung bekommen, damit meine alte Hausarztpraxis meine Unterlagen schickt \u2013 was soll ich jetzt tun?<\/span><span class=\"vcard rich-snippet-hidden\"><span class=\"fn\"><a href=\"https:\/\/mvz-kreuzberg.de\/en\/author\/sonyoung\" title=\"Posts by sonyoung\" rel=\"author\">sonyoung<\/a><\/span><\/span><span class=\"updated rich-snippet-hidden\">2025-08-13T12:08:58+01:00<\/span><div class=\"panel-heading\"><h4 id=\"faq_1-12904\" class=\"panel-title toggle\"><a data-toggle=\"collapse\" class=\"collapsed\" data-target=\"#collapse-1-12904\" href=\"#collapse-1-12904\" aria-expanded=\"false\"><div class=\"fusion-toggle-icon-wrapper\"><div class=\"fusion-toggle-icon-wrapper-main\"><div class=\"fusion-toggle-icon-wrapper-sub\"><i class=\"fa-fusion-box active-icon fa-minus fas\" aria-hidden=\"true\"><\/i><i class=\"fa-fusion-box inactive-icon fa-plus fas\" aria-hidden=\"true\"><\/i><\/div><\/div><\/div><div class=\"fusion-toggle-heading\">Ich habe eine \u00dcberweisung bekommen, damit meine alte Hausarztpraxis meine Unterlagen schickt \u2013 was soll ich jetzt tun?<\/div><\/a><\/h4><\/div><div id=\"collapse-1-12904\" aria-labelledby=\"faq_1-12904\" class=\"panel-collapse collapse\"><div class=\"panel-body toggle-content post-content\"><p data-start=\"346\" data-end=\"819\">Wenn Sie bereits bei uns im Erstgespr\u00e4ch waren und eine \u00dcberweisung erhalten haben, auf der Ihre bisherige Hausarztpraxis um die \u00dcbersendung Ihrer Unterlagen gebeten wird, k\u00f6nnen Sie diese \u00dcberweisung dort pers\u00f6nlich oder per E-Mail\/Post einreichen.<\/p>\n<p data-start=\"821\" data-end=\"1081\">Die Praxis kann uns daraufhin Ihre Befunde, Laborergebnisse oder Arztbriefe direkt zusenden. So helfen Sie mit, dass wir Ihre medizinische Vorgeschichte vollst\u00e4ndig kennen \u2013 besonders bei chronischen Erkrankungen oder regelm\u00e4\u00dfiger Medikation ist das wichtig.<\/p>\n<p data-start=\"1083\" data-end=\"1251\">Bitte beachten Sie: Diese \u00dcberweisung dient <strong data-start=\"1127\" data-end=\"1136\">nicht<\/strong> der Terminbuchung bei einem Facharzt, sondern ausschlie\u00dflich der \u00dcbertragung Ihrer Vorbefunde an unser Praxisteam.<\/p>\n<\/div><\/div><\/div><div class=\"fusion-panel panel-default fusion-faq-post fusion-faq-post-12902 allgemeinmedizinische-versorgung digital-direkt\"><span class=\"entry-title rich-snippet-hidden\">Wie kann ich meine medizinischen Unterlagen bei einem Hausarztwechsel \u00fcbertragen lassen?<\/span><span class=\"vcard rich-snippet-hidden\"><span class=\"fn\"><a href=\"https:\/\/mvz-kreuzberg.de\/en\/author\/sonyoung\" title=\"Posts by sonyoung\" rel=\"author\">sonyoung<\/a><\/span><\/span><span class=\"updated rich-snippet-hidden\">2025-08-13T11:47:50+01:00<\/span><div class=\"panel-heading\"><h4 id=\"faq_1-12902\" class=\"panel-title toggle\"><a data-toggle=\"collapse\" class=\"collapsed\" data-target=\"#collapse-1-12902\" href=\"#collapse-1-12902\" aria-expanded=\"false\"><div class=\"fusion-toggle-icon-wrapper\"><div class=\"fusion-toggle-icon-wrapper-main\"><div class=\"fusion-toggle-icon-wrapper-sub\"><i class=\"fa-fusion-box active-icon fa-minus fas\" aria-hidden=\"true\"><\/i><i class=\"fa-fusion-box inactive-icon fa-plus fas\" aria-hidden=\"true\"><\/i><\/div><\/div><\/div><div class=\"fusion-toggle-heading\">Wie kann ich meine medizinischen Unterlagen bei einem Hausarztwechsel \u00fcbertragen lassen?<\/div><\/a><\/h4><\/div><div id=\"collapse-1-12902\" aria-labelledby=\"faq_1-12902\" class=\"panel-collapse collapse\"><div class=\"panel-body toggle-content post-content\"><p data-start=\"184\" data-end=\"686\">Ein Wechsel der Hausarztpraxis ist jederzeit m\u00f6glich \u2013 es ist keine formelle Abmeldung notwendig.<br data-start=\"497\" data-end=\"500\" \/>Beim ersten Termin als Neupatient:in bringen Sie bitte Ihre Gesundheitskarte oder einen aktuellen Versicherungsnachweis sowie \u2013 wenn m\u00f6glich \u2013 relevante Vorbefunde oder Arztbriefe mit.<\/p>\n<p data-start=\"688\" data-end=\"1021\">Falls Sie m\u00f6chten, dass Ihre bisherige Hausarztpraxis uns die medizinischen Unterlagen direkt zusendet, k\u00f6nnen wir Ihnen eine \u00dcberweisung ausstellen, in der wir um die \u00dcbermittlung der Unterlagen bitten. Das erleichtert den Informationsaustausch und sorgt daf\u00fcr, dass uns Ihre medizinische Vorgeschichte direkt zur Verf\u00fcgung steht.<\/p>\n<\/div><\/div><\/div><div class=\"fusion-panel panel-default fusion-faq-post fusion-faq-post-12897 allgemeinmedizinische-versorgung\"><span class=\"entry-title rich-snippet-hidden\">Wann muss ich f\u00fcr Atteste oder Formulare in der Praxis etwas bezahlen?<\/span><span class=\"vcard rich-snippet-hidden\"><span class=\"fn\"><a href=\"https:\/\/mvz-kreuzberg.de\/en\/author\/sonyoung\" title=\"Posts by sonyoung\" rel=\"author\">sonyoung<\/a><\/span><\/span><span class=\"updated rich-snippet-hidden\">2025-09-12T18:38:14+01:00<\/span><div class=\"panel-heading\"><h4 id=\"faq_1-12897\" class=\"panel-title toggle\"><a data-toggle=\"collapse\" class=\"collapsed\" data-target=\"#collapse-1-12897\" href=\"#collapse-1-12897\" aria-expanded=\"false\"><div class=\"fusion-toggle-icon-wrapper\"><div class=\"fusion-toggle-icon-wrapper-main\"><div class=\"fusion-toggle-icon-wrapper-sub\"><i class=\"fa-fusion-box active-icon fa-minus fas\" aria-hidden=\"true\"><\/i><i class=\"fa-fusion-box inactive-icon fa-plus fas\" aria-hidden=\"true\"><\/i><\/div><\/div><\/div><div class=\"fusion-toggle-heading\">Wann muss ich f\u00fcr Atteste oder Formulare in der Praxis etwas bezahlen?<\/div><\/a><\/h4><\/div><div id=\"collapse-1-12897\" aria-labelledby=\"faq_1-12897\" class=\"panel-collapse collapse\"><div class=\"panel-body toggle-content post-content\"><p data-start=\"279\" data-end=\"596\">Bestimmte Bescheinigungen oder Atteste, die nicht von der gesetzlichen Krankenkasse \u00fcbernommen werden, sind sogenannte <strong>Selbstzahler<\/strong>leistungen. Das betrifft z.\u202fB. Atteste f\u00fcr Schule, Sport, Reisetauglichkeit oder Beh\u00f6rden sowie das Ausf\u00fcllen zus\u00e4tzlicher Formulare (z.\u202fB. f\u00fcrs Jobcenter).<\/p>\n<p data-start=\"598\" data-end=\"835\">F\u00fcr diese Leistungen berechnen wir in der Regel eine Geb\u00fchr von 10\u202f\u20ac. Medizinisch notwendige Nachweise wie eine Arbeitsunf\u00e4higkeitsbescheinigung (AU) sind hingegen Kassenleistungen und kosten nichts.<\/p>\n<\/div><\/div><\/div><div class=\"fusion-panel panel-default fusion-faq-post fusion-faq-post-12867 allgemeinmedizinische-versorgung akute-hilfe\"><span class=\"entry-title rich-snippet-hidden\">Ich bin gesetzlich krankenversichert, muss ich f\u00fcr den Arztbesuch bezahlen?<\/span><span class=\"vcard rich-snippet-hidden\"><span class=\"fn\"><a href=\"https:\/\/mvz-kreuzberg.de\/en\/author\/sonyoung\" title=\"Posts by sonyoung\" rel=\"author\">sonyoung<\/a><\/span><\/span><span class=\"updated rich-snippet-hidden\">2025-09-12T18:51:43+01:00<\/span><div class=\"panel-heading\"><h4 id=\"faq_1-12867\" class=\"panel-title toggle\"><a data-toggle=\"collapse\" class=\"collapsed\" data-target=\"#collapse-1-12867\" href=\"#collapse-1-12867\" aria-expanded=\"false\"><div class=\"fusion-toggle-icon-wrapper\"><div class=\"fusion-toggle-icon-wrapper-main\"><div class=\"fusion-toggle-icon-wrapper-sub\"><i class=\"fa-fusion-box active-icon fa-minus fas\" aria-hidden=\"true\"><\/i><i class=\"fa-fusion-box inactive-icon fa-plus fas\" aria-hidden=\"true\"><\/i><\/div><\/div><\/div><div class=\"fusion-toggle-heading\">Ich bin gesetzlich krankenversichert, muss ich f\u00fcr den Arztbesuch bezahlen?<\/div><\/a><\/h4><\/div><div id=\"collapse-1-12867\" aria-labelledby=\"faq_1-12867\" class=\"panel-collapse collapse\"><div class=\"panel-body toggle-content post-content\"><p dir=\"ltr\">Wenn Sie gesetzlich krankenversichert sind, \u00fcbernimmt Ihre Krankenkasse die Kosten f\u00fcr medizinisch notwendige Behandlungen in der Hausarztpraxis.<\/p>\n<p dir=\"ltr\">Voraussetzung ist, dass Sie bei Ihrem Besuch Ihre elektronische Gesundheitskarte (Versichertenkarte) vorlegen. Ohne diese Karte kann keine Abrechnung erfolgen, und Sie m\u00fcssten die Leistungen eventuell zun\u00e4chst selbst bezahlen.<\/p>\n<p dir=\"ltr\">Einige Leistungen \u2013 wie individuelle Atteste, Reisemedizin oder Wunschuntersuchungen ohne medizinische Notwendigkeit \u2013 z\u00e4hlen nicht zur Regelversorgung und m\u00fcssen privat bezahlt werden.<\/p>\n<p dir=\"ltr\">Wenn Sie unsicher sind, ob eine Leistung f\u00fcr Sie kostenpflichtig ist, sprechen Sie uns gerne an.<\/p>\n<\/div><\/div><\/div><div class=\"fusion-panel panel-default fusion-faq-post fusion-faq-post-12865 digital-direkt\"><span class=\"entry-title rich-snippet-hidden\">Warum fehlen auf meiner Folgebescheinigung die vorherigen Krankheitstage?<\/span><span class=\"vcard rich-snippet-hidden\"><span class=\"fn\"><a href=\"https:\/\/mvz-kreuzberg.de\/en\/author\/sonyoung\" title=\"Posts by sonyoung\" rel=\"author\">sonyoung<\/a><\/span><\/span><span class=\"updated rich-snippet-hidden\">2025-07-14T19:19:17+01:00<\/span><div class=\"panel-heading\"><h4 id=\"faq_1-12865\" class=\"panel-title toggle\"><a data-toggle=\"collapse\" class=\"collapsed\" data-target=\"#collapse-1-12865\" href=\"#collapse-1-12865\" aria-expanded=\"false\"><div class=\"fusion-toggle-icon-wrapper\"><div class=\"fusion-toggle-icon-wrapper-main\"><div class=\"fusion-toggle-icon-wrapper-sub\"><i class=\"fa-fusion-box active-icon fa-minus fas\" aria-hidden=\"true\"><\/i><i class=\"fa-fusion-box inactive-icon fa-plus fas\" aria-hidden=\"true\"><\/i><\/div><\/div><\/div><div class=\"fusion-toggle-heading\">Warum fehlen auf meiner Folgebescheinigung die vorherigen Krankheitstage?<\/div><\/a><\/h4><\/div><div id=\"collapse-1-12865\" aria-labelledby=\"faq_1-12865\" class=\"panel-collapse collapse\"><div class=\"panel-body toggle-content post-content\"><p dir=\"ltr\">Das ist kein Fehler, sondern geh\u00f6rt so: Auf der Folgebescheinigung der Arbeitsunf\u00e4higkeit (AU) steht immer nur der neue Zeitraum, f\u00fcr den Sie weiterhin arbeitsunf\u00e4hig sind. Der Zeitraum, der davor liegt, ist auf der Erstbescheinigung dokumentiert.<\/p>\n<p dir=\"ltr\">Auf der Folgebescheinigung sehen Sie au\u00dferdem das Ausstellungsdatum \u2013 das ist der Tag, an dem Sie die Folgebescheinigung erhalten haben. Dass die vorherigen Tage nicht erneut aufgef\u00fchrt sind, ist korrekt und entspricht den gesetzlichen Vorgaben.<\/p>\n<p>Wichtig: Damit keine L\u00fccke entsteht, muss die Folgebescheinigung sp\u00e4testens am n\u00e4chsten Werktag nach Ablauf der ersten AU ausgestellt werden. Dann ist die Krankmeldung l\u00fcckenlos \u2013 auch wenn das auf der Bescheinigung nicht explizit so dargestellt wird.<\/p>\n<\/div><\/div><\/div><div class=\"fusion-panel panel-default fusion-faq-post fusion-faq-post-12863 digital-direkt\"><span class=\"entry-title rich-snippet-hidden\">Was ist der Unterschied zwischen Erstbescheinigung und Folgebescheinigung?<\/span><span class=\"vcard rich-snippet-hidden\"><span class=\"fn\"><a href=\"https:\/\/mvz-kreuzberg.de\/en\/author\/sonyoung\" title=\"Posts by sonyoung\" rel=\"author\">sonyoung<\/a><\/span><\/span><span class=\"updated rich-snippet-hidden\">2025-07-14T19:15:23+01:00<\/span><div class=\"panel-heading\"><h4 id=\"faq_1-12863\" class=\"panel-title toggle\"><a data-toggle=\"collapse\" class=\"collapsed\" data-target=\"#collapse-1-12863\" href=\"#collapse-1-12863\" aria-expanded=\"false\"><div class=\"fusion-toggle-icon-wrapper\"><div class=\"fusion-toggle-icon-wrapper-main\"><div class=\"fusion-toggle-icon-wrapper-sub\"><i class=\"fa-fusion-box active-icon fa-minus fas\" aria-hidden=\"true\"><\/i><i class=\"fa-fusion-box inactive-icon fa-plus fas\" aria-hidden=\"true\"><\/i><\/div><\/div><\/div><div class=\"fusion-toggle-heading\">Was ist der Unterschied zwischen Erstbescheinigung und Folgebescheinigung?<\/div><\/a><\/h4><\/div><div id=\"collapse-1-12863\" aria-labelledby=\"faq_1-12863\" class=\"panel-collapse collapse\"><div class=\"panel-body toggle-content post-content\"><p dir=\"ltr\">Die Erstbescheinigung dokumentiert den Beginn Ihrer Arbeitsunf\u00e4higkeit \u2013 sie zeigt den ersten Tag, an dem Sie krankgeschrieben wurden, und bis wann Sie voraussichtlich arbeitsunf\u00e4hig sind.<\/p>\n<p dir=\"ltr\">Wenn Sie \u00fcber diesen Zeitraum hinaus weiterhin arbeitsunf\u00e4hig sind, erhalten Sie eine Folgebescheinigung. Auf dieser steht nur der neue Zeitraum der weiteren Arbeitsunf\u00e4higkeit \u2013 das Startdatum der Erkrankung steht dort nicht noch einmal.<\/p>\n<p>Wichtig: Zwischen der Erst- und Folgebescheinigung darf kein Tag L\u00fccke entstehen. Die Folgebescheinigung muss am n\u00e4chsten Werktag nach Ablauf der Erstbescheinigung ausgestellt werden \u2013 dann ist die Krankmeldung l\u00fcckenlos g\u00fcltig.<\/p>\n<\/div><\/div><\/div><div class=\"fusion-panel panel-default fusion-faq-post fusion-faq-post-12861 laborleistung\"><span class=\"entry-title rich-snippet-hidden\">Ich m\u00f6chte einen HIV Test machen, ist das m\u00f6glich?<\/span><span class=\"vcard rich-snippet-hidden\"><span class=\"fn\"><a href=\"https:\/\/mvz-kreuzberg.de\/en\/author\/sonyoung\" title=\"Posts by sonyoung\" rel=\"author\">sonyoung<\/a><\/span><\/span><span class=\"updated rich-snippet-hidden\">2025-07-14T19:11:51+01:00<\/span><div class=\"panel-heading\"><h4 id=\"faq_1-12861\" class=\"panel-title toggle\"><a data-toggle=\"collapse\" class=\"collapsed\" data-target=\"#collapse-1-12861\" href=\"#collapse-1-12861\" aria-expanded=\"false\"><div class=\"fusion-toggle-icon-wrapper\"><div class=\"fusion-toggle-icon-wrapper-main\"><div class=\"fusion-toggle-icon-wrapper-sub\"><i class=\"fa-fusion-box active-icon fa-minus fas\" aria-hidden=\"true\"><\/i><i class=\"fa-fusion-box inactive-icon fa-plus fas\" aria-hidden=\"true\"><\/i><\/div><\/div><\/div><div class=\"fusion-toggle-heading\">Ich m\u00f6chte einen HIV Test machen, ist das m\u00f6glich?<\/div><\/a><\/h4><\/div><div id=\"collapse-1-12861\" aria-labelledby=\"faq_1-12861\" class=\"panel-collapse collapse\"><div class=\"panel-body toggle-content post-content\"><p dir=\"ltr\">Ja, Sie k\u00f6nnen bei uns einen HIV-Test durchf\u00fchren lassen. Die Blutentnahme erfolgt in unserer Praxis, die Probe wird an ein Labor geschickt. Die Rechnung (ca. 20\u202f\u20ac) erhalten Sie direkt vom Labor \u2013 die Kosten werden privat abgerechnet, nicht \u00fcber die gesetzliche Krankenkasse.<\/p>\n<p dir=\"ltr\">Wenn Sie m\u00f6chten, k\u00f6nnen Sie vorher mit einer \u00c4rztin sprechen, um offene Fragen zu kl\u00e4ren \u2013 wir empfehlen das insbesondere bei Unsicherheit oder Beratungsbedarf.<\/p>\n<p dir=\"ltr\">Alternativ ist es auch m\u00f6glich, direkt einen Termin zur Blutentnahme zu buchen \u2013 ohne vorherige \u00e4rztliche Beratung.<\/p>\n<p dir=\"ltr\">Bestandspatient:innen k\u00f6nnen auch einen Termin zur Befundbesprechung buchen, wenn zus\u00e4tzlich Gespr\u00e4chsbedarf besteht.<\/p>\n<p>Neupatient:innen, die eine Beratung w\u00fcnschen, w\u00e4hlen bitte \u201eNeupatient:in\u201c im Buchungskalender.<\/p>\n<\/div><\/div><\/div><div class=\"fusion-panel panel-default fusion-faq-post fusion-faq-post-12859 laborleistung\"><span class=\"entry-title rich-snippet-hidden\">Ich habe keine Hausarztpraxis \u2013 kann ich trotzdem EKG oder Blutwerte bei Ihnen machen lassen?<\/span><span class=\"vcard rich-snippet-hidden\"><span class=\"fn\"><a href=\"https:\/\/mvz-kreuzberg.de\/en\/author\/sonyoung\" title=\"Posts by sonyoung\" rel=\"author\">sonyoung<\/a><\/span><\/span><span class=\"updated rich-snippet-hidden\">2025-07-14T19:08:41+01:00<\/span><div class=\"panel-heading\"><h4 id=\"faq_1-12859\" class=\"panel-title toggle\"><a data-toggle=\"collapse\" class=\"collapsed\" data-target=\"#collapse-1-12859\" href=\"#collapse-1-12859\" aria-expanded=\"false\"><div class=\"fusion-toggle-icon-wrapper\"><div class=\"fusion-toggle-icon-wrapper-main\"><div class=\"fusion-toggle-icon-wrapper-sub\"><i class=\"fa-fusion-box active-icon fa-minus fas\" aria-hidden=\"true\"><\/i><i class=\"fa-fusion-box inactive-icon fa-plus fas\" aria-hidden=\"true\"><\/i><\/div><\/div><\/div><div class=\"fusion-toggle-heading\">Ich habe keine Hausarztpraxis \u2013 kann ich trotzdem EKG oder Blutwerte bei Ihnen machen lassen?<\/div><\/a><\/h4><\/div><div id=\"collapse-1-12859\" aria-labelledby=\"faq_1-12859\" class=\"panel-collapse collapse\"><div class=\"panel-body toggle-content post-content\"><p dir=\"ltr\">Wenn Sie keine feste Hausarztpraxis haben, k\u00f6nnen Sie grunds\u00e4tzlich auch bei uns ein EKG oder eine Blutuntersuchung durchf\u00fchren lassen \u2013 zum Beispiel auf Anraten Ihrer Fach\u00e4rztin oder Ihres Psychiaters.<\/p>\n<p dir=\"ltr\">Da wir als Hausarztpraxis arbeiten, ist es in solchen F\u00e4llen sinnvoll, dass wir Sie neu in unsere Betreuung aufnehmen. So kennen wir Ihre Medikation und Vorerkrankungen und k\u00f6nnen Sie auch unterst\u00fctzen, wenn kurzfristig Hilfe gebraucht wird \u2013 etwa bei Fragen zu Medikamenten oder bei Krankschreibung.<\/p>\n<p dir=\"ltr\">Wenn Sie m\u00f6chten, k\u00f6nnen Sie einen Termin als Neupatient:in buchen. Wir begleiten Sie dann gerne dauerhaft weiter.<\/p>\n<\/div><\/div><\/div><div class=\"fusion-panel panel-default fusion-faq-post fusion-faq-post-12857 allgemeinmedizinische-versorgung digital-direkt\"><span class=\"entry-title rich-snippet-hidden\">Warum soll die \u00dcberweisung immer vom gleichen Arzt ausgestellt werden?<\/span><span class=\"vcard rich-snippet-hidden\"><span class=\"fn\"><a href=\"https:\/\/mvz-kreuzberg.de\/en\/author\/sonyoung\" title=\"Posts by sonyoung\" rel=\"author\">sonyoung<\/a><\/span><\/span><span class=\"updated rich-snippet-hidden\">2025-07-14T19:03:53+01:00<\/span><div class=\"panel-heading\"><h4 id=\"faq_1-12857\" class=\"panel-title toggle\"><a data-toggle=\"collapse\" class=\"collapsed\" data-target=\"#collapse-1-12857\" href=\"#collapse-1-12857\" aria-expanded=\"false\"><div class=\"fusion-toggle-icon-wrapper\"><div class=\"fusion-toggle-icon-wrapper-main\"><div class=\"fusion-toggle-icon-wrapper-sub\"><i class=\"fa-fusion-box active-icon fa-minus fas\" aria-hidden=\"true\"><\/i><i class=\"fa-fusion-box inactive-icon fa-plus fas\" aria-hidden=\"true\"><\/i><\/div><\/div><\/div><div class=\"fusion-toggle-heading\">Warum soll die \u00dcberweisung immer vom gleichen Arzt ausgestellt werden?<\/div><\/a><\/h4><\/div><div id=\"collapse-1-12857\" aria-labelledby=\"faq_1-12857\" class=\"panel-collapse collapse\"><div class=\"panel-body toggle-content post-content\"><p dir=\"ltr\">Damit Ihr Hausarzt den \u00dcberblick \u00fcber Ihre gesamte Behandlung behalten kann, sollte die \u00dcberweisung m\u00f6glichst immer von der gleichen \u00c4rztin bzw. dem gleichen Arzt in unserer Praxis ausgestellt werden.<\/p>\n<p dir=\"ltr\">Denn: Die Facharztpraxis schickt ihre Befunde und Einsch\u00e4tzungen an genau die Person, die auf der \u00dcberweisung genannt ist. Nur wenn dort die richtige Ansprechpartnerin steht, kommt der Bericht auch zuverl\u00e4ssig bei uns an.<\/p>\n<p>So stellen wir sicher, dass alle medizinischen Informationen an einem Ort zusammenlaufen und Ihre Behandlung gut koordiniert werden kann.<\/p>\n<\/div><\/div><\/div><div class=\"fusion-panel panel-default fusion-faq-post fusion-faq-post-12855 allgemeinmedizinische-versorgung laborleistung digital-direkt\"><span class=\"entry-title rich-snippet-hidden\">Wie bekomme ich den Buchungscode f\u00fcr eine Befundbesprechung?<\/span><span class=\"vcard rich-snippet-hidden\"><span class=\"fn\"><a href=\"https:\/\/mvz-kreuzberg.de\/en\/author\/sonyoung\" title=\"Posts by sonyoung\" rel=\"author\">sonyoung<\/a><\/span><\/span><span class=\"updated rich-snippet-hidden\">2025-07-14T18:59:47+01:00<\/span><div class=\"panel-heading\"><h4 id=\"faq_1-12855\" class=\"panel-title toggle\"><a data-toggle=\"collapse\" class=\"collapsed\" data-target=\"#collapse-1-12855\" href=\"#collapse-1-12855\" aria-expanded=\"false\"><div class=\"fusion-toggle-icon-wrapper\"><div class=\"fusion-toggle-icon-wrapper-main\"><div class=\"fusion-toggle-icon-wrapper-sub\"><i class=\"fa-fusion-box active-icon fa-minus fas\" aria-hidden=\"true\"><\/i><i class=\"fa-fusion-box inactive-icon fa-plus fas\" aria-hidden=\"true\"><\/i><\/div><\/div><\/div><div class=\"fusion-toggle-heading\">Wie bekomme ich den Buchungscode f\u00fcr eine Befundbesprechung?<\/div><\/a><\/h4><\/div><div id=\"collapse-1-12855\" aria-labelledby=\"faq_1-12855\" class=\"panel-collapse collapse\"><div class=\"panel-body toggle-content post-content\"><p dir=\"ltr\">Den Buchungscode f\u00fcr einen Termin zur Befundbesprechung erhalten Sie automatisch, sobald die Blutentnahme stattgefunden hat und die Laborergebnisse bei uns eingegangen sind. Die Befunde senden wir Ihnen dann als PDF sicher \u00fcber Doctolib, zusammen mit dem Buchungscode.<\/p>\n<p dir=\"ltr\">Wir organisieren das bewusst so: H\u00e4ufig werden Termine zur Befundbesprechung vorsorglich im Voraus gebucht. Wenn sich die Blutentnahme dann verschiebt oder nicht stattfindet, bleiben diese Termine im Kalender stehen und werden oft nicht rechtzeitig abgesagt \u2013 das blockiert wertvolle Kapazit\u00e4ten.<\/p>\n<p dir=\"ltr\">Deshalb vergeben wir den Buchungscode erst nach dem tats\u00e4chlich erfolgten Labortermin. Keine Sorge: Termine zur Befundbesprechung sind in der Regel zeitnah buchbar, oft innerhalb weniger Tage.<\/p>\n<p dir=\"ltr\">Wir bitten um ein wenig Geduld \u2013 so bleibt der Kalender f\u00fcr alle fair und flexibel nutzbar.<\/p>\n<\/div><\/div><\/div><div class=\"fusion-panel panel-default fusion-faq-post fusion-faq-post-12732 digital-direkt\"><span class=\"entry-title rich-snippet-hidden\">Ich will nur ein Rezept f\u00fcr meine Dauermedikamente, warum soll ich zum Kontrolltermin kommen?<\/span><span class=\"vcard rich-snippet-hidden\"><span class=\"fn\"><a href=\"https:\/\/mvz-kreuzberg.de\/en\/author\/sonyoung\" title=\"Posts by sonyoung\" rel=\"author\">sonyoung<\/a><\/span><\/span><span class=\"updated rich-snippet-hidden\">2025-06-23T17:22:57+01:00<\/span><div class=\"panel-heading\"><h4 id=\"faq_1-12732\" class=\"panel-title toggle\"><a data-toggle=\"collapse\" class=\"collapsed\" data-target=\"#collapse-1-12732\" href=\"#collapse-1-12732\" aria-expanded=\"false\"><div class=\"fusion-toggle-icon-wrapper\"><div class=\"fusion-toggle-icon-wrapper-main\"><div class=\"fusion-toggle-icon-wrapper-sub\"><i class=\"fa-fusion-box active-icon fa-minus fas\" aria-hidden=\"true\"><\/i><i class=\"fa-fusion-box inactive-icon fa-plus fas\" aria-hidden=\"true\"><\/i><\/div><\/div><\/div><div class=\"fusion-toggle-heading\">Ich will nur ein Rezept f\u00fcr meine Dauermedikamente, warum soll ich zum Kontrolltermin kommen?<\/div><\/a><\/h4><\/div><div id=\"collapse-1-12732\" aria-labelledby=\"faq_1-12732\" class=\"panel-collapse collapse\"><div class=\"panel-body toggle-content post-content\"><p dir=\"ltr\">Auch wenn es sich um ein bekanntes Medikament handelt: Als behandelnde Hausarztpraxis tragen wir die Verantwortung f\u00fcr Ihre Therapie.<\/p>\n<p dir=\"ltr\">Daher ist es notwendig, regelm\u00e4\u00dfig Kontrolltermine wahrzunehmen, bei denen Ihre \u00c4rztin pr\u00fcft, ob die Dosierung noch passt, Nebenwirkungen auftreten oder neue Begleiterkrankungen zu ber\u00fccksichtigen sind.<\/p>\n<p dir=\"ltr\">Falls Sie in der Zwischenzeit bei einem Facharzt waren, k\u00f6nnen Sie uns den aktuellen Arztbrief oder Befundbericht vorab \u00fcber Doctolib senden \u2013 je nach Einsch\u00e4tzung k\u00f6nnen wir dann entscheiden, ob ein Kontrolltermin n\u00f6tig ist.<\/p>\n<p dir=\"ltr\">Wir m\u00f6chten sicherstellen, dass es Ihnen gut geht \u2013 und verschreiben Medikamente nicht \u201eblind\u201c. F\u00fcr viele unserer Patient:innen merken wir nach dem Termin im System vor, ob die n\u00e4chste Rezeptanfrage digital erfolgen kann.<\/p>\n<\/div><\/div><\/div><div class=\"fusion-panel panel-default fusion-faq-post fusion-faq-post-12693 allgemeinmedizinische-versorgung digital-direkt\"><span class=\"entry-title rich-snippet-hidden\">Wer liest die Nachrichten auf Doctolib, und warum kann ich nicht direkt meiner \u00c4rztin schreiben?<\/span><span class=\"vcard rich-snippet-hidden\"><span class=\"fn\"><a href=\"https:\/\/mvz-kreuzberg.de\/en\/author\/sonyoung\" title=\"Posts by sonyoung\" rel=\"author\">sonyoung<\/a><\/span><\/span><span class=\"updated rich-snippet-hidden\">2025-06-21T07:21:10+01:00<\/span><div class=\"panel-heading\"><h4 id=\"faq_1-12693\" class=\"panel-title toggle\"><a data-toggle=\"collapse\" class=\"collapsed\" data-target=\"#collapse-1-12693\" href=\"#collapse-1-12693\" aria-expanded=\"false\"><div class=\"fusion-toggle-icon-wrapper\"><div class=\"fusion-toggle-icon-wrapper-main\"><div class=\"fusion-toggle-icon-wrapper-sub\"><i class=\"fa-fusion-box active-icon fa-minus fas\" aria-hidden=\"true\"><\/i><i class=\"fa-fusion-box inactive-icon fa-plus fas\" aria-hidden=\"true\"><\/i><\/div><\/div><\/div><div class=\"fusion-toggle-heading\">Wer liest die Nachrichten auf Doctolib, und warum kann ich nicht direkt meiner \u00c4rztin schreiben?<\/div><\/a><\/h4><\/div><div id=\"collapse-1-12693\" aria-labelledby=\"faq_1-12693\" class=\"panel-collapse collapse\"><div class=\"panel-body toggle-content post-content\"><p data-start=\"316\" data-end=\"570\">Ihre Nachrichten \u00fcber Doctolib werden <strong data-start=\"369\" data-end=\"459\">ausschlie\u00dflich von unserem Praxisb\u00fcro und unseren medizinischen Fachangestellten (MFA)<\/strong> gelesen. Viele organisatorische Fragen \u2013 z.\u202fB. Terminabsprachen oder Formulare \u2013 k\u00f6nnen wir direkt bearbeiten.<\/p>\n<p data-start=\"572\" data-end=\"837\"><strong data-start=\"572\" data-end=\"637\">Direkten schriftlichen Kontakt mit Ihrer \u00c4rztin gibt es nicht<\/strong>, da unsere \u00c4rztinnen w\u00e4hrend der Sprechzeiten durchgehend Patient:innen vor Ort oder in der Videosprechstunde betreuen. Sie haben daher keine Kapazit\u00e4ten, um zwischendurch schriftlich zu antworten.<\/p>\n<p data-start=\"839\" data-end=\"1081\">Wenn Ihr Anliegen medizinisch relevant ist, geben wir es intern weiter. Eine Einsch\u00e4tzung, Befundbesprechung oder medizinische Beratung erfolgt <strong data-start=\"983\" data-end=\"1026\">ausschlie\u00dflich im pers\u00f6nlichen Gespr\u00e4ch<\/strong> \u2013 entweder in der Praxis oder per Videosprechstunde.<\/p>\n<p data-start=\"1083\" data-end=\"1292\">Aus Gr\u00fcnden der <strong data-start=\"1099\" data-end=\"1118\">Datensicherheit<\/strong> nutzen wir Doctolib als einzigen digitalen Kommunikationsweg. Bitte senden Sie uns daher keine normalen E-Mails \u2013 Doctolib bietet einen sicheren, strukturierten Austausch.<\/p>\n<p data-start=\"1294\" data-end=\"1451\">Ein Vorteil: Sie k\u00f6nnen uns <strong data-start=\"1322\" data-end=\"1342\">in jeder Sprache<\/strong> schreiben. Wir nutzen ein <strong data-start=\"1369\" data-end=\"1389\">\u00dcbersetzungstool<\/strong>, um Ihre Nachricht zu verstehen und individuell zu reagieren.<\/p>\n<\/div><\/div><\/div><div class=\"fusion-panel panel-default fusion-faq-post fusion-faq-post-12691 allgemeinmedizinische-versorgung\"><span class=\"entry-title rich-snippet-hidden\">Ich habe psychische Probleme, kann ich damit auch zum Hausarzt kommen?<\/span><span class=\"vcard rich-snippet-hidden\"><span class=\"fn\"><a href=\"https:\/\/mvz-kreuzberg.de\/en\/author\/sonyoung\" title=\"Posts by sonyoung\" rel=\"author\">sonyoung<\/a><\/span><\/span><span class=\"updated rich-snippet-hidden\">2025-06-21T07:05:15+01:00<\/span><div class=\"panel-heading\"><h4 id=\"faq_1-12691\" class=\"panel-title toggle\"><a data-toggle=\"collapse\" class=\"collapsed\" data-target=\"#collapse-1-12691\" href=\"#collapse-1-12691\" aria-expanded=\"false\"><div class=\"fusion-toggle-icon-wrapper\"><div class=\"fusion-toggle-icon-wrapper-main\"><div class=\"fusion-toggle-icon-wrapper-sub\"><i class=\"fa-fusion-box active-icon fa-minus fas\" aria-hidden=\"true\"><\/i><i class=\"fa-fusion-box inactive-icon fa-plus fas\" aria-hidden=\"true\"><\/i><\/div><\/div><\/div><div class=\"fusion-toggle-heading\">Ich habe psychische Probleme, kann ich damit auch zum Hausarzt kommen?<\/div><\/a><\/h4><\/div><div id=\"collapse-1-12691\" aria-labelledby=\"faq_1-12691\" class=\"panel-collapse collapse\"><div class=\"panel-body toggle-content post-content\"><p data-start=\"306\" data-end=\"727\">Ja \u2013 bei psychischen oder vermuteten psychischen Problemen k\u00f6nnen Sie sich jederzeit zuerst an unsere Hausarztpraxis wenden. Unsere \u00c4rztinnen nehmen sich Zeit f\u00fcr ein Gespr\u00e4ch (eventuell auch in einem Folgetermin), k\u00f6nnen eine <strong data-start=\"510\" data-end=\"532\">erste Einsch\u00e4tzung<\/strong> vornehmen und bei Bedarf eine <strong data-start=\"563\" data-end=\"578\">\u00dcberweisung<\/strong> zu einer Fach\u00e4rztin oder einem Facharzt f\u00fcr Psychiatrie oder Psychotherapie ausstellen \u2013 in dringenden F\u00e4llen auch mit einem <strong data-start=\"704\" data-end=\"726\">Dringlichkeitscode<\/strong>.<\/p>\n<p data-start=\"729\" data-end=\"1052\">Bitte beachten Sie: Wir selbst bieten <strong data-start=\"767\" data-end=\"785\">keine Therapie<\/strong> oder langfristige psychiatrische Betreuung an. Auch k\u00f6nnen wir <strong data-start=\"849\" data-end=\"902\">keinen direkten Einfluss auf Psychotherapiepl\u00e4tze<\/strong> oder Facharzttermine nehmen. Wenn n\u00f6tig, geben wir Kontakt zum <strong data-start=\"966\" data-end=\"982\">Krisendienst<\/strong> weiter oder unterst\u00fctzen kurzfristig mit stabilisierender Begleitung.<\/p>\n<p data-start=\"1054\" data-end=\"1242\">Oft hilft es bereits, ernst genommen und medizinisch eingeordnet zu werden. Schreiben Sie uns gerne eine Nachricht \u00fcber Doctolib, wenn Sie unsicher sind, wie Sie am besten vorgehen sollen.<\/p>\n<\/div><\/div><\/div><div class=\"fusion-panel panel-default fusion-faq-post fusion-faq-post-12689 akute-hilfe\"><span class=\"entry-title rich-snippet-hidden\">Sind meine Beschwerden akut?<\/span><span class=\"vcard rich-snippet-hidden\"><span class=\"fn\"><a href=\"https:\/\/mvz-kreuzberg.de\/en\/author\/sonyoung\" title=\"Posts by sonyoung\" rel=\"author\">sonyoung<\/a><\/span><\/span><span class=\"updated rich-snippet-hidden\">2025-06-21T07:02:11+01:00<\/span><div class=\"panel-heading\"><h4 id=\"faq_1-12689\" class=\"panel-title toggle\"><a data-toggle=\"collapse\" class=\"collapsed\" data-target=\"#collapse-1-12689\" href=\"#collapse-1-12689\" aria-expanded=\"false\"><div class=\"fusion-toggle-icon-wrapper\"><div class=\"fusion-toggle-icon-wrapper-main\"><div class=\"fusion-toggle-icon-wrapper-sub\"><i class=\"fa-fusion-box active-icon fa-minus fas\" aria-hidden=\"true\"><\/i><i class=\"fa-fusion-box inactive-icon fa-plus fas\" aria-hidden=\"true\"><\/i><\/div><\/div><\/div><div class=\"fusion-toggle-heading\">Sind meine Beschwerden akut?<\/div><\/a><\/h4><\/div><div id=\"collapse-1-12689\" aria-labelledby=\"faq_1-12689\" class=\"panel-collapse collapse\"><div class=\"panel-body toggle-content post-content\"><p data-start=\"304\" data-end=\"591\">Ob Beschwerden akut sind, l\u00e4sst sich oft an ein paar Fragen erkennen: Haben Sie pl\u00f6tzlich starke Schmerzen? Hohes Fieber? Atemnot? Hat sich Ihr Zustand innerhalb kurzer Zeit deutlich verschlechtert? Sind Sie in Ihrer Bewegung, Atmung oder im Kreislauf stark eingeschr\u00e4nkt?<\/p>\n<p data-start=\"593\" data-end=\"825\">Wenn Sie eine dieser Fragen mit Ja beantworten, ist eine zeitnahe \u00e4rztliche Abkl\u00e4rung wichtig. Kommen Sie dann <strong data-start=\"704\" data-end=\"761\">in unsere offene Sprechstunde (Mo\u2013Fr, 9:00\u201310:00 Uhr)<\/strong> \u2013 bitte mit Maske, falls Symptome auf eine Infektion hindeuten.<\/p>\n<p data-start=\"827\" data-end=\"1028\">Sind Sie unsicher, schreiben Sie uns gerne eine <strong data-start=\"875\" data-end=\"902\">Nachricht \u00fcber Doctolib<\/strong> \u2013 wir helfen Ihnen bei der Einsch\u00e4tzung, ob ein akuter Besuch, ein regul\u00e4rer Termin oder eine Videosprechstunde sinnvoll ist.<\/p>\n<p data-start=\"1030\" data-end=\"1295\">Tipp: Ganz unten auf unserer Website finden Sie einen Link zum <strong data-start=\"1093\" data-end=\"1116\">Tool \u201eMeinArztAkut\u201c<\/strong>. Dort k\u00f6nnen Sie durch ein paar einfache Fragen selbst pr\u00fcfen, ob ein Arztbesuch zeitnah notwendig ist \u2013 und gegebenenfalls direkt einen Termin bei einer passenden Praxis buchen.<\/p>\n<\/div><\/div><\/div><div class=\"fusion-panel panel-default fusion-faq-post fusion-faq-post-12687 allgemeinmedizinische-versorgung akute-hilfe\"><span class=\"entry-title rich-snippet-hidden\">Muss ich f\u00fcr die offene Sprechstunde vorher anrufen?<\/span><span class=\"vcard rich-snippet-hidden\"><span class=\"fn\"><a href=\"https:\/\/mvz-kreuzberg.de\/en\/author\/sonyoung\" title=\"Posts by sonyoung\" rel=\"author\">sonyoung<\/a><\/span><\/span><span class=\"updated rich-snippet-hidden\">2025-06-21T06:47:45+01:00<\/span><div class=\"panel-heading\"><h4 id=\"faq_1-12687\" class=\"panel-title toggle\"><a data-toggle=\"collapse\" class=\"collapsed\" data-target=\"#collapse-1-12687\" href=\"#collapse-1-12687\" aria-expanded=\"false\"><div class=\"fusion-toggle-icon-wrapper\"><div class=\"fusion-toggle-icon-wrapper-main\"><div class=\"fusion-toggle-icon-wrapper-sub\"><i class=\"fa-fusion-box active-icon fa-minus fas\" aria-hidden=\"true\"><\/i><i class=\"fa-fusion-box inactive-icon fa-plus fas\" aria-hidden=\"true\"><\/i><\/div><\/div><\/div><div class=\"fusion-toggle-heading\">Muss ich f\u00fcr die offene Sprechstunde vorher anrufen?<\/div><\/a><\/h4><\/div><div id=\"collapse-1-12687\" aria-labelledby=\"faq_1-12687\" class=\"panel-collapse collapse\"><div class=\"panel-body toggle-content post-content\"><p data-start=\"307\" data-end=\"685\">F\u00fcr die offene Sprechstunde ist keine telefonische Anmeldung erforderlich \u2013 und organisatorisch auch nicht m\u00f6glich. Kommen Sie einfach <strong data-start=\"457\" data-end=\"488\">zwischen 9:00 und 10:00 Uhr<\/strong> direkt in die Praxis. Die offene Sprechstunde ist ausschlie\u00dflich f\u00fcr <strong data-start=\"558\" data-end=\"579\">akute Beschwerden<\/strong>, wie z.\u202fB. starke Schmerzen, pl\u00f6tzliches Fieber oder andere pl\u00f6tzlich auftretende Erkrankungen gedacht.<\/p>\n<p data-start=\"687\" data-end=\"845\">Bitte haben Sie Verst\u00e4ndnis, dass wir Sie ggf. nur beraten und dann einen regul\u00e4ren Termin vereinbaren, wenn es sich <strong data-start=\"804\" data-end=\"834\">nicht um einen akuten Fall<\/strong> handelt.<\/p>\n<p data-start=\"847\" data-end=\"1230\">Bei <strong data-start=\"851\" data-end=\"895\">m\u00f6glicherweise ansteckenden Erkrankungen<\/strong> wie Corona oder anderen meldepflichtigen Infektionen (z.\u202fB. Masern) kommen Sie bitte <strong data-start=\"981\" data-end=\"1004\">nicht unangek\u00fcndigt<\/strong> in die Praxis. Schreiben Sie uns eine <strong data-start=\"1043\" data-end=\"1070\">Nachricht \u00fcber Doctolib<\/strong>, idealerweise mit einem Foto des Testergebnisses \u2013 dann pr\u00fcfen wir, ob eine <strong data-start=\"1147\" data-end=\"1168\">Videosprechstunde<\/strong> m\u00f6glich ist oder ob Sie pers\u00f6nlich in die Praxis kommen k\u00f6nnen.<\/p>\n<\/div><\/div><\/div><div class=\"fusion-panel panel-default fusion-faq-post fusion-faq-post-12685 allgemeinmedizinische-versorgung digital-direkt\"><span class=\"entry-title rich-snippet-hidden\">Kann ich auch Krankschreibung oder Rezepte per Videosprechstunde erhalten?<\/span><span class=\"vcard rich-snippet-hidden\"><span class=\"fn\"><a href=\"https:\/\/mvz-kreuzberg.de\/en\/author\/sonyoung\" title=\"Posts by sonyoung\" rel=\"author\">sonyoung<\/a><\/span><\/span><span class=\"updated rich-snippet-hidden\">2025-06-21T06:36:02+01:00<\/span><div class=\"panel-heading\"><h4 id=\"faq_1-12685\" class=\"panel-title toggle\"><a data-toggle=\"collapse\" class=\"collapsed\" data-target=\"#collapse-1-12685\" href=\"#collapse-1-12685\" aria-expanded=\"false\"><div class=\"fusion-toggle-icon-wrapper\"><div class=\"fusion-toggle-icon-wrapper-main\"><div class=\"fusion-toggle-icon-wrapper-sub\"><i class=\"fa-fusion-box active-icon fa-minus fas\" aria-hidden=\"true\"><\/i><i class=\"fa-fusion-box inactive-icon fa-plus fas\" aria-hidden=\"true\"><\/i><\/div><\/div><\/div><div class=\"fusion-toggle-heading\">Kann ich auch Krankschreibung oder Rezepte per Videosprechstunde erhalten?<\/div><\/a><\/h4><\/div><div id=\"collapse-1-12685\" aria-labelledby=\"faq_1-12685\" class=\"panel-collapse collapse\"><div class=\"panel-body toggle-content post-content\"><p data-start=\"365\" data-end=\"810\">Ja, bei geeigneten Anliegen k\u00f6nnen Sie in der Videosprechstunde auch eine <strong data-start=\"454\" data-end=\"526\">Arbeitsunf\u00e4higkeitsbescheinigung (umgangssprachlich Krankschreibung)<\/strong> oder ein Rezept erhalten. Die \u00c4rztin pr\u00fcft dabei im Gespr\u00e4ch Ihre Angaben und entscheidet, ob eine digitale Ausstellung m\u00f6glich ist. Die <strong data-start=\"664\" data-end=\"671\">eAU<\/strong> wird direkt an Ihre Krankenkasse \u00fcbermittelt, das <strong data-start=\"722\" data-end=\"733\">eRezept<\/strong> digital hinterlegt und kann anschlie\u00dfend in der Apotheke eingel\u00f6st werden.<\/p>\n<p data-start=\"812\" data-end=\"1009\">Auch f\u00fcr die <strong data-start=\"825\" data-end=\"850\">Beratung zu Impfungen<\/strong>, <strong data-start=\"852\" data-end=\"875\">Befundbesprechungen<\/strong> oder kurze Nachfragen eignet sich die Videosprechstunde gut. Weitere Informationen zur eAU und zum eRezept finden Sie in unseren FAQ.<\/p>\n<\/div><\/div><\/div><div class=\"fusion-panel panel-default fusion-faq-post fusion-faq-post-12683\"><span class=\"entry-title rich-snippet-hidden\">Wie funktioniert die Videosprechstunde?<\/span><span class=\"vcard rich-snippet-hidden\"><span class=\"fn\"><a href=\"https:\/\/mvz-kreuzberg.de\/en\/author\/sonyoung\" title=\"Posts by sonyoung\" rel=\"author\">sonyoung<\/a><\/span><\/span><span class=\"updated rich-snippet-hidden\">2025-06-21T06:27:47+01:00<\/span><div class=\"panel-heading\"><h4 id=\"faq_1-12683\" class=\"panel-title toggle\"><a data-toggle=\"collapse\" class=\"collapsed\" data-target=\"#collapse-1-12683\" href=\"#collapse-1-12683\" aria-expanded=\"false\"><div class=\"fusion-toggle-icon-wrapper\"><div class=\"fusion-toggle-icon-wrapper-main\"><div class=\"fusion-toggle-icon-wrapper-sub\"><i class=\"fa-fusion-box active-icon fa-minus fas\" aria-hidden=\"true\"><\/i><i class=\"fa-fusion-box inactive-icon fa-plus fas\" aria-hidden=\"true\"><\/i><\/div><\/div><\/div><div class=\"fusion-toggle-heading\">Wie funktioniert die Videosprechstunde?<\/div><\/a><\/h4><\/div><div id=\"collapse-1-12683\" aria-labelledby=\"faq_1-12683\" class=\"panel-collapse collapse\"><div class=\"panel-body toggle-content post-content\"><p data-start=\"330\" data-end=\"764\">Die Videosprechstunde funktioniert einfach und sicher \u00fcber Doctolib. Buchen Sie online einen Termin mit dem Besuchsgrund \u201eVideosprechstunde\u201c. Vor dem Termin erhalten Sie eine Erinnerungsnachricht mit einem Link \u2013 entweder per E-Mail, SMS oder direkt \u00fcber Ihr Doctolib-Konto. Etwa zehn Minuten vor Beginn klicken Sie auf den Link und gelangen in einen digitalen Warteraum. Kamera und Mikrofon werden automatisch gepr\u00fcft.<\/p>\n<p data-start=\"766\" data-end=\"963\">Bitte achten Sie darauf, dass Sie eine stabile Internetverbindung haben \u2013 besonders bei der Nutzung mit dem Smartphone \u2013 und suchen Sie sich einen ruhigen Ort, an dem Sie ungest\u00f6rt sprechen k\u00f6nnen.<\/p>\n<p data-start=\"965\" data-end=\"1269\">Sobald Ihre \u00c4rztin verf\u00fcgbar ist, beginnt das Gespr\u00e4ch \u2013 genauso pers\u00f6nlich und vertraulich wie in der Praxis. Falls notwendig, k\u00f6nnen dabei auch Befunde besprochen oder Dokumente digital ausgestellt werden. Alle Inhalte sind datenschutzkonform gesichert und werden Ende-zu-Ende verschl\u00fcsselt \u00fcbertragen.<\/p>\n<\/div><\/div><\/div><div class=\"fusion-panel panel-default fusion-faq-post fusion-faq-post-12681 allgemeinmedizinische-versorgung digital-direkt\"><span class=\"entry-title rich-snippet-hidden\">Was ist der Unterschied zwischen Krankschreibung, Attest und Arbeitsunf\u00e4higkeitsbescheinigung?<\/span><span class=\"vcard rich-snippet-hidden\"><span class=\"fn\"><a href=\"https:\/\/mvz-kreuzberg.de\/en\/author\/sonyoung\" title=\"Posts by sonyoung\" rel=\"author\">sonyoung<\/a><\/span><\/span><span class=\"updated rich-snippet-hidden\">2025-06-21T06:20:20+01:00<\/span><div class=\"panel-heading\"><h4 id=\"faq_1-12681\" class=\"panel-title toggle\"><a data-toggle=\"collapse\" class=\"collapsed\" data-target=\"#collapse-1-12681\" href=\"#collapse-1-12681\" aria-expanded=\"false\"><div class=\"fusion-toggle-icon-wrapper\"><div class=\"fusion-toggle-icon-wrapper-main\"><div class=\"fusion-toggle-icon-wrapper-sub\"><i class=\"fa-fusion-box active-icon fa-minus fas\" aria-hidden=\"true\"><\/i><i class=\"fa-fusion-box inactive-icon fa-plus fas\" aria-hidden=\"true\"><\/i><\/div><\/div><\/div><div class=\"fusion-toggle-heading\">Was ist der Unterschied zwischen Krankschreibung, Attest und Arbeitsunf\u00e4higkeitsbescheinigung?<\/div><\/a><\/h4><\/div><div id=\"collapse-1-12681\" aria-labelledby=\"faq_1-12681\" class=\"panel-collapse collapse\"><div class=\"panel-body toggle-content post-content\"><p data-start=\"359\" data-end=\"856\"><strong data-start=\"359\" data-end=\"400\">Arbeitsunf\u00e4higkeitsbescheinigung (AU)<\/strong><br data-start=\"400\" data-end=\"403\" \/>Die sogenannte Krankschreibung ist der offizielle Nachweis, dass Sie aus medizinischen Gr\u00fcnden nicht arbeitsf\u00e4hig sind. Sie wird im Regelfall ab dem Tag der Untersuchung ausgestellt und ist eine Leistung der gesetzlichen Krankenversicherung. In begr\u00fcndeten F\u00e4llen kann sie bis zu drei Tage r\u00fcckwirkend ausgestellt werden. Die AU wird elektronisch an die Krankenkasse \u00fcbermittelt, wo der Arbeitgeber diese ebenfalls elektronisch abruft.<\/p>\n<p data-start=\"860\" data-end=\"1244\">\n<p data-start=\"860\" data-end=\"1244\"><strong data-start=\"860\" data-end=\"870\">Attest<\/strong><br data-start=\"870\" data-end=\"873\" \/>Ein Attest ist eine individuelle \u00e4rztliche Bescheinigung, zum Beispiel zur Vorlage bei Bildungseinrichtungen, Beh\u00f6rden oder dem Arbeitgeber (z.\u202fB. f\u00fcr Reisetauglichkeit, Sportuntauglichkeit etc.). Es ist keine Kassenleistung und kostet in der Regel 10\u202f\u20ac. Ein Attest kann nur f\u00fcr den aktuellen oder zuk\u00fcnftigen Tag ausgestellt werden \u2013 nicht r\u00fcckwirkend.<\/p>\n<p data-start=\"860\" data-end=\"1244\"><strong>Atteste werden bei uns nur vor Ort von einer \u00c4rztin ausgestellt. Eine digitale Anfrage\/Bearbeitung ist nicht m\u00f6glich.\u00a0<\/strong><\/p>\n<p data-start=\"1248\" data-end=\"1467\">\n<p data-start=\"1248\" data-end=\"1467\"><strong data-start=\"1248\" data-end=\"1265\">Bescheinigung<\/strong><br data-start=\"1265\" data-end=\"1268\" \/>Dies ist der <strong data-start=\"1283\" data-end=\"1305\">allgemeine Begriff<\/strong> f\u00fcr medizinische Nachweise, zu denen sowohl AU als auch Atteste z\u00e4hlen. Je nach Inhalt und Zweck gelten unterschiedliche Vorgaben zur Ausstellung und G\u00fcltigkeit.<\/p>\n<\/div><\/div><\/div><div class=\"fusion-panel panel-default fusion-faq-post fusion-faq-post-12627 digital-direkt\"><span class=\"entry-title rich-snippet-hidden\">Wie erhalte ich ein eRezept und wie l\u00f6se ich es ein?<\/span><span class=\"vcard rich-snippet-hidden\"><span class=\"fn\"><a href=\"https:\/\/mvz-kreuzberg.de\/en\/author\/sonyoung\" title=\"Posts by sonyoung\" rel=\"author\">sonyoung<\/a><\/span><\/span><span class=\"updated rich-snippet-hidden\">2025-07-02T19:20:10+01:00<\/span><div class=\"panel-heading\"><h4 id=\"faq_1-12627\" class=\"panel-title toggle\"><a data-toggle=\"collapse\" class=\"collapsed\" data-target=\"#collapse-1-12627\" href=\"#collapse-1-12627\" aria-expanded=\"false\"><div class=\"fusion-toggle-icon-wrapper\"><div class=\"fusion-toggle-icon-wrapper-main\"><div class=\"fusion-toggle-icon-wrapper-sub\"><i class=\"fa-fusion-box active-icon fa-minus fas\" aria-hidden=\"true\"><\/i><i class=\"fa-fusion-box inactive-icon fa-plus fas\" aria-hidden=\"true\"><\/i><\/div><\/div><\/div><div class=\"fusion-toggle-heading\">Wie erhalte ich ein eRezept und wie l\u00f6se ich es ein?<\/div><\/a><\/h4><\/div><div id=\"collapse-1-12627\" aria-labelledby=\"faq_1-12627\" class=\"panel-collapse collapse\"><div class=\"panel-body toggle-content post-content\"><p data-start=\"313\" data-end=\"482\">Wenn Sie gesetzlich versichert sind, k\u00f6nnen <strong data-start=\"372\" data-end=\"432\">Rezepte f\u00fcr verschreibungspflichtige Medikamente digital<\/strong> als sogenanntes <strong data-start=\"449\" data-end=\"460\">eRezept<\/strong> ausgestellt werden.<\/p>\n<p data-start=\"484\" data-end=\"775\">Nach Ausstellung wird das eRezept entweder:<br data-start=\"527\" data-end=\"530\" \/>\u2013 in Ihrer <strong data-start=\"541\" data-end=\"556\">eRezept-App<\/strong> bereitgestellt (https:\/\/www.das-e-rezept-fuer-deutschland.de\/)<\/p>\n<p data-start=\"484\" data-end=\"775\">\u2013 <strong data-start=\"614\" data-end=\"644\">\u00fcber Ihre Gesundheitskarte<\/strong> in der Apotheke abrufbar,<br data-start=\"670\" data-end=\"673\" \/>\u2013 oder Sie erhalten einen <strong data-start=\"699\" data-end=\"729\">Papierausdruck mit QR-Code<\/strong>, den Sie in jeder Apotheke einl\u00f6sen k\u00f6nnen.<\/p>\n<p data-start=\"777\" data-end=\"1058\"><strong data-start=\"777\" data-end=\"847\">Falls Sie Ihre Gesundheitskarte nicht besitzen oder verloren haben<\/strong>, ben\u00f6tigen wir einen <strong data-start=\"869\" data-end=\"903\">g\u00fcltigen Versicherungsnachweis<\/strong> (z.\u202fB. in Papierform oder als PDF). In diesem Fall erhalten Sie das eRezept als <strong data-start=\"984\" data-end=\"1002\">Papierausdruck<\/strong>, den Sie wie gewohnt in der Apotheke einl\u00f6sen k\u00f6nnen.<\/p>\n<\/div><\/div><\/div><div class=\"fusion-panel panel-default fusion-faq-post fusion-faq-post-12623 digital-direkt\"><span class=\"entry-title rich-snippet-hidden\">Ist das Hochladen von Dokumenten \u00fcber Doctolib sicher?<\/span><span class=\"vcard rich-snippet-hidden\"><span class=\"fn\"><a href=\"https:\/\/mvz-kreuzberg.de\/en\/author\/sonyoung\" title=\"Posts by sonyoung\" rel=\"author\">sonyoung<\/a><\/span><\/span><span class=\"updated rich-snippet-hidden\">2025-06-19T21:12:42+01:00<\/span><div class=\"panel-heading\"><h4 id=\"faq_1-12623\" class=\"panel-title toggle\"><a data-toggle=\"collapse\" class=\"collapsed\" data-target=\"#collapse-1-12623\" href=\"#collapse-1-12623\" aria-expanded=\"false\"><div class=\"fusion-toggle-icon-wrapper\"><div class=\"fusion-toggle-icon-wrapper-main\"><div class=\"fusion-toggle-icon-wrapper-sub\"><i class=\"fa-fusion-box active-icon fa-minus fas\" aria-hidden=\"true\"><\/i><i class=\"fa-fusion-box inactive-icon fa-plus fas\" aria-hidden=\"true\"><\/i><\/div><\/div><\/div><div class=\"fusion-toggle-heading\">Ist das Hochladen von Dokumenten \u00fcber Doctolib sicher?<\/div><\/a><\/h4><\/div><div id=\"collapse-1-12623\" aria-labelledby=\"faq_1-12623\" class=\"panel-collapse collapse\"><div class=\"panel-body toggle-content post-content\"><p data-start=\"370\" data-end=\"534\">Ja \u2013 das Hochladen von Dokumenten wie Ihrer <strong data-start=\"429\" data-end=\"449\">Gesundheitskarte<\/strong> oder medizinischen Unterlagen \u00fcber Doctolib ist <strong data-start=\"498\" data-end=\"531\">datenschutzkonform und sicher<\/strong>.<\/p>\n<p data-start=\"536\" data-end=\"877\">Doctolib ist nach den <strong data-start=\"558\" data-end=\"618\">international anerkannten Normen ISO\u202f27001 und ISO\u202f27701<\/strong> f\u00fcr Informationssicherheit zertifiziert und tr\u00e4gt das <strong data-start=\"673\" data-end=\"749\">C5-Testat des Bundesamts f\u00fcr Sicherheit in der Informationstechnik (BSI)<\/strong>. Ihre Daten werden verschl\u00fcsselt \u00fcbertragen und ausschlie\u00dflich in <strong data-start=\"816\" data-end=\"862\">Datencentern in Deutschland und Frankreich<\/strong> gespeichert.<\/p>\n<p data-start=\"879\" data-end=\"973\">Sie behalten jederzeit die Kontrolle dar\u00fcber, welche Praxis Zugriff auf welche Daten erh\u00e4lt.<\/p>\n<\/div><\/div><\/div><div class=\"fusion-panel panel-default fusion-faq-post fusion-faq-post-12615 allgemeinmedizinische-versorgung digital-direkt\"><span class=\"entry-title rich-snippet-hidden\">Ich habe einen Bericht vom Facharzt bekommen und m\u00f6chte den gerne besprechen, ist das m\u00f6glich?<\/span><span class=\"vcard rich-snippet-hidden\"><span class=\"fn\"><a href=\"https:\/\/mvz-kreuzberg.de\/en\/author\/sonyoung\" title=\"Posts by sonyoung\" rel=\"author\">sonyoung<\/a><\/span><\/span><span class=\"updated rich-snippet-hidden\">2025-06-19T21:06:22+01:00<\/span><div class=\"panel-heading\"><h4 id=\"faq_1-12615\" class=\"panel-title toggle\"><a data-toggle=\"collapse\" class=\"collapsed\" data-target=\"#collapse-1-12615\" href=\"#collapse-1-12615\" aria-expanded=\"false\"><div class=\"fusion-toggle-icon-wrapper\"><div class=\"fusion-toggle-icon-wrapper-main\"><div class=\"fusion-toggle-icon-wrapper-sub\"><i class=\"fa-fusion-box active-icon fa-minus fas\" aria-hidden=\"true\"><\/i><i class=\"fa-fusion-box inactive-icon fa-plus fas\" aria-hidden=\"true\"><\/i><\/div><\/div><\/div><div class=\"fusion-toggle-heading\">Ich habe einen Bericht vom Facharzt bekommen und m\u00f6chte den gerne besprechen, ist das m\u00f6glich?<\/div><\/a><\/h4><\/div><div id=\"collapse-1-12615\" aria-labelledby=\"faq_1-12615\" class=\"panel-collapse collapse\"><div class=\"panel-body toggle-content post-content\"><p data-start=\"304\" data-end=\"556\">Wenn Sie einen <strong data-start=\"334\" data-end=\"353\">Facharztbericht<\/strong> erhalten haben, k\u00f6nnen Sie uns diesen gern <strong data-start=\"397\" data-end=\"434\">vorab \u00fcber Doctolib als Nachricht<\/strong> schicken. Unsere \u00c4rztin pr\u00fcft, ob eine <strong data-start=\"474\" data-end=\"501\">kurze Befundbesprechung<\/strong> ausreicht oder ob ein l\u00e4ngerer Termin notwendig ist.<\/p>\n<p data-start=\"558\" data-end=\"714\">In vielen F\u00e4llen kann dann direkt ein <strong data-start=\"596\" data-end=\"623\">Termin mit Buchungscode<\/strong> zur Befundbesprechung vereinbart werden \u2013 den Code erhalten Sie ebenfalls \u00fcber Doctolib.<\/p>\n<p data-start=\"716\" data-end=\"885\">Wenn Sie <strong data-start=\"725\" data-end=\"750\">neu in unserer Praxis<\/strong> sind, senden Sie uns bitte auch fr\u00fchere Befunde. Nur mit vollst\u00e4ndiger \u00dcbersicht ist eine sinnvolle medizinische Einordnung m\u00f6glich.<\/p>\n<\/div><\/div><\/div><div class=\"fusion-panel panel-default fusion-faq-post fusion-faq-post-12604 allgemeinmedizinische-versorgung\"><span class=\"entry-title rich-snippet-hidden\">Ich spreche schlecht deutsch, kann ich eine Begleitperson f\u00fcr die \u00dcbersetzung mitbringen?<\/span><span class=\"vcard rich-snippet-hidden\"><span class=\"fn\"><a href=\"https:\/\/mvz-kreuzberg.de\/en\/author\/sonyoung\" title=\"Posts by sonyoung\" rel=\"author\">sonyoung<\/a><\/span><\/span><span class=\"updated rich-snippet-hidden\">2025-06-19T20:47:33+01:00<\/span><div class=\"panel-heading\"><h4 id=\"faq_1-12604\" class=\"panel-title toggle\"><a data-toggle=\"collapse\" class=\"collapsed\" data-target=\"#collapse-1-12604\" href=\"#collapse-1-12604\" aria-expanded=\"false\"><div class=\"fusion-toggle-icon-wrapper\"><div class=\"fusion-toggle-icon-wrapper-main\"><div class=\"fusion-toggle-icon-wrapper-sub\"><i class=\"fa-fusion-box active-icon fa-minus fas\" aria-hidden=\"true\"><\/i><i class=\"fa-fusion-box inactive-icon fa-plus fas\" aria-hidden=\"true\"><\/i><\/div><\/div><\/div><div class=\"fusion-toggle-heading\">Ich spreche schlecht deutsch, kann ich eine Begleitperson f\u00fcr die \u00dcbersetzung mitbringen?<\/div><\/a><\/h4><\/div><div id=\"collapse-1-12604\" aria-labelledby=\"faq_1-12604\" class=\"panel-collapse collapse\"><div class=\"panel-body toggle-content post-content\"><p data-start=\"317\" data-end=\"579\">Wenn Sie <strong data-start=\"341\" data-end=\"371\">nicht gut Deutsch sprechen<\/strong>, k\u00f6nnen Sie gerne eine <strong data-start=\"395\" data-end=\"431\">Vertrauensperson zur \u00dcbersetzung<\/strong> mitbringen. Bitte kommen Sie <strong data-start=\"461\" data-end=\"499\">nicht mit mehreren Begleitpersonen<\/strong> \u2013 eine Person reicht aus und hilft, den Ablauf in der Praxis ruhig zu halten.<\/p>\n<p data-start=\"581\" data-end=\"751\">Auch bei der <strong data-start=\"594\" data-end=\"635\">digitalen Kommunikation \u00fcber Doctolib<\/strong> kann eine vertraute Person unterst\u00fctzen \u2013 z.\u202fB. beim Ausf\u00fcllen von Formularen oder dem Schreiben von Nachrichten.<\/p>\n<p data-start=\"753\" data-end=\"923\">Wenn Sie m\u00f6chten, k\u00f6nnen Sie uns in einer kurzen Notiz mitteilen, in welchem Verh\u00e4ltnis Sie zur helfenden Person stehen (z.\u202fB. Familienmitglied, Freund:in, Nachbar:in).<\/p>\n<\/div><\/div><\/div><div class=\"fusion-panel panel-default fusion-faq-post fusion-faq-post-12593 allgemeinmedizinische-versorgung digital-direkt akute-hilfe\"><span class=\"entry-title rich-snippet-hidden\">Ich habe einen positiven Corona Test, kann ich trotzdem in die Praxis kommen?<\/span><span class=\"vcard rich-snippet-hidden\"><span class=\"fn\"><a href=\"https:\/\/mvz-kreuzberg.de\/en\/author\/sonyoung\" title=\"Posts by sonyoung\" rel=\"author\">sonyoung<\/a><\/span><\/span><span class=\"updated rich-snippet-hidden\">2025-06-19T20:40:52+01:00<\/span><div class=\"panel-heading\"><h4 id=\"faq_1-12593\" class=\"panel-title toggle\"><a data-toggle=\"collapse\" class=\"collapsed\" data-target=\"#collapse-1-12593\" href=\"#collapse-1-12593\" aria-expanded=\"false\"><div class=\"fusion-toggle-icon-wrapper\"><div class=\"fusion-toggle-icon-wrapper-main\"><div class=\"fusion-toggle-icon-wrapper-sub\"><i class=\"fa-fusion-box active-icon fa-minus fas\" aria-hidden=\"true\"><\/i><i class=\"fa-fusion-box inactive-icon fa-plus fas\" aria-hidden=\"true\"><\/i><\/div><\/div><\/div><div class=\"fusion-toggle-heading\">Ich habe einen positiven Corona Test, kann ich trotzdem in die Praxis kommen?<\/div><\/a><\/h4><\/div><div id=\"collapse-1-12593\" aria-labelledby=\"faq_1-12593\" class=\"panel-collapse collapse\"><div class=\"panel-body toggle-content post-content\"><p data-start=\"367\" data-end=\"636\">Wenn Sie einen <strong data-start=\"397\" data-end=\"422\">positiven Corona-Test<\/strong> haben und <strong data-start=\"433\" data-end=\"463\">grippe\u00e4hnliche Beschwerden<\/strong>, senden Sie uns bitte ein <strong data-start=\"490\" data-end=\"518\">Foto des Testergebnisses<\/strong> \u00fcber Doctolib und nutzen Sie unsere <strong data-start=\"555\" data-end=\"575\">digitale Anfrage<\/strong>, um eine Arbeitsunf\u00e4higkeitsbescheinigung (AU) anzufragen.<\/p>\n<p data-start=\"638\" data-end=\"824\">Wenn Sie eine <strong data-start=\"652\" data-end=\"674\">\u00e4rztliche Beratung<\/strong> w\u00fcnschen, buchen Sie bitte eine <strong data-start=\"707\" data-end=\"728\">Videosprechstunde<\/strong>. Die \u00c4rztin entscheidet dann individuell, ob eine <strong data-start=\"779\" data-end=\"817\">pers\u00f6nliche Untersuchung notwendig<\/strong> ist.<\/p>\n<p data-start=\"826\" data-end=\"1021\">In diesem Fall d\u00fcrfen Sie <strong data-start=\"852\" data-end=\"872\">nach R\u00fccksprache<\/strong> und mit <strong data-start=\"881\" data-end=\"890\">Maske<\/strong> in die Praxis kommen. Bitte kommen Sie <strong data-start=\"930\" data-end=\"953\">nicht unangek\u00fcndigt<\/strong> vorbei \u2013 so sch\u00fctzen wir andere Patient:innen und das Praxisteam.<\/p>\n<\/div><\/div><\/div><div class=\"fusion-panel panel-default fusion-faq-post fusion-faq-post-12579 allgemeinmedizinische-versorgung\"><span class=\"entry-title rich-snippet-hidden\">Kann ich auch in einer anderen Sprache beraten werden, wenn ja, in welcher?<\/span><span class=\"vcard rich-snippet-hidden\"><span class=\"fn\"><a href=\"https:\/\/mvz-kreuzberg.de\/en\/author\/sonyoung\" title=\"Posts by sonyoung\" rel=\"author\">sonyoung<\/a><\/span><\/span><span class=\"updated rich-snippet-hidden\">2025-06-19T20:28:42+01:00<\/span><div class=\"panel-heading\"><h4 id=\"faq_1-12579\" class=\"panel-title toggle\"><a data-toggle=\"collapse\" class=\"collapsed\" data-target=\"#collapse-1-12579\" href=\"#collapse-1-12579\" aria-expanded=\"false\"><div class=\"fusion-toggle-icon-wrapper\"><div class=\"fusion-toggle-icon-wrapper-main\"><div class=\"fusion-toggle-icon-wrapper-sub\"><i class=\"fa-fusion-box active-icon fa-minus fas\" aria-hidden=\"true\"><\/i><i class=\"fa-fusion-box inactive-icon fa-plus fas\" aria-hidden=\"true\"><\/i><\/div><\/div><\/div><div class=\"fusion-toggle-heading\">Kann ich auch in einer anderen Sprache beraten werden, wenn ja, in welcher?<\/div><\/a><\/h4><\/div><div id=\"collapse-1-12579\" aria-labelledby=\"faq_1-12579\" class=\"panel-collapse collapse\"><div class=\"panel-body toggle-content post-content\"><p data-start=\"283\" data-end=\"455\">Grunds\u00e4tzlich findet die medizinische Beratung bei uns auf <strong data-start=\"357\" data-end=\"368\">Deutsch<\/strong> oder <strong data-start=\"374\" data-end=\"386\">Englisch<\/strong> statt \u2013 in beiden Sprachen ist eine sichere Verst\u00e4ndigung m\u00f6glich.<\/p>\n<p data-start=\"457\" data-end=\"701\">Einige unserer \u00c4rztinnen sprechen zus\u00e4tzlich <strong data-start=\"502\" data-end=\"522\">weitere Sprachen<\/strong>. Diese sind auf unserer <strong data-start=\"547\" data-end=\"560\">Teamseite<\/strong> aufgef\u00fchrt. Im Online-Buchungskalender finden Sie auch Hinweise zu speziellen <strong data-start=\"617\" data-end=\"657\">Sprechstunden in bestimmten Sprachen<\/strong>.<\/p>\n<p data-start=\"703\" data-end=\"870\"><strong>Bitte beachten Sie:<\/strong> In der <strong data-start=\"730\" data-end=\"754\">offenen Sprechstunde<\/strong> ist die Arztwahl nicht m\u00f6glich \u2013 eine Beratung in der gew\u00fcnschten Sprache kann daher <strong data-start=\"840\" data-end=\"860\">nicht garantiert<\/strong> werden.<\/p>\n<p data-start=\"872\" data-end=\"1103\">Auch unsere Mitarbeitenden am Empfang sprechen nicht alle Sprachen. Bei organisatorischen Fragen k\u00f6nnen Sie uns gerne \u00fcber Doctolib eine Nachricht schreiben \u2013 wir nutzen ein \u00dcbersetzungstool, um Ihr Anliegen zu verstehen.<\/p>\n<\/div><\/div><\/div><div class=\"fusion-panel panel-default fusion-faq-post fusion-faq-post-12498 allgemeinmedizinische-versorgung digital-direkt\"><span class=\"entry-title rich-snippet-hidden\">Ich habe einen Termin beim Facharzt, brauche jetzt aber eine \u00dcberweisung, muss ich daf\u00fcr in die Praxis kommen?<\/span><span class=\"vcard rich-snippet-hidden\"><span class=\"fn\"><a href=\"https:\/\/mvz-kreuzberg.de\/en\/author\/sonyoung\" title=\"Posts by sonyoung\" rel=\"author\">sonyoung<\/a><\/span><\/span><span class=\"updated rich-snippet-hidden\">2025-06-19T06:36:46+01:00<\/span><div class=\"panel-heading\"><h4 id=\"faq_1-12498\" class=\"panel-title toggle\"><a data-toggle=\"collapse\" class=\"collapsed\" data-target=\"#collapse-1-12498\" href=\"#collapse-1-12498\" aria-expanded=\"false\"><div class=\"fusion-toggle-icon-wrapper\"><div class=\"fusion-toggle-icon-wrapper-main\"><div class=\"fusion-toggle-icon-wrapper-sub\"><i class=\"fa-fusion-box active-icon fa-minus fas\" aria-hidden=\"true\"><\/i><i class=\"fa-fusion-box inactive-icon fa-plus fas\" aria-hidden=\"true\"><\/i><\/div><\/div><\/div><div class=\"fusion-toggle-heading\">Ich habe einen Termin beim Facharzt, brauche jetzt aber eine \u00dcberweisung, muss ich daf\u00fcr in die Praxis kommen?<\/div><\/a><\/h4><\/div><div id=\"collapse-1-12498\" aria-labelledby=\"faq_1-12498\" class=\"panel-collapse collapse\"><div class=\"panel-body toggle-content post-content\"><p data-start=\"336\" data-end=\"442\">Wenn Sie einen <strong data-start=\"366\" data-end=\"384\">Facharzttermin<\/strong> haben und eine <strong data-start=\"400\" data-end=\"415\">\u00dcberweisung<\/strong> ben\u00f6tigen, gilt Folgendes:<\/p>\n<ul data-start=\"444\" data-end=\"867\">\n<li data-start=\"444\" data-end=\"663\">\n<p data-start=\"446\" data-end=\"663\">Bei <strong data-start=\"450\" data-end=\"493\">chronischen oder bekannten Erkrankungen<\/strong> (z.\u202fB. regelm\u00e4\u00dfige Kontrollen beim Kardiologen, Diabetologen, Orthop\u00e4den) kann die \u00dcberweisung in der Regel <strong data-start=\"602\" data-end=\"653\">ohne erneuten Arzttermin digital bereitgestellt<\/strong> werden.<\/p>\n<\/li>\n<li data-start=\"664\" data-end=\"867\">\n<p data-start=\"666\" data-end=\"867\">Wenn der Facharztbesuch auf <strong data-start=\"694\" data-end=\"727\">neue oder unklare Beschwerden<\/strong> zur\u00fcckgeht, bitten wir um einen <strong data-start=\"760\" data-end=\"790\">kurzen Sprechstundentermin<\/strong>, damit unsere \u00c4rztin die Indikation nachvollziehen und ggf. erg\u00e4nzen kann.<\/p>\n<\/li>\n<\/ul>\n<p data-start=\"869\" data-end=\"973\">Bitte nutzen Sie in beiden F\u00e4llen unser <strong data-start=\"909\" data-end=\"938\">digitales Anfrageformular<\/strong>, um die \u00dcberweisung anzufordern.<\/p>\n<\/div><\/div><\/div><div class=\"fusion-panel panel-default fusion-faq-post fusion-faq-post-12496 laborleistung\"><span class=\"entry-title rich-snippet-hidden\">Wie erhalte ich meine Laborergebnisse?<\/span><span class=\"vcard rich-snippet-hidden\"><span class=\"fn\"><a href=\"https:\/\/mvz-kreuzberg.de\/en\/author\/sonyoung\" title=\"Posts by sonyoung\" rel=\"author\">sonyoung<\/a><\/span><\/span><span class=\"updated rich-snippet-hidden\">2025-06-19T06:22:23+01:00<\/span><div class=\"panel-heading\"><h4 id=\"faq_1-12496\" class=\"panel-title toggle\"><a data-toggle=\"collapse\" class=\"collapsed\" data-target=\"#collapse-1-12496\" href=\"#collapse-1-12496\" aria-expanded=\"false\"><div class=\"fusion-toggle-icon-wrapper\"><div class=\"fusion-toggle-icon-wrapper-main\"><div class=\"fusion-toggle-icon-wrapper-sub\"><i class=\"fa-fusion-box active-icon fa-minus fas\" aria-hidden=\"true\"><\/i><i class=\"fa-fusion-box inactive-icon fa-plus fas\" aria-hidden=\"true\"><\/i><\/div><\/div><\/div><div class=\"fusion-toggle-heading\">Wie erhalte ich meine Laborergebnisse?<\/div><\/a><\/h4><\/div><div id=\"collapse-1-12496\" aria-labelledby=\"faq_1-12496\" class=\"panel-collapse collapse\"><div class=\"panel-body toggle-content post-content\"><p data-start=\"329\" data-end=\"454\">Sobald Ihre <strong data-start=\"356\" data-end=\"370\">Laborwerte<\/strong> bei uns vorliegen, senden wir Ihnen diese in der Regel <strong data-start=\"426\" data-end=\"451\">digital \u00fcber Doctolib<\/strong>.<\/p>\n<p data-start=\"456\" data-end=\"726\">Bitte beachten Sie: Beim digitalen Versand erfolgt <strong data-start=\"507\" data-end=\"556\">keine medizinische Einsch\u00e4tzung oder Beratung<\/strong>. F\u00fcr eine pers\u00f6nliche Einordnung Ihrer Werte k\u00f6nnen Sie <strong data-start=\"613\" data-end=\"659\">zeitnah einen Termin zur Befundbesprechung<\/strong> buchen \u2013 den passenden Buchungscode erhalten Sie mit dem Befund.<\/p>\n<p data-start=\"728\" data-end=\"967\"><strong data-start=\"728\" data-end=\"766\">Auff\u00e4llige oder dringliche Befunde<\/strong> werden vom Labor direkt an uns gemeldet. In solchen F\u00e4llen <strong data-start=\"826\" data-end=\"863\">melden wir uns umgehend bei Ihnen<\/strong>, meist telefonisch. Deshalb ist es wichtig, dass wir Ihre <strong data-start=\"922\" data-end=\"948\">aktuelle Telefonnummer<\/strong> im System haben.<\/p>\n<p data-start=\"969\" data-end=\"1077\">Wenn Sie nach etwa 5 Werktagen nichts erhalten haben, schreiben Sie uns gern eine Nachricht \u00fcber Doctolib.<\/p>\n<\/div><\/div><\/div><div class=\"fusion-panel panel-default fusion-faq-post fusion-faq-post-12494 allgemeinmedizinische-versorgung digital-direkt\"><span class=\"entry-title rich-snippet-hidden\">Ich war im Krankenhaus und habe einen Medikamentenplan erhalten, muss ich in die Praxis kommen um die Rezepte zu erhalten?<\/span><span class=\"vcard rich-snippet-hidden\"><span class=\"fn\"><a href=\"https:\/\/mvz-kreuzberg.de\/en\/author\/sonyoung\" title=\"Posts by sonyoung\" rel=\"author\">sonyoung<\/a><\/span><\/span><span class=\"updated rich-snippet-hidden\">2025-06-19T06:11:25+01:00<\/span><div class=\"panel-heading\"><h4 id=\"faq_1-12494\" class=\"panel-title toggle\"><a data-toggle=\"collapse\" class=\"collapsed\" data-target=\"#collapse-1-12494\" href=\"#collapse-1-12494\" aria-expanded=\"false\"><div class=\"fusion-toggle-icon-wrapper\"><div class=\"fusion-toggle-icon-wrapper-main\"><div class=\"fusion-toggle-icon-wrapper-sub\"><i class=\"fa-fusion-box active-icon fa-minus fas\" aria-hidden=\"true\"><\/i><i class=\"fa-fusion-box inactive-icon fa-plus fas\" aria-hidden=\"true\"><\/i><\/div><\/div><\/div><div class=\"fusion-toggle-heading\">Ich war im Krankenhaus und habe einen Medikamentenplan erhalten, muss ich in die Praxis kommen um die Rezepte zu erhalten?<\/div><\/a><\/h4><\/div><div id=\"collapse-1-12494\" aria-labelledby=\"faq_1-12494\" class=\"panel-collapse collapse\"><div class=\"panel-body toggle-content post-content\"><p data-start=\"401\" data-end=\"693\">Wenn Sie nach einem Krankenhausaufenthalt einen <strong data-start=\"464\" data-end=\"490\">neuen Medikamentenplan<\/strong> erhalten haben, senden Sie uns bitte den <strong data-start=\"532\" data-end=\"584\">Arztbrief oder Entlassungsbericht mit Medikation<\/strong> \u00fcber die Nachrichtenfunktion von Doctolib \u2013 inklusive Foto Ihrer Gesundheitskarte (Vorder- und R\u00fcckseite).<\/p>\n<p data-start=\"695\" data-end=\"931\">F\u00fcr <strong data-start=\"699\" data-end=\"724\">Bestandspatient:innen<\/strong> kann unsere \u00c4rztin die Medikation in der Regel pr\u00fcfen und die <strong data-start=\"787\" data-end=\"817\">Rezepte digital ausstellen<\/strong>. Ein Praxisbesuch ist dann <strong data-start=\"845\" data-end=\"874\">nicht sofort erforderlich<\/strong> \u2013 die Nachkontrolle erfolgt bei einem sp\u00e4teren Termin.<\/p>\n<p data-start=\"933\" data-end=\"1084\">F\u00fcr <strong data-start=\"937\" data-end=\"957\">Neupatient:innen<\/strong> gilt: Wir ben\u00f6tigen vor Ausstellung ein pers\u00f6nliches Gespr\u00e4ch. Bitte buchen Sie daf\u00fcr einen <strong data-start=\"1050\" data-end=\"1081\">Sprechstundentermin vor Ort<\/strong>.<\/p>\n<\/div><\/div><\/div><div class=\"fusion-panel panel-default fusion-faq-post fusion-faq-post-12492 allgemeinmedizinische-versorgung\"><span class=\"entry-title rich-snippet-hidden\">Was ist ein Lungenfunktionstest und warum ist das notwendig?<\/span><span class=\"vcard rich-snippet-hidden\"><span class=\"fn\"><a href=\"https:\/\/mvz-kreuzberg.de\/en\/author\/sonyoung\" title=\"Posts by sonyoung\" rel=\"author\">sonyoung<\/a><\/span><\/span><span class=\"updated rich-snippet-hidden\">2025-06-19T05:59:19+01:00<\/span><div class=\"panel-heading\"><h4 id=\"faq_1-12492\" class=\"panel-title toggle\"><a data-toggle=\"collapse\" class=\"collapsed\" data-target=\"#collapse-1-12492\" href=\"#collapse-1-12492\" aria-expanded=\"false\"><div class=\"fusion-toggle-icon-wrapper\"><div class=\"fusion-toggle-icon-wrapper-main\"><div class=\"fusion-toggle-icon-wrapper-sub\"><i class=\"fa-fusion-box active-icon fa-minus fas\" aria-hidden=\"true\"><\/i><i class=\"fa-fusion-box inactive-icon fa-plus fas\" aria-hidden=\"true\"><\/i><\/div><\/div><\/div><div class=\"fusion-toggle-heading\">Was ist ein Lungenfunktionstest und warum ist das notwendig?<\/div><\/a><\/h4><\/div><div id=\"collapse-1-12492\" aria-labelledby=\"faq_1-12492\" class=\"panel-collapse collapse\"><div class=\"panel-body toggle-content post-content\"><p data-start=\"217\" data-end=\"362\">Ein <strong data-start=\"236\" data-end=\"259\">Lungenfunktionstest<\/strong> (auch: Spirometrie) misst, wie viel Luft Sie ein- und ausatmen k\u00f6nnen und wie schnell das geschieht.<\/p>\n<p data-start=\"364\" data-end=\"597\">Diese Untersuchung ist <strong data-start=\"387\" data-end=\"432\">schmerzfrei und dauert nur wenige Minuten<\/strong>. Sie wird bei <strong data-start=\"447\" data-end=\"504\">Atembeschwerden, chronischem Husten, Asthma oder COPD<\/strong> durchgef\u00fchrt \u2013 aber auch zur <strong data-start=\"534\" data-end=\"569\">Verlaufskontrolle oder Vorsorge<\/strong>, z.\u202fB. bei Raucher:innen.<\/p>\n<p data-start=\"599\" data-end=\"757\">Mit dem Test kann die \u00c4rztin erkennen, ob eine <strong data-start=\"646\" data-end=\"672\">Lungenfunktionsst\u00f6rung<\/strong> vorliegt und ob ggf. eine weiterf\u00fchrende Behandlung oder Medikation notwendig ist.<\/p>\n<\/div><\/div><\/div><div class=\"fusion-panel panel-default fusion-faq-post fusion-faq-post-12490 allgemeinmedizinische-versorgung\"><span class=\"entry-title rich-snippet-hidden\">Was ist ein EKG und warum ist das notwendig?<\/span><span class=\"vcard rich-snippet-hidden\"><span class=\"fn\"><a href=\"https:\/\/mvz-kreuzberg.de\/en\/author\/sonyoung\" title=\"Posts by sonyoung\" rel=\"author\">sonyoung<\/a><\/span><\/span><span class=\"updated rich-snippet-hidden\">2025-06-19T05:50:12+01:00<\/span><div class=\"panel-heading\"><h4 id=\"faq_1-12490\" class=\"panel-title toggle\"><a data-toggle=\"collapse\" class=\"collapsed\" data-target=\"#collapse-1-12490\" href=\"#collapse-1-12490\" aria-expanded=\"false\"><div class=\"fusion-toggle-icon-wrapper\"><div class=\"fusion-toggle-icon-wrapper-main\"><div class=\"fusion-toggle-icon-wrapper-sub\"><i class=\"fa-fusion-box active-icon fa-minus fas\" aria-hidden=\"true\"><\/i><i class=\"fa-fusion-box inactive-icon fa-plus fas\" aria-hidden=\"true\"><\/i><\/div><\/div><\/div><div class=\"fusion-toggle-heading\">Was ist ein EKG und warum ist das notwendig?<\/div><\/a><\/h4><\/div><div id=\"collapse-1-12490\" aria-labelledby=\"faq_1-12490\" class=\"panel-collapse collapse\"><div class=\"panel-body toggle-content post-content\"><p data-start=\"212\" data-end=\"395\">Ein <strong data-start=\"231\" data-end=\"238\">EKG<\/strong> (Elektrokardiogramm) ist eine <strong data-start=\"269\" data-end=\"298\">schmerzfreie Untersuchung<\/strong>, bei der die <strong data-start=\"312\" data-end=\"349\">elektrische Aktivit\u00e4t des Herzens<\/strong> \u00fcber Elektroden auf der Haut gemessen wird.<\/p>\n<p data-start=\"397\" data-end=\"709\">Ein EKG kann Hinweise auf viele Herzprobleme geben \u2013 z.\u202fB. <strong data-start=\"456\" data-end=\"505\">Herzrhythmusst\u00f6rungen, Durchblutungsst\u00f6rungen<\/strong> oder <strong data-start=\"511\" data-end=\"542\">vorangegangene Herzinfarkte<\/strong>. Es wird oft bei <strong data-start=\"560\" data-end=\"616\">Brustschmerzen, Herzstolpern, Luftnot oder Schwindel<\/strong> eingesetzt, aber auch zur <strong data-start=\"643\" data-end=\"678\">Vorsorge oder Verlaufskontrolle<\/strong> bei bestimmten Erkrankungen.<\/p>\n<p data-start=\"711\" data-end=\"811\">Das EKG dauert nur wenige Minuten und liefert sofort wichtige Informationen \u00fcber die Herzfunktion.<\/p>\n<\/div><\/div><\/div><div class=\"fusion-panel panel-default fusion-faq-post fusion-faq-post-12488 digital-direkt\"><span class=\"entry-title rich-snippet-hidden\">Was kann in der Videosprechstunde behandelt werden \u2013 was nicht?<\/span><span class=\"vcard rich-snippet-hidden\"><span class=\"fn\"><a href=\"https:\/\/mvz-kreuzberg.de\/en\/author\/sonyoung\" title=\"Posts by sonyoung\" rel=\"author\">sonyoung<\/a><\/span><\/span><span class=\"updated rich-snippet-hidden\">2025-06-19T05:47:00+01:00<\/span><div class=\"panel-heading\"><h4 id=\"faq_1-12488\" class=\"panel-title toggle\"><a data-toggle=\"collapse\" class=\"collapsed\" data-target=\"#collapse-1-12488\" href=\"#collapse-1-12488\" aria-expanded=\"false\"><div class=\"fusion-toggle-icon-wrapper\"><div class=\"fusion-toggle-icon-wrapper-main\"><div class=\"fusion-toggle-icon-wrapper-sub\"><i class=\"fa-fusion-box active-icon fa-minus fas\" aria-hidden=\"true\"><\/i><i class=\"fa-fusion-box inactive-icon fa-plus fas\" aria-hidden=\"true\"><\/i><\/div><\/div><\/div><div class=\"fusion-toggle-heading\">Was kann in der Videosprechstunde behandelt werden \u2013 was nicht?<\/div><\/a><\/h4><\/div><div id=\"collapse-1-12488\" aria-labelledby=\"faq_1-12488\" class=\"panel-collapse collapse\"><div class=\"panel-body toggle-content post-content\"><p data-start=\"226\" data-end=\"421\">In der <strong data-start=\"248\" data-end=\"269\">Videosprechstunde<\/strong> k\u00f6nnen viele medizinische Anliegen gut besprochen werden \u2013 besonders, wenn es um Beratung, Befunde oder Verlaufskontrollen geht. Geeignet sind z.\u202fB.:<\/p>\n<ul data-start=\"422\" data-end=\"650\">\n<li data-start=\"422\" data-end=\"471\">\n<p data-start=\"424\" data-end=\"471\">Verlaufsbesprechungen chronischer Beschwerden<\/p>\n<\/li>\n<li data-start=\"472\" data-end=\"521\">\n<p data-start=\"474\" data-end=\"521\">Beratung zu Laborwerten oder Facharztbefunden<\/p>\n<\/li>\n<li data-start=\"522\" data-end=\"552\">\n<p data-start=\"524\" data-end=\"552\">R\u00fcckfragen zu Medikamenten<\/p>\n<\/li>\n<li data-start=\"553\" data-end=\"579\">\n<p data-start=\"555\" data-end=\"579\">Psychosoziale Anliegen<\/p>\n<\/li>\n<li data-start=\"580\" data-end=\"650\">\n<p data-start=\"582\" data-end=\"650\">Ausstellung einfacher Folgebescheinigungen (nach \u00e4rztlicher Pr\u00fcfung)<\/p>\n<\/li>\n<\/ul>\n<p data-start=\"652\" data-end=\"703\"><strong data-start=\"652\" data-end=\"670\">Nicht geeignet<\/strong> ist die Videosprechstunde f\u00fcr:<\/p>\n<ul data-start=\"704\" data-end=\"980\">\n<li data-start=\"704\" data-end=\"772\">\n<p data-start=\"706\" data-end=\"772\"><strong data-start=\"706\" data-end=\"724\">Akute Notf\u00e4lle<\/strong> (z.\u202fB. Brustschmerzen, Atemnot, hohes Fieber)<\/p>\n<\/li>\n<li data-start=\"773\" data-end=\"868\">\n<p data-start=\"775\" data-end=\"868\"><strong data-start=\"775\" data-end=\"805\">K\u00f6rperliche Untersuchungen<\/strong>, die z.\u202fB. Abh\u00f6ren, Abtasten oder Blutdruckmessung erfordern<\/p>\n<\/li>\n<li data-start=\"869\" data-end=\"980\">\n<p data-start=\"871\" data-end=\"980\"><strong data-start=\"871\" data-end=\"916\">Erste Einsch\u00e4tzungen unklarer Beschwerden<\/strong>, bei denen eine genaue k\u00f6rperliche Untersuchung notwendig ist<\/p>\n<\/li>\n<\/ul>\n<p data-start=\"982\" data-end=\"1147\">Ob ein Anliegen per Video m\u00f6glich ist, entscheidet die \u00c4rztin im Einzelfall. Falls n\u00f6tig, werden Sie nach der Videosprechstunde zu einem Vor-Ort-Termin eingeladen.<\/p>\n<\/div><\/div><\/div><div class=\"fusion-panel panel-default fusion-faq-post fusion-faq-post-12486 digital-direkt\"><span class=\"entry-title rich-snippet-hidden\">Was brauche ich technisch f\u00fcr die Videosprechstunde?<\/span><span class=\"vcard rich-snippet-hidden\"><span class=\"fn\"><a href=\"https:\/\/mvz-kreuzberg.de\/en\/author\/sonyoung\" title=\"Posts by sonyoung\" rel=\"author\">sonyoung<\/a><\/span><\/span><span class=\"updated rich-snippet-hidden\">2025-06-19T05:41:14+01:00<\/span><div class=\"panel-heading\"><h4 id=\"faq_1-12486\" class=\"panel-title toggle\"><a data-toggle=\"collapse\" class=\"collapsed\" data-target=\"#collapse-1-12486\" href=\"#collapse-1-12486\" aria-expanded=\"false\"><div class=\"fusion-toggle-icon-wrapper\"><div class=\"fusion-toggle-icon-wrapper-main\"><div class=\"fusion-toggle-icon-wrapper-sub\"><i class=\"fa-fusion-box active-icon fa-minus fas\" aria-hidden=\"true\"><\/i><i class=\"fa-fusion-box inactive-icon fa-plus fas\" aria-hidden=\"true\"><\/i><\/div><\/div><\/div><div class=\"fusion-toggle-heading\">Was brauche ich technisch f\u00fcr die Videosprechstunde?<\/div><\/a><\/h4><\/div><div id=\"collapse-1-12486\" aria-labelledby=\"faq_1-12486\" class=\"panel-collapse collapse\"><div class=\"panel-body toggle-content post-content\"><p data-start=\"313\" data-end=\"368\">F\u00fcr die Videosprechstunde ben\u00f6tigen Sie:<\/p>\n<ol data-start=\"370\" data-end=\"1011\">\n<li data-start=\"370\" data-end=\"506\">\n<p data-start=\"373\" data-end=\"506\"><strong data-start=\"373\" data-end=\"398\">Ein geeignetes Ger\u00e4t:<\/strong><br data-start=\"398\" data-end=\"401\" \/>Smartphone, Tablet oder Computer mit funktionierender <strong data-start=\"458\" data-end=\"468\">Kamera<\/strong>, <strong data-start=\"470\" data-end=\"482\">Mikrofon<\/strong> und <strong data-start=\"487\" data-end=\"503\">Lautsprecher<\/strong>.<\/p>\n<\/li>\n<li data-start=\"508\" data-end=\"660\">\n<p data-start=\"511\" data-end=\"660\"><strong data-start=\"511\" data-end=\"530\">Internetzugang:<\/strong><br data-start=\"530\" data-end=\"533\" \/>Eine <strong data-start=\"541\" data-end=\"563\">stabile Verbindung<\/strong> mit mindestens 350\u202fkb\/s in beide Richtungen (besser 700\u202fkb\/s) \u2013 f\u00fcr eine fl\u00fcssige \u00dcbertragung.<\/p>\n<\/li>\n<li data-start=\"662\" data-end=\"763\">\n<p data-start=\"665\" data-end=\"763\"><strong data-start=\"665\" data-end=\"688\">Zugang zu Doctolib:<\/strong><br data-start=\"688\" data-end=\"691\" \/>Entweder per App oder im Browser (z.\u202fB. Chrome, Firefox oder Edge).<\/p>\n<\/li>\n<li data-start=\"765\" data-end=\"1011\">\n<p data-start=\"768\" data-end=\"1011\"><strong data-start=\"768\" data-end=\"785\">Vorbereitung:<\/strong><br data-start=\"785\" data-end=\"788\" \/>Pr\u00fcfen Sie rechtzeitig Akku, Kameraausrichtung und Umgebungsger\u00e4usche.<br data-start=\"861\" data-end=\"864\" \/>10 Minuten vor dem Termin k\u00f6nnen Sie der Videosprechstunde beitreten und werden automatisch zur Freigabe von Kamera und Mikrofon aufgefordert.<\/p>\n<\/li>\n<\/ol>\n<p data-start=\"1013\" data-end=\"1143\">Falls Sie unsicher sind, ob Ihre Technik geeignet ist, schreiben Sie uns gerne eine Nachricht \u00fcber Doctolib \u2013 wir helfen weiter.<\/p>\n<\/div><\/div><\/div><div class=\"fusion-panel panel-default fusion-faq-post fusion-faq-post-12479 digital-direkt akute-hilfe\"><span class=\"entry-title rich-snippet-hidden\">Ich brauche dringend meine Dauer-Medikamente, ist das akut?<\/span><span class=\"vcard rich-snippet-hidden\"><span class=\"fn\"><a href=\"https:\/\/mvz-kreuzberg.de\/en\/author\/sonyoung\" title=\"Posts by sonyoung\" rel=\"author\">sonyoung<\/a><\/span><\/span><span class=\"updated rich-snippet-hidden\">2025-06-19T05:27:37+01:00<\/span><div class=\"panel-heading\"><h4 id=\"faq_1-12479\" class=\"panel-title toggle\"><a data-toggle=\"collapse\" class=\"collapsed\" data-target=\"#collapse-1-12479\" href=\"#collapse-1-12479\" aria-expanded=\"false\"><div class=\"fusion-toggle-icon-wrapper\"><div class=\"fusion-toggle-icon-wrapper-main\"><div class=\"fusion-toggle-icon-wrapper-sub\"><i class=\"fa-fusion-box active-icon fa-minus fas\" aria-hidden=\"true\"><\/i><i class=\"fa-fusion-box inactive-icon fa-plus fas\" aria-hidden=\"true\"><\/i><\/div><\/div><\/div><div class=\"fusion-toggle-heading\">Ich brauche dringend meine Dauer-Medikamente, ist das akut?<\/div><\/a><\/h4><\/div><div id=\"collapse-1-12479\" aria-labelledby=\"faq_1-12479\" class=\"panel-collapse collapse\"><div class=\"panel-body toggle-content post-content\"><p data-start=\"294\" data-end=\"432\">Auch wenn es dringend erscheint: Die <strong data-start=\"346\" data-end=\"430\">Nachbestellung von Dauermedikamenten gilt in der Regel nicht als akuter Notfall.<\/strong><\/p>\n<p data-start=\"434\" data-end=\"700\">Wir bitten Sie, Ihre <strong data-start=\"455\" data-end=\"521\">Medikamente rechtzeitig \u2013 idealerweise 1\u20132 Wochen vor dem Ende<\/strong> \u2013 anzufordern. Nur so k\u00f6nnen wir pr\u00fcfen, ob eventuell <strong data-start=\"576\" data-end=\"651\">eine Kontrolluntersuchung oder eine \u00e4rztliche R\u00fccksprache notwendig ist<\/strong>, z.\u202fB. zur Dosisanpassung oder Laborkontrolle.<\/p>\n<p data-start=\"702\" data-end=\"887\">Bitte <strong data-start=\"708\" data-end=\"737\">planen Sie vorausschauend<\/strong>. Unsere Praxis kann nicht garantieren, dass kurzfristige Nachfragen sofort bearbeitet werden \u2013 insbesondere, wenn noch ein Termin erforderlich ist.<\/p>\n<p data-start=\"889\" data-end=\"1120\">Am besten sprechen Sie beim n\u00e4chsten Termin mit Ihrer \u00c4rztin ab, ob beim Folge-Rezept eine Kontrolle n\u00f6tig ist. Diese Info wird dann bei uns hinterlegt, und Sie k\u00f6nnen Ihr Rezept k\u00fcnftig <strong data-start=\"1076\" data-end=\"1107\">digital per Anfrageformular<\/strong> anfordern.<\/p>\n<\/div><\/div><\/div><div class=\"fusion-panel panel-default fusion-faq-post fusion-faq-post-12477 allgemeinmedizinische-versorgung digital-direkt\"><span class=\"entry-title rich-snippet-hidden\">Kann ich die Videosprechstunde auch aus dem Ausland durchf\u00fchren?<\/span><span class=\"vcard rich-snippet-hidden\"><span class=\"fn\"><a href=\"https:\/\/mvz-kreuzberg.de\/en\/author\/sonyoung\" title=\"Posts by sonyoung\" rel=\"author\">sonyoung<\/a><\/span><\/span><span class=\"updated rich-snippet-hidden\">2025-06-19T05:19:59+01:00<\/span><div class=\"panel-heading\"><h4 id=\"faq_1-12477\" class=\"panel-title toggle\"><a data-toggle=\"collapse\" class=\"collapsed\" data-target=\"#collapse-1-12477\" href=\"#collapse-1-12477\" aria-expanded=\"false\"><div class=\"fusion-toggle-icon-wrapper\"><div class=\"fusion-toggle-icon-wrapper-main\"><div class=\"fusion-toggle-icon-wrapper-sub\"><i class=\"fa-fusion-box active-icon fa-minus fas\" aria-hidden=\"true\"><\/i><i class=\"fa-fusion-box inactive-icon fa-plus fas\" aria-hidden=\"true\"><\/i><\/div><\/div><\/div><div class=\"fusion-toggle-heading\">Kann ich die Videosprechstunde auch aus dem Ausland durchf\u00fchren?<\/div><\/a><\/h4><\/div><div id=\"collapse-1-12477\" aria-labelledby=\"faq_1-12477\" class=\"panel-collapse collapse\"><div class=\"panel-body toggle-content post-content\"><p data-start=\"247\" data-end=\"525\">Laut den Vorgaben der gesetzlichen Krankenversicherung (<strong data-start=\"318\" data-end=\"325\">GKV<\/strong>) d\u00fcrfen <strong data-start=\"334\" data-end=\"419\">Videosprechstunden nur innerhalb Deutschlands durchgef\u00fchrt und abgerechnet werden<\/strong>. Das gilt auch, wenn Sie regul\u00e4r in Deutschland versichert sind, sich aber gerade im Ausland aufhalten.<\/p>\n<p data-start=\"527\" data-end=\"718\">Ein \u00e4rztliches Gespr\u00e4ch \u00fcber Video ist technisch m\u00f6glich, darf aber <strong data-start=\"595\" data-end=\"664\">nicht \u00fcber die gesetzliche Krankenversicherung abgerechnet werden<\/strong>, wenn Sie sich <strong data-start=\"680\" data-end=\"706\">au\u00dferhalb Deutschlands<\/strong> befinden.<\/p>\n<p data-start=\"720\" data-end=\"853\">Bitte buchen Sie eine Videosprechstunde <strong data-start=\"760\" data-end=\"772\">nur dann<\/strong>, wenn Sie sich zum Zeitpunkt des Termins tats\u00e4chlich in Deutschland aufhalten.<\/p>\n<\/div><\/div><\/div><div class=\"fusion-panel panel-default fusion-faq-post fusion-faq-post-12473 allgemeinmedizinische-versorgung digital-direkt akute-hilfe\"><span class=\"entry-title rich-snippet-hidden\">Warum kann mich die \u00c4rztin nicht einfach telefonisch zur\u00fcckrufen?<\/span><span class=\"vcard rich-snippet-hidden\"><span class=\"fn\"><a href=\"https:\/\/mvz-kreuzberg.de\/en\/author\/sonyoung\" title=\"Posts by sonyoung\" rel=\"author\">sonyoung<\/a><\/span><\/span><span class=\"updated rich-snippet-hidden\">2025-06-19T05:15:21+01:00<\/span><div class=\"panel-heading\"><h4 id=\"faq_1-12473\" class=\"panel-title toggle\"><a data-toggle=\"collapse\" class=\"collapsed\" data-target=\"#collapse-1-12473\" href=\"#collapse-1-12473\" aria-expanded=\"false\"><div class=\"fusion-toggle-icon-wrapper\"><div class=\"fusion-toggle-icon-wrapper-main\"><div class=\"fusion-toggle-icon-wrapper-sub\"><i class=\"fa-fusion-box active-icon fa-minus fas\" aria-hidden=\"true\"><\/i><i class=\"fa-fusion-box inactive-icon fa-plus fas\" aria-hidden=\"true\"><\/i><\/div><\/div><\/div><div class=\"fusion-toggle-heading\">Warum kann mich die \u00c4rztin nicht einfach telefonisch zur\u00fcckrufen?<\/div><\/a><\/h4><\/div><div id=\"collapse-1-12473\" aria-labelledby=\"faq_1-12473\" class=\"panel-collapse collapse\"><div class=\"panel-body toggle-content post-content\"><p data-start=\"324\" data-end=\"571\">Unsere \u00c4rzt:innen haben einen <strong data-start=\"369\" data-end=\"406\">durchgetakteten Sprechstundenplan<\/strong> \u2013 jede Minute ist f\u00fcr Patient:innen reserviert. Deshalb sind <strong data-start=\"468\" data-end=\"514\">telefonische R\u00fcckrufe leider nicht m\u00f6glich<\/strong>, da keine freien Zeitfenster im Praxisalltag bestehen.<\/p>\n<p data-start=\"573\" data-end=\"878\">Bitte nutzen Sie die <strong data-start=\"594\" data-end=\"631\">Nachrichtenfunktion \u00fcber Doctolib<\/strong>, um Ihr Anliegen schriftlich mitzuteilen \u2013 so k\u00f6nnen wir zeitlich flexibel reagieren.<br data-start=\"717\" data-end=\"720\" \/>Wenn Sie ein Gespr\u00e4ch mit einer \u00c4rztin w\u00fcnschen, k\u00f6nnen Sie alternativ gerne einen <strong data-start=\"803\" data-end=\"840\">Termin f\u00fcr eine Videosprechstunde<\/strong> buchen \u2013 bequem online \u00fcber Doctolib.<\/p>\n<\/div><\/div><\/div><div class=\"fusion-panel panel-default fusion-faq-post fusion-faq-post-12471 allgemeinmedizinische-versorgung akute-hilfe\"><span class=\"entry-title rich-snippet-hidden\">Was ist der Unterschied zwischen regul\u00e4rem Termin und offener Sprechstunde?<\/span><span class=\"vcard rich-snippet-hidden\"><span class=\"fn\"><a href=\"https:\/\/mvz-kreuzberg.de\/en\/author\/sonyoung\" title=\"Posts by sonyoung\" rel=\"author\">sonyoung<\/a><\/span><\/span><span class=\"updated rich-snippet-hidden\">2025-06-19T04:41:14+01:00<\/span><div class=\"panel-heading\"><h4 id=\"faq_1-12471\" class=\"panel-title toggle\"><a data-toggle=\"collapse\" class=\"collapsed\" data-target=\"#collapse-1-12471\" href=\"#collapse-1-12471\" aria-expanded=\"false\"><div class=\"fusion-toggle-icon-wrapper\"><div class=\"fusion-toggle-icon-wrapper-main\"><div class=\"fusion-toggle-icon-wrapper-sub\"><i class=\"fa-fusion-box active-icon fa-minus fas\" aria-hidden=\"true\"><\/i><i class=\"fa-fusion-box inactive-icon fa-plus fas\" aria-hidden=\"true\"><\/i><\/div><\/div><\/div><div class=\"fusion-toggle-heading\">Was ist der Unterschied zwischen regul\u00e4rem Termin und offener Sprechstunde?<\/div><\/a><\/h4><\/div><div id=\"collapse-1-12471\" aria-labelledby=\"faq_1-12471\" class=\"panel-collapse collapse\"><div class=\"panel-body toggle-content post-content\"><p data-start=\"237\" data-end=\"534\">Ein <strong data-start=\"256\" data-end=\"276\">regul\u00e4rer Termin<\/strong> wird vorab online \u00fcber Doctolib gebucht. Dabei w\u00e4hlen Sie den passenden Besuchsgrund (z.\u202fB. Sprechstunde, Impfung, Blutentnahme), und wir k\u00f6nnen uns gezielt auf Ihr Anliegen vorbereiten. So vermeiden Sie Wartezeiten und erhalten eine strukturierte Beratung.<\/p>\n<p data-start=\"536\" data-end=\"790\">Die <strong data-start=\"540\" data-end=\"563\">offene Sprechstunde<\/strong> hingegen ist ein Zeitfenster <strong data-start=\"593\" data-end=\"620\">ohne Terminvereinbarung<\/strong>, ausschlie\u00dflich f\u00fcr <strong data-start=\"641\" data-end=\"662\">akute Beschwerden<\/strong>, z.\u202fB. pl\u00f6tzliche Schmerzen, Fieber oder Ausschlag. Sie findet bei uns <strong data-start=\"734\" data-end=\"781\">montags bis freitags von 9:00 bis 10:00 Uhr<\/strong> statt.<\/p>\n<p data-start=\"792\" data-end=\"998\">Wichtig: In der offenen Sprechstunde ist <strong data-start=\"833\" data-end=\"877\">nur eine kurze medizinische Einsch\u00e4tzung<\/strong> m\u00f6glich. F\u00fcr Bescheinigungen, Antr\u00e4ge oder langfristige Anliegen bitten wir Sie, einen <strong data-start=\"965\" data-end=\"995\">regul\u00e4ren Termin zu buchen<\/strong>.<\/p>\n<\/div><\/div><\/div><div class=\"fusion-panel panel-default fusion-faq-post fusion-faq-post-12469 akute-hilfe\"><span class=\"entry-title rich-snippet-hidden\">Was bedeutet offene Sprechstunde und wann findet die statt?<\/span><span class=\"vcard rich-snippet-hidden\"><span class=\"fn\"><a href=\"https:\/\/mvz-kreuzberg.de\/en\/author\/sonyoung\" title=\"Posts by sonyoung\" rel=\"author\">sonyoung<\/a><\/span><\/span><span class=\"updated rich-snippet-hidden\">2025-06-19T04:36:22+01:00<\/span><div class=\"panel-heading\"><h4 id=\"faq_1-12469\" class=\"panel-title toggle\"><a data-toggle=\"collapse\" class=\"collapsed\" data-target=\"#collapse-1-12469\" href=\"#collapse-1-12469\" aria-expanded=\"false\"><div class=\"fusion-toggle-icon-wrapper\"><div class=\"fusion-toggle-icon-wrapper-main\"><div class=\"fusion-toggle-icon-wrapper-sub\"><i class=\"fa-fusion-box active-icon fa-minus fas\" aria-hidden=\"true\"><\/i><i class=\"fa-fusion-box inactive-icon fa-plus fas\" aria-hidden=\"true\"><\/i><\/div><\/div><\/div><div class=\"fusion-toggle-heading\">Was bedeutet offene Sprechstunde und wann findet die statt?<\/div><\/a><\/h4><\/div><div id=\"collapse-1-12469\" aria-labelledby=\"faq_1-12469\" class=\"panel-collapse collapse\"><div class=\"panel-body toggle-content post-content\"><p data-start=\"192\" data-end=\"406\">Die <strong data-start=\"211\" data-end=\"234\">offene Sprechstunde<\/strong> ist ein Angebot f\u00fcr Patient:innen mit <strong data-start=\"273\" data-end=\"295\">akuten Beschwerden<\/strong>, die kurzfristig behandelt werden m\u00fcssen \u2013 z.\u202fB. bei Fieber, starken Schmerzen oder pl\u00f6tzlichen Ausschl\u00e4gen.<\/p>\n<p data-start=\"408\" data-end=\"550\">Sie findet <strong data-start=\"419\" data-end=\"451\">montags bis freitags morgens<\/strong> statt \u2013 <strong data-start=\"460\" data-end=\"475\">ohne Termin<\/strong>. Die genauen Zeiten finden Sie auf unserer Website unter <em data-start=\"533\" data-end=\"547\">Sprechzeiten<\/em>.<\/p>\n<p data-start=\"552\" data-end=\"740\">Wichtig: Bitte kommen Sie <strong data-start=\"578\" data-end=\"587\">nicht<\/strong> mit Anliegen wie Attesten, Formularen oder Routineuntersuchungen zur offenen Sprechstunde. Diese Zeit ist f\u00fcr dringende medizinische F\u00e4lle reserviert.<\/p>\n<p data-start=\"742\" data-end=\"850\">Bei Unsicherheiten schreiben Sie uns bitte vorab eine <strong data-start=\"796\" data-end=\"823\">Nachricht \u00fcber Doctolib<\/strong> \u2013 wir helfen Ihnen weiter.<\/p>\n<\/div><\/div><\/div><div class=\"fusion-panel panel-default fusion-faq-post fusion-faq-post-12467 allgemeinmedizinische-versorgung digital-direkt\"><span class=\"entry-title rich-snippet-hidden\">Ich habe eine \u00dcberweisung bekommen, wie buche\/finde ich jetzt einen Termin beim Facharzt?<\/span><span class=\"vcard rich-snippet-hidden\"><span class=\"fn\"><a href=\"https:\/\/mvz-kreuzberg.de\/en\/author\/sonyoung\" title=\"Posts by sonyoung\" rel=\"author\">sonyoung<\/a><\/span><\/span><span class=\"updated rich-snippet-hidden\">2025-06-19T04:27:37+01:00<\/span><div class=\"panel-heading\"><h4 id=\"faq_1-12467\" class=\"panel-title toggle\"><a data-toggle=\"collapse\" class=\"collapsed\" data-target=\"#collapse-1-12467\" href=\"#collapse-1-12467\" aria-expanded=\"false\"><div class=\"fusion-toggle-icon-wrapper\"><div class=\"fusion-toggle-icon-wrapper-main\"><div class=\"fusion-toggle-icon-wrapper-sub\"><i class=\"fa-fusion-box active-icon fa-minus fas\" aria-hidden=\"true\"><\/i><i class=\"fa-fusion-box inactive-icon fa-plus fas\" aria-hidden=\"true\"><\/i><\/div><\/div><\/div><div class=\"fusion-toggle-heading\">Ich habe eine \u00dcberweisung bekommen, wie buche\/finde ich jetzt einen Termin beim Facharzt?<\/div><\/a><\/h4><\/div><div id=\"collapse-1-12467\" aria-labelledby=\"faq_1-12467\" class=\"panel-collapse collapse\"><div class=\"panel-body toggle-content post-content\"><p data-start=\"306\" data-end=\"617\">Wenn Sie eine \u00dcberweisung erhalten haben, k\u00f6nnen Sie selbstst\u00e4ndig einen Termin bei der passenden Facharztpraxis vereinbaren. Nutzen Sie daf\u00fcr:<br data-start=\"464\" data-end=\"467\" \/>\u2013 die <strong data-start=\"473\" data-end=\"523\">Website oder App der jeweiligen Facharztpraxis<\/strong><br data-start=\"523\" data-end=\"526\" \/>\u2013 das Online-Portal <a class=\"\" href=\"https:\/\/www.116117.de\" target=\"_new\" rel=\"noopener\" data-start=\"546\" data-end=\"584\">www.116117.de<\/a><br data-start=\"584\" data-end=\"587\" \/>\u2013 oder die <strong data-start=\"598\" data-end=\"617\">Hotline 116\u202f117<\/strong><\/p>\n<p data-start=\"619\" data-end=\"773\">Auf Ihrer \u00dcberweisung kann ein sogenannter <strong data-start=\"662\" data-end=\"682\">Vermittlungscode<\/strong> aufgedruckt sein \u2013 dieser ist notwendig, wenn Sie \u00fcber 116117 einen Termin buchen m\u00f6chten.<\/p>\n<p data-start=\"775\" data-end=\"999\">Die Terminvereinbarung erfolgt <strong data-start=\"806\" data-end=\"834\">nicht \u00fcber unsere Praxis<\/strong>, sondern durch Sie selbst.<br data-start=\"861\" data-end=\"864\" \/>Falls Sie Hilfe bei der Suche ben\u00f6tigen, schreiben Sie uns gerne eine <strong data-start=\"934\" data-end=\"961\">Nachricht \u00fcber Doctolib<\/strong> \u2013 wir unterst\u00fctzen Sie dann weiter.<\/p>\n<\/div><\/div><\/div><div class=\"fusion-panel panel-default fusion-faq-post fusion-faq-post-12464 laborleistung\"><span class=\"entry-title rich-snippet-hidden\">Muss ich zur Blutentnahme n\u00fcchtern erscheinen?<\/span><span class=\"vcard rich-snippet-hidden\"><span class=\"fn\"><a href=\"https:\/\/mvz-kreuzberg.de\/en\/author\/sonyoung\" title=\"Posts by sonyoung\" rel=\"author\">sonyoung<\/a><\/span><\/span><span class=\"updated rich-snippet-hidden\">2025-06-18T13:07:22+01:00<\/span><div class=\"panel-heading\"><h4 id=\"faq_1-12464\" class=\"panel-title toggle\"><a data-toggle=\"collapse\" class=\"collapsed\" data-target=\"#collapse-1-12464\" href=\"#collapse-1-12464\" aria-expanded=\"false\"><div class=\"fusion-toggle-icon-wrapper\"><div class=\"fusion-toggle-icon-wrapper-main\"><div class=\"fusion-toggle-icon-wrapper-sub\"><i class=\"fa-fusion-box active-icon fa-minus fas\" aria-hidden=\"true\"><\/i><i class=\"fa-fusion-box inactive-icon fa-plus fas\" aria-hidden=\"true\"><\/i><\/div><\/div><\/div><div class=\"fusion-toggle-heading\">Muss ich zur Blutentnahme n\u00fcchtern erscheinen?<\/div><\/a><\/h4><\/div><div id=\"collapse-1-12464\" aria-labelledby=\"faq_1-12464\" class=\"panel-collapse collapse\"><div class=\"panel-body toggle-content post-content\"><p data-start=\"222\" data-end=\"574\">F\u00fcr viele Blutuntersuchungen, insbesondere <strong data-start=\"280\" data-end=\"316\">Blutzucker- und Cholesterinwerte<\/strong>, ist es wichtig, dass Sie <strong data-start=\"343\" data-end=\"372\">n\u00fcchtern zur Blutentnahme<\/strong> erscheinen.<br data-start=\"384\" data-end=\"387\" \/><strong data-start=\"387\" data-end=\"409\">N\u00fcchtern bedeutet:<\/strong><br data-start=\"409\" data-end=\"412\" \/>\u2013 Mindestens <strong data-start=\"425\" data-end=\"451\">8 Stunden nichts essen<\/strong><br data-start=\"451\" data-end=\"454\" \/>\u2013 Nur <strong data-start=\"460\" data-end=\"478\">Wasser trinken<\/strong> (keine S\u00e4fte, kein Kaffee, keine Milch)<br data-start=\"518\" data-end=\"521\" \/>\u2013 Auf Kaugummis, Bonbons oder Zigaretten verzichten<\/p>\n<p data-start=\"576\" data-end=\"714\">Wenn Sie Medikamente einnehmen, sprechen Sie bitte mit unserem Team oder der \u00c4rztin, ob Sie diese vor der Blutentnahme einnehmen d\u00fcrfen.<\/p>\n<p data-start=\"716\" data-end=\"862\">Nicht alle Blutwerte erfordern N\u00fcchternheit \u2013 wenn Sie unsicher sind, fragen Sie bitte bei Ihrer Terminbuchung oder per Doctolib-Nachricht nach.<\/p>\n<p data-start=\"864\" data-end=\"920\">\n<\/div><\/div><\/div><div class=\"fusion-panel panel-default fusion-faq-post fusion-faq-post-12361 digital-direkt\"><span class=\"entry-title rich-snippet-hidden\">Warum brauche ich meine Adresse f\u00fcr Rezepte, AUs oder \u00dcberweisungen?<\/span><span class=\"vcard rich-snippet-hidden\"><span class=\"fn\"><a href=\"https:\/\/mvz-kreuzberg.de\/en\/author\/sonyoung\" title=\"Posts by sonyoung\" rel=\"author\">sonyoung<\/a><\/span><\/span><span class=\"updated rich-snippet-hidden\">2025-06-14T06:34:40+01:00<\/span><div class=\"panel-heading\"><h4 id=\"faq_1-12361\" class=\"panel-title toggle\"><a data-toggle=\"collapse\" class=\"collapsed\" data-target=\"#collapse-1-12361\" href=\"#collapse-1-12361\" aria-expanded=\"false\"><div class=\"fusion-toggle-icon-wrapper\"><div class=\"fusion-toggle-icon-wrapper-main\"><div class=\"fusion-toggle-icon-wrapper-sub\"><i class=\"fa-fusion-box active-icon fa-minus fas\" aria-hidden=\"true\"><\/i><i class=\"fa-fusion-box inactive-icon fa-plus fas\" aria-hidden=\"true\"><\/i><\/div><\/div><\/div><div class=\"fusion-toggle-heading\">Warum brauche ich meine Adresse f\u00fcr Rezepte, AUs oder \u00dcberweisungen?<\/div><\/a><\/h4><\/div><div id=\"collapse-1-12361\" aria-labelledby=\"faq_1-12361\" class=\"panel-collapse collapse\"><div class=\"panel-body toggle-content post-content\"><p data-start=\"208\" data-end=\"544\">Ihre vollst\u00e4ndige Adresse ist f\u00fcr die Ausstellung von <strong data-start=\"277\" data-end=\"320\">Arbeitsunf\u00e4higkeitsbescheinigungen (AU)<\/strong>, <strong data-start=\"322\" data-end=\"334\">Rezepten<\/strong> und <strong data-start=\"339\" data-end=\"356\">\u00dcberweisungen<\/strong> gesetzlich vorgeschrieben.<br data-start=\"383\" data-end=\"386\" \/>Sie ist Teil der formalen Patientendaten, die auf diesen Dokumenten erscheinen m\u00fcssen \u2013 unabh\u00e4ngig davon, ob sie digital oder in Papierform erstellt werden.<\/p>\n<p data-start=\"546\" data-end=\"708\">Bitte achten Sie darauf, Ihre Adresse bei der Doctolib-Registrierung korrekt und vollst\u00e4ndig anzugeben. Nur so k\u00f6nnen wir Ihre Anfragen rechtsg\u00fcltig bearbeiten.<\/p>\n<\/div><\/div><\/div><div class=\"fusion-panel panel-default fusion-faq-post fusion-faq-post-12359 digital-direkt\"><span class=\"entry-title rich-snippet-hidden\">Wird meine AU automatisch an die Krankenkasse gesendet?<\/span><span class=\"vcard rich-snippet-hidden\"><span class=\"fn\"><a href=\"https:\/\/mvz-kreuzberg.de\/en\/author\/sonyoung\" title=\"Posts by sonyoung\" rel=\"author\">sonyoung<\/a><\/span><\/span><span class=\"updated rich-snippet-hidden\">2025-06-14T06:25:39+01:00<\/span><div class=\"panel-heading\"><h4 id=\"faq_1-12359\" class=\"panel-title toggle\"><a data-toggle=\"collapse\" class=\"collapsed\" data-target=\"#collapse-1-12359\" href=\"#collapse-1-12359\" aria-expanded=\"false\"><div class=\"fusion-toggle-icon-wrapper\"><div class=\"fusion-toggle-icon-wrapper-main\"><div class=\"fusion-toggle-icon-wrapper-sub\"><i class=\"fa-fusion-box active-icon fa-minus fas\" aria-hidden=\"true\"><\/i><i class=\"fa-fusion-box inactive-icon fa-plus fas\" aria-hidden=\"true\"><\/i><\/div><\/div><\/div><div class=\"fusion-toggle-heading\">Wird meine AU automatisch an die Krankenkasse gesendet?<\/div><\/a><\/h4><\/div><div id=\"collapse-1-12359\" aria-labelledby=\"faq_1-12359\" class=\"panel-collapse collapse\"><div class=\"panel-body toggle-content post-content\"><p data-start=\"283\" data-end=\"510\">Ja \u2013 wenn Ihre Arbeitsunf\u00e4higkeitsbescheinigung (AU) elektronisch ausgestellt wurde, wird sie im Rahmen des <strong data-start=\"406\" data-end=\"469\">eAU-Verfahrens automatisch an Ihre Krankenkasse \u00fcbermittelt<\/strong>. Sie m\u00fcssen nichts weiter veranlassen.<\/p>\n<p data-start=\"512\" data-end=\"635\">Sie erhalten zus\u00e4tzlich einen Ausdruck f\u00fcr den Arbeitgeber. Dieser enth\u00e4lt keine Unterschrift, ist aber rechtsg\u00fcltig.<\/p>\n<p data-start=\"637\" data-end=\"762\">Falls Sie privat versichert sind oder Ihre Kasse keine digitale \u00dcbermittlung unterst\u00fctzt, informieren wir Sie entsprechend.<\/p>\n<\/div><\/div><\/div><div class=\"fusion-panel panel-default fusion-faq-post fusion-faq-post-12357 digital-direkt\"><span class=\"entry-title rich-snippet-hidden\">Warum ist keine Unterschrift auf meiner AU?<\/span><span class=\"vcard rich-snippet-hidden\"><span class=\"fn\"><a href=\"https:\/\/mvz-kreuzberg.de\/en\/author\/sonyoung\" title=\"Posts by sonyoung\" rel=\"author\">sonyoung<\/a><\/span><\/span><span class=\"updated rich-snippet-hidden\">2025-06-14T06:16:38+01:00<\/span><div class=\"panel-heading\"><h4 id=\"faq_1-12357\" class=\"panel-title toggle\"><a data-toggle=\"collapse\" class=\"collapsed\" data-target=\"#collapse-1-12357\" href=\"#collapse-1-12357\" aria-expanded=\"false\"><div class=\"fusion-toggle-icon-wrapper\"><div class=\"fusion-toggle-icon-wrapper-main\"><div class=\"fusion-toggle-icon-wrapper-sub\"><i class=\"fa-fusion-box active-icon fa-minus fas\" aria-hidden=\"true\"><\/i><i class=\"fa-fusion-box inactive-icon fa-plus fas\" aria-hidden=\"true\"><\/i><\/div><\/div><\/div><div class=\"fusion-toggle-heading\">Warum ist keine Unterschrift auf meiner AU?<\/div><\/a><\/h4><\/div><div id=\"collapse-1-12357\" aria-labelledby=\"faq_1-12357\" class=\"panel-collapse collapse\"><div class=\"panel-body toggle-content post-content\"><p data-start=\"257\" data-end=\"403\">Ihre Arbeitsunf\u00e4higkeitsbescheinigung (AU) wurde elektronisch ausgestellt \u2013 das hei\u00dft: Sie ist auch <strong data-start=\"372\" data-end=\"400\">ohne Unterschrift g\u00fcltig<\/strong>.<\/p>\n<p data-start=\"405\" data-end=\"707\">Seit der bundesweiten Umstellung auf das <strong data-start=\"446\" data-end=\"463\">eAU-Verfahren<\/strong> wird die AU digital an Ihre Krankenkasse \u00fcbermittelt. Sie erhalten von uns nur noch einen Ausdruck f\u00fcr Ihre Unterlagen bzw. zur Vorlage beim Arbeitgeber.<br data-start=\"617\" data-end=\"620\" \/>Dieser Ausdruck enth\u00e4lt keinen Stempel oder Unterschrift \u2013 ist aber <strong data-start=\"688\" data-end=\"704\">rechtsg\u00fcltig<\/strong>.<\/p>\n<p data-start=\"709\" data-end=\"839\">Bitte reichen Sie das Dokument wie gewohnt bei Ihrem Arbeitgeber ein. Ihre Krankenkasse hat die AU bereits automatisch erhalten.<\/p>\n<\/div><\/div><\/div><div class=\"fusion-panel panel-default fusion-faq-post fusion-faq-post-12355 allgemeinmedizinische-versorgung digital-direkt akute-hilfe\"><span class=\"entry-title rich-snippet-hidden\">Wie frage ich eine Arbeitsunf\u00e4higkeitsbescheinigung (AU) an?<\/span><span class=\"vcard rich-snippet-hidden\"><span class=\"fn\"><a href=\"https:\/\/mvz-kreuzberg.de\/en\/author\/sonyoung\" title=\"Posts by sonyoung\" rel=\"author\">sonyoung<\/a><\/span><\/span><span class=\"updated rich-snippet-hidden\">2025-06-14T06:12:13+01:00<\/span><div class=\"panel-heading\"><h4 id=\"faq_1-12355\" class=\"panel-title toggle\"><a data-toggle=\"collapse\" class=\"collapsed\" data-target=\"#collapse-1-12355\" href=\"#collapse-1-12355\" aria-expanded=\"false\"><div class=\"fusion-toggle-icon-wrapper\"><div class=\"fusion-toggle-icon-wrapper-main\"><div class=\"fusion-toggle-icon-wrapper-sub\"><i class=\"fa-fusion-box active-icon fa-minus fas\" aria-hidden=\"true\"><\/i><i class=\"fa-fusion-box inactive-icon fa-plus fas\" aria-hidden=\"true\"><\/i><\/div><\/div><\/div><div class=\"fusion-toggle-heading\">Wie frage ich eine Arbeitsunf\u00e4higkeitsbescheinigung (AU) an?<\/div><\/a><\/h4><\/div><div id=\"collapse-1-12355\" aria-labelledby=\"faq_1-12355\" class=\"panel-collapse collapse\"><div class=\"panel-body toggle-content post-content\"><p data-start=\"387\" data-end=\"596\">Sie k\u00f6nnen Ihre Arbeitsunf\u00e4higkeitsbescheinigung (AU) <strong>digital\u00a0 &amp; direkt<\/strong> anfragen. Den Fragebogen finden Sie unter &#8222;Leistungen&#8220;.<\/p>\n<p data-start=\"598\" data-end=\"742\">Damit wir Ihre Anfrage pr\u00fcfen und an den behandelnden Arzt weiterleiten k\u00f6nnen, f\u00fcllen Sie bitte folgende Angaben im Formular vollst\u00e4ndig aus:<\/p>\n<ol data-start=\"743\" data-end=\"990\">\n<li data-start=\"743\" data-end=\"774\">\n<p data-start=\"746\" data-end=\"774\">Ihre aktuellen Beschwerden<\/p>\n<\/li>\n<li data-start=\"775\" data-end=\"813\">\n<p data-start=\"778\" data-end=\"813\">Seit wann Sie arbeitsunf\u00e4hig sind<\/p>\n<\/li>\n<li data-start=\"814\" data-end=\"860\">\n<p data-start=\"817\" data-end=\"860\">Bis wann die AU gelten soll (max. 5 Tage)<\/p>\n<\/li>\n<li data-start=\"861\" data-end=\"990\">\n<p data-start=\"864\" data-end=\"990\">Laden Sie Ihre Gesundheitskarte (Vorder- und R\u00fcckseite) oder einen g\u00fcltigen Versicherungsnachweis direkt im Formular hoch.<\/p>\n<\/li>\n<\/ol>\n<p data-start=\"992\" data-end=\"1226\"><strong>Bitte beachten Sie:<\/strong> Die Anfrage ersetzt keine \u00e4rztliche Untersuchung. Ob eine AU ausgestellt wird, entscheidet der behandelnde Arzt nach Pr\u00fcfung. Gegebenenfalls erhalten Sie eine R\u00fcckmeldung mit der Bitte um eine pers\u00f6nliche Vorstellung in der Praxis.<\/p>\n<hr data-start=\"1228\" data-end=\"1231\" \/>\n<p data-start=\"1233\" data-end=\"1289\">\n<\/div><\/div><\/div><div class=\"fusion-panel panel-default fusion-faq-post fusion-faq-post-12197 allgemeinmedizinische-versorgung\"><span class=\"entry-title rich-snippet-hidden\">Behandelt die Praxis auch Kinder und Jugendliche?<\/span><span class=\"vcard rich-snippet-hidden\"><span class=\"fn\"><a href=\"https:\/\/mvz-kreuzberg.de\/en\/author\/sonyoung\" title=\"Posts by sonyoung\" rel=\"author\">sonyoung<\/a><\/span><\/span><span class=\"updated rich-snippet-hidden\">2025-06-13T07:15:18+01:00<\/span><div class=\"panel-heading\"><h4 id=\"faq_1-12197\" class=\"panel-title toggle\"><a data-toggle=\"collapse\" class=\"collapsed\" data-target=\"#collapse-1-12197\" href=\"#collapse-1-12197\" aria-expanded=\"false\"><div class=\"fusion-toggle-icon-wrapper\"><div class=\"fusion-toggle-icon-wrapper-main\"><div class=\"fusion-toggle-icon-wrapper-sub\"><i class=\"fa-fusion-box active-icon fa-minus fas\" aria-hidden=\"true\"><\/i><i class=\"fa-fusion-box inactive-icon fa-plus fas\" aria-hidden=\"true\"><\/i><\/div><\/div><\/div><div class=\"fusion-toggle-heading\">Behandelt die Praxis auch Kinder und Jugendliche?<\/div><\/a><\/h4><\/div><div id=\"collapse-1-12197\" aria-labelledby=\"faq_1-12197\" class=\"panel-collapse collapse\"><div class=\"panel-body toggle-content post-content\"><p data-start=\"247\" data-end=\"509\">Unsere haus\u00e4rztliche Praxis ist auf die medizinische Versorgung von <strong data-start=\"330\" data-end=\"345\">Erwachsenen<\/strong> ausgerichtet. Kinder und Jugendliche ben\u00f6tigen eine auf ihr Alter abgestimmte Versorgung \u2013 mit speziellen Untersuchungen, Impfpl\u00e4nen und Entwicklungsbegleitung.<\/p>\n<p data-start=\"511\" data-end=\"663\">Bitte wenden Sie sich f\u00fcr Ihr Kind daher an eine <strong data-start=\"560\" data-end=\"586\">kinder\u00e4rztliche Praxis<\/strong>. Dort erhalten Sie die bestm\u00f6gliche altersgerechte medizinische Betreuung.<\/p>\n<\/div><\/div><\/div><div class=\"fusion-panel panel-default fusion-faq-post fusion-faq-post-12195 allgemeinmedizinische-versorgung\"><span class=\"entry-title rich-snippet-hidden\">Ich m\u00f6chte mit meinem Partner\/ meiner Partnerin zusammen kommen, k\u00f6nnen wir einen gemeinsamen Termin erhalten?<\/span><span class=\"vcard rich-snippet-hidden\"><span class=\"fn\"><a href=\"https:\/\/mvz-kreuzberg.de\/en\/author\/sonyoung\" title=\"Posts by sonyoung\" rel=\"author\">sonyoung<\/a><\/span><\/span><span class=\"updated rich-snippet-hidden\">2025-06-13T07:10:48+01:00<\/span><div class=\"panel-heading\"><h4 id=\"faq_1-12195\" class=\"panel-title toggle\"><a data-toggle=\"collapse\" class=\"collapsed\" data-target=\"#collapse-1-12195\" href=\"#collapse-1-12195\" aria-expanded=\"false\"><div class=\"fusion-toggle-icon-wrapper\"><div class=\"fusion-toggle-icon-wrapper-main\"><div class=\"fusion-toggle-icon-wrapper-sub\"><i class=\"fa-fusion-box active-icon fa-minus fas\" aria-hidden=\"true\"><\/i><i class=\"fa-fusion-box inactive-icon fa-plus fas\" aria-hidden=\"true\"><\/i><\/div><\/div><\/div><div class=\"fusion-toggle-heading\">Ich m\u00f6chte mit meinem Partner\/ meiner Partnerin zusammen kommen, k\u00f6nnen wir einen gemeinsamen Termin erhalten?<\/div><\/a><\/h4><\/div><div id=\"collapse-1-12195\" aria-labelledby=\"faq_1-12195\" class=\"panel-collapse collapse\"><div class=\"panel-body toggle-content post-content\"><p data-start=\"234\" data-end=\"540\">Gerne k\u00f6nnen Sie gemeinsam mit Ihrer Partnerin oder Ihrem Partner zur Praxis kommen \u2013 aber: \u00c4rztliche Untersuchungen und Beratungen erfolgen <strong data-start=\"390\" data-end=\"411\">immer individuell<\/strong>, denn jede Person hat einen eigenen Behandlungsbedarf, eine eigene Krankenversicherung und ben\u00f6tigt eine eigene Dokumentation.<\/p>\n<p data-start=\"542\" data-end=\"778\">Bitte buchen Sie deshalb <strong data-start=\"567\" data-end=\"609\">zwei aufeinanderfolgende Einzeltermine<\/strong> \u00fcber Doctolib. So stellen wir sicher, dass f\u00fcr jede Person ausreichend Zeit zur Verf\u00fcgung steht. Beide Personen m\u00fcssen au\u00dferdem ihre <strong data-start=\"743\" data-end=\"764\">Versichertenkarte<\/strong> mitbringen.<\/p>\n<\/div><\/div><\/div><div class=\"fusion-panel panel-default fusion-faq-post fusion-faq-post-12193 allgemeinmedizinische-versorgung\"><span class=\"entry-title rich-snippet-hidden\">Was ist eine chronische Erkrankung?<\/span><span class=\"vcard rich-snippet-hidden\"><span class=\"fn\"><a href=\"https:\/\/mvz-kreuzberg.de\/en\/author\/sonyoung\" title=\"Posts by sonyoung\" rel=\"author\">sonyoung<\/a><\/span><\/span><span class=\"updated rich-snippet-hidden\">2025-06-13T07:06:17+01:00<\/span><div class=\"panel-heading\"><h4 id=\"faq_1-12193\" class=\"panel-title toggle\"><a data-toggle=\"collapse\" class=\"collapsed\" data-target=\"#collapse-1-12193\" href=\"#collapse-1-12193\" aria-expanded=\"false\"><div class=\"fusion-toggle-icon-wrapper\"><div class=\"fusion-toggle-icon-wrapper-main\"><div class=\"fusion-toggle-icon-wrapper-sub\"><i class=\"fa-fusion-box active-icon fa-minus fas\" aria-hidden=\"true\"><\/i><i class=\"fa-fusion-box inactive-icon fa-plus fas\" aria-hidden=\"true\"><\/i><\/div><\/div><\/div><div class=\"fusion-toggle-heading\">Was ist eine chronische Erkrankung?<\/div><\/a><\/h4><\/div><div id=\"collapse-1-12193\" aria-labelledby=\"faq_1-12193\" class=\"panel-collapse collapse\"><div class=\"panel-body toggle-content post-content\"><p data-start=\"220\" data-end=\"572\">Als <strong data-start=\"239\" data-end=\"252\">chronisch<\/strong> gelten Erkrankungen, die \u00fcber einen l\u00e4ngeren Zeitraum bestehen oder regelm\u00e4\u00dfig \u00e4rztlich behandelt werden m\u00fcssen. Dazu z\u00e4hlen z.\u202fB.:<br data-start=\"384\" data-end=\"387\" \/>\u2013 Diabetes mellitus<br data-start=\"406\" data-end=\"409\" \/>\u2013 Asthma oder COPD<br data-start=\"427\" data-end=\"430\" data-is-only-node=\"\" \/>\u2013 Bluthochdruck (Hypertonie)<br data-start=\"458\" data-end=\"461\" \/>\u2013 Herzerkrankungen<br data-start=\"479\" data-end=\"482\" \/>\u2013 Schilddr\u00fcsenerkrankungen<br data-start=\"508\" data-end=\"511\" \/>\u2013 chronische Schmerzen<br data-start=\"533\" data-end=\"536\" \/>\u2013 Depressionen oder Angstst\u00f6rungen<\/p>\n<p data-start=\"574\" data-end=\"890\">Chronische Erkrankungen ben\u00f6tigen meist eine kontinuierliche Betreuung, medikament\u00f6se Einstellung oder regelm\u00e4\u00dfige Kontrolluntersuchungen.<\/p>\n<\/div><\/div><\/div><div class=\"fusion-panel panel-default fusion-faq-post fusion-faq-post-12191 allgemeinmedizinische-versorgung\"><span class=\"entry-title rich-snippet-hidden\">Kann ich auch zur Beratung kommen, wenn ich keine akuten Beschwerden habe?<\/span><span class=\"vcard rich-snippet-hidden\"><span class=\"fn\"><a href=\"https:\/\/mvz-kreuzberg.de\/en\/author\/sonyoung\" title=\"Posts by sonyoung\" rel=\"author\">sonyoung<\/a><\/span><\/span><span class=\"updated rich-snippet-hidden\">2025-06-13T07:00:15+01:00<\/span><div class=\"panel-heading\"><h4 id=\"faq_1-12191\" class=\"panel-title toggle\"><a data-toggle=\"collapse\" class=\"collapsed\" data-target=\"#collapse-1-12191\" href=\"#collapse-1-12191\" aria-expanded=\"false\"><div class=\"fusion-toggle-icon-wrapper\"><div class=\"fusion-toggle-icon-wrapper-main\"><div class=\"fusion-toggle-icon-wrapper-sub\"><i class=\"fa-fusion-box active-icon fa-minus fas\" aria-hidden=\"true\"><\/i><i class=\"fa-fusion-box inactive-icon fa-plus fas\" aria-hidden=\"true\"><\/i><\/div><\/div><\/div><div class=\"fusion-toggle-heading\">Kann ich auch zur Beratung kommen, wenn ich keine akuten Beschwerden habe?<\/div><\/a><\/h4><\/div><div id=\"collapse-1-12191\" aria-labelledby=\"faq_1-12191\" class=\"panel-collapse collapse\"><div class=\"panel-body toggle-content post-content\"><p>Ja, selbstverst\u00e4ndlich! Sie k\u00f6nnen auch dann einen Termin vereinbaren, wenn Sie keine akuten Beschwerden haben. Beratung zu gesundheitlichen Fragen, Pr\u00e4vention, Lebensstil, Impfschutz oder chronischen Erkrankungen ist ein wichtiger Teil unserer haus\u00e4rztlichen T\u00e4tigkeit.<br data-start=\"524\" data-end=\"527\" \/>W\u00e4hlen Sie in der Doctolib-Buchung einfach den passenden Besuchsgrund wie <strong data-start=\"601\" data-end=\"633\">\u201eSprechstunde\u201c<\/strong> oder im speziellen <strong data-start=\"639\" data-end=\"653\">\u201eImpfberatung\u201c<\/strong>, damit wir uns gut vorbereiten k\u00f6nnen.<\/p>\n<\/div><\/div><\/div><div class=\"fusion-panel panel-default fusion-faq-post fusion-faq-post-12189 allgemeinmedizinische-versorgung\"><span class=\"entry-title rich-snippet-hidden\">Ich m\u00f6chte meinen Hausarzt wechseln, was muss ich beachten?<\/span><span class=\"vcard rich-snippet-hidden\"><span class=\"fn\"><a href=\"https:\/\/mvz-kreuzberg.de\/en\/author\/sonyoung\" title=\"Posts by sonyoung\" rel=\"author\">sonyoung<\/a><\/span><\/span><span class=\"updated rich-snippet-hidden\">2025-06-13T06:55:52+01:00<\/span><div class=\"panel-heading\"><h4 id=\"faq_1-12189\" class=\"panel-title toggle\"><a data-toggle=\"collapse\" class=\"collapsed\" data-target=\"#collapse-1-12189\" href=\"#collapse-1-12189\" aria-expanded=\"false\"><div class=\"fusion-toggle-icon-wrapper\"><div class=\"fusion-toggle-icon-wrapper-main\"><div class=\"fusion-toggle-icon-wrapper-sub\"><i class=\"fa-fusion-box active-icon fa-minus fas\" aria-hidden=\"true\"><\/i><i class=\"fa-fusion-box inactive-icon fa-plus fas\" aria-hidden=\"true\"><\/i><\/div><\/div><\/div><div class=\"fusion-toggle-heading\">Ich m\u00f6chte meinen Hausarzt wechseln, was muss ich beachten?<\/div><\/a><\/h4><\/div><div id=\"collapse-1-12189\" aria-labelledby=\"faq_1-12189\" class=\"panel-collapse collapse\"><div class=\"panel-body toggle-content post-content\"><p>Wenn Sie Ihre Hausarztpraxis wechseln m\u00f6chten, ist das in der Regel unkompliziert. Sie brauchen <strong data-start=\"339\" data-end=\"369\">keine offizielle Abmeldung<\/strong>, sondern k\u00f6nnen einfach einen Termin bei uns buchen \u2013 idealerweise als Neupatient:in \u00fcber Doctolib.<br data-start=\"469\" data-end=\"472\" \/>Bitte bringen Sie zum ersten Termin Ihre <strong data-start=\"513\" data-end=\"534\">Gesundheitskarte<\/strong> oder einen aktuellen Versicherungsnachweis und \u2013 wenn m\u00f6glich \u2013 relevante <strong data-start=\"565\" data-end=\"595\">Vorbefunde oder Arztbriefe<\/strong> mit. So vermeiden wir doppelte Untersuchungen.<br data-start=\"642\" data-end=\"645\" \/>Wir empfehlen auch, Ihre bisherige Praxis um eine <strong data-start=\"695\" data-end=\"722\">Kopie der Patientenakte<\/strong> zu bitten.<\/p>\n<\/div><\/div><\/div><div class=\"fusion-panel panel-default fusion-faq-post fusion-faq-post-11909 allgemeinmedizinische-versorgung laborleistung\"><span class=\"entry-title rich-snippet-hidden\">Was wird beim Check-up untersucht?<\/span><span class=\"vcard rich-snippet-hidden\"><span class=\"fn\"><a href=\"https:\/\/mvz-kreuzberg.de\/en\/author\/sonyoung\" title=\"Posts by sonyoung\" rel=\"author\">sonyoung<\/a><\/span><\/span><span class=\"updated rich-snippet-hidden\">2025-06-12T05:00:24+01:00<\/span><div class=\"panel-heading\"><h4 id=\"faq_1-11909\" class=\"panel-title toggle\"><a data-toggle=\"collapse\" class=\"collapsed\" data-target=\"#collapse-1-11909\" href=\"#collapse-1-11909\" aria-expanded=\"false\"><div class=\"fusion-toggle-icon-wrapper\"><div class=\"fusion-toggle-icon-wrapper-main\"><div class=\"fusion-toggle-icon-wrapper-sub\"><i class=\"fa-fusion-box active-icon fa-minus fas\" aria-hidden=\"true\"><\/i><i class=\"fa-fusion-box inactive-icon fa-plus fas\" aria-hidden=\"true\"><\/i><\/div><\/div><\/div><div class=\"fusion-toggle-heading\">Was wird beim Check-up untersucht?<\/div><\/a><\/h4><\/div><div id=\"collapse-1-11909\" aria-labelledby=\"faq_1-11909\" class=\"panel-collapse collapse\"><div class=\"panel-body toggle-content post-content\"><p data-start=\"343\" data-end=\"712\">Der <strong data-start=\"362\" data-end=\"387\">Check-up ab 35 Jahren<\/strong> ist eine gesetzliche Vorsorgeuntersuchung, die alle drei Jahre in Anspruch genommen werden kann. Er umfasst:<br data-start=\"496\" data-end=\"499\" \/>\u2013 eine k\u00f6rperliche Untersuchung<br data-start=\"530\" data-end=\"533\" \/>\u2013 eine ausf\u00fchrliche Anamnese (Gespr\u00e4ch \u00fcber Vorerkrankungen, Risiken, Beschwerden)<br data-start=\"615\" data-end=\"618\" \/>\u2013 Blutdruckmessung<br data-start=\"636\" data-end=\"639\" \/>\u2013 Blutuntersuchung (z.\u202fB. Cholesterin, Blutzucker)<br data-start=\"689\" data-end=\"692\" \/>\u2013 Urinuntersuchung<\/p>\n<p data-start=\"714\" data-end=\"902\">Ziel ist es, auch bei scheinbar gesunden Personen mit Risikofaktoren wie \u00dcbergewicht, Bluthochdruck oder famili\u00e4rer Vorbelastung <strong data-start=\"843\" data-end=\"899\">Erkrankungen fr\u00fchzeitig zu erkennen und zu vermeiden<\/strong>.<\/p>\n<p data-start=\"904\" data-end=\"1095\"><strong data-start=\"904\" data-end=\"940\">F\u00fcr Versicherte von 18\u201334 Jahren<\/strong> ist einmalig ein \u00e4hnlicher, aber reduzierter Check-up m\u00f6glich. In der Regel entf\u00e4llt dabei die Laboruntersuchung, sofern keine Risikofaktoren vorliegen.<\/p>\n<p data-start=\"1097\" data-end=\"1291\"><strong data-start=\"1097\" data-end=\"1173\">Bei Bestandspatient:innen kann der Check-up individuell angepasst werden<\/strong> \u2013 z.\u202fB. durch gezielte Laborwerte oder erg\u00e4nzende Untersuchungen wie ein EKG, wenn die Vorgeschichte dies nahelegt.<\/p>\n<\/div><\/div><\/div><div class=\"fusion-panel panel-default fusion-faq-post fusion-faq-post-11907\"><span class=\"entry-title rich-snippet-hidden\">Gibt es einen Aufnahmestopp f\u00fcr Neupatient:innen?<\/span><span class=\"vcard rich-snippet-hidden\"><span class=\"fn\"><a href=\"https:\/\/mvz-kreuzberg.de\/en\/author\/sonyoung\" title=\"Posts by sonyoung\" rel=\"author\">sonyoung<\/a><\/span><\/span><span class=\"updated rich-snippet-hidden\">2025-06-12T04:51:48+01:00<\/span><div class=\"panel-heading\"><h4 id=\"faq_1-11907\" class=\"panel-title toggle\"><a data-toggle=\"collapse\" class=\"collapsed\" data-target=\"#collapse-1-11907\" href=\"#collapse-1-11907\" aria-expanded=\"false\"><div class=\"fusion-toggle-icon-wrapper\"><div class=\"fusion-toggle-icon-wrapper-main\"><div class=\"fusion-toggle-icon-wrapper-sub\"><i class=\"fa-fusion-box active-icon fa-minus fas\" aria-hidden=\"true\"><\/i><i class=\"fa-fusion-box inactive-icon fa-plus fas\" aria-hidden=\"true\"><\/i><\/div><\/div><\/div><div class=\"fusion-toggle-heading\">Gibt es einen Aufnahmestopp f\u00fcr Neupatient:innen?<\/div><\/a><\/h4><\/div><div id=\"collapse-1-11907\" aria-labelledby=\"faq_1-11907\" class=\"panel-collapse collapse\"><div class=\"panel-body toggle-content post-content\"><p>Wir freuen uns \u00fcber Ihr Interesse an unserer Praxis. Aktuell nehmen wir Neupatient:innen auf \u2013 allerdings nur in bestimmten Zeitr\u00e4umen und ausschlie\u00dflich \u00fcber die <strong data-start=\"476\" data-end=\"514\">Online-Terminbuchung \u00fcber Doctolib<\/strong>.<br data-start=\"515\" data-end=\"518\" \/>Wenn Sie keinen freien Termin f\u00fcr Neupatient:innen finden, bitten wir um Geduld \u2013 neue Zeitfenster werden regelm\u00e4\u00dfig freigeschaltet.<\/p>\n<p>Bitte beachten Sie: Ohne vorherige Terminbuchung ist kein Besuch m\u00f6glich.<\/p>\n<p>Wenn vorhanden, bringen Sie bitte relevante Vorbefunde oder Arztberichte zum ersten Termin mit.<\/p>\n<\/div><\/div><\/div><div class=\"fusion-panel panel-default fusion-faq-post fusion-faq-post-11902 allgemeinmedizinische-versorgung akute-hilfe\"><span class=\"entry-title rich-snippet-hidden\">Muss ich immer einen Termin haben oder kann ich auch spontan kommen?<\/span><span class=\"vcard rich-snippet-hidden\"><span class=\"fn\"><a href=\"https:\/\/mvz-kreuzberg.de\/en\/author\/sonyoung\" title=\"Posts by sonyoung\" rel=\"author\">sonyoung<\/a><\/span><\/span><span class=\"updated rich-snippet-hidden\">2025-06-12T04:42:25+01:00<\/span><div class=\"panel-heading\"><h4 id=\"faq_1-11902\" class=\"panel-title toggle\"><a data-toggle=\"collapse\" class=\"collapsed\" data-target=\"#collapse-1-11902\" href=\"#collapse-1-11902\" aria-expanded=\"false\"><div class=\"fusion-toggle-icon-wrapper\"><div class=\"fusion-toggle-icon-wrapper-main\"><div class=\"fusion-toggle-icon-wrapper-sub\"><i class=\"fa-fusion-box active-icon fa-minus fas\" aria-hidden=\"true\"><\/i><i class=\"fa-fusion-box inactive-icon fa-plus fas\" aria-hidden=\"true\"><\/i><\/div><\/div><\/div><div class=\"fusion-toggle-heading\">Muss ich immer einen Termin haben oder kann ich auch spontan kommen?<\/div><\/a><\/h4><\/div><div id=\"collapse-1-11902\" aria-labelledby=\"faq_1-11902\" class=\"panel-collapse collapse\"><div class=\"panel-body toggle-content post-content\"><p>F\u00fcr planbare Anliegen wie Vorsorge, Check-up, Beratung oder Befundbesprechung ist immer ein Termin notwendig.<br data-start=\"351\" data-end=\"354\" \/>Wenn Sie akute Beschwerden haben \u2013 z.\u202fB. Fieber, starke Schmerzen oder pl\u00f6tzliche Atemnot\/Herzrasen \u2013 k\u00f6nnen Sie ohne Termin in unsere <strong data-start=\"480\" data-end=\"503\">offene Sprechstunde<\/strong> kommen. Diese findet <strong data-start=\"525\" data-end=\"562\">montags bis freitags zwischen 9:00 &#8211; 10:00 Uhr<\/strong>\u00a0statt.<\/p>\n<p>Bitte beachten Sie: Anliegen wie Bescheinigungen oder Antr\u00e4ge z\u00e4hlen <strong data-start=\"660\" data-end=\"669\">nicht<\/strong> als akut. Daf\u00fcr ben\u00f6tigen Sie einen regul\u00e4ren Termin.<\/p>\n<\/div><\/div><\/div><div class=\"fusion-panel panel-default fusion-faq-post fusion-faq-post-11894 allgemeinmedizinische-versorgung\"><span class=\"entry-title rich-snippet-hidden\">Wie kann ich meinen Termin absagen oder verschieben?<\/span><span class=\"vcard rich-snippet-hidden\"><span class=\"fn\"><a href=\"https:\/\/mvz-kreuzberg.de\/en\/author\/sonyoung\" title=\"Posts by sonyoung\" rel=\"author\">sonyoung<\/a><\/span><\/span><span class=\"updated rich-snippet-hidden\">2025-06-12T04:28:11+01:00<\/span><div class=\"panel-heading\"><h4 id=\"faq_1-11894\" class=\"panel-title toggle\"><a data-toggle=\"collapse\" class=\"collapsed\" data-target=\"#collapse-1-11894\" href=\"#collapse-1-11894\" aria-expanded=\"false\"><div class=\"fusion-toggle-icon-wrapper\"><div class=\"fusion-toggle-icon-wrapper-main\"><div class=\"fusion-toggle-icon-wrapper-sub\"><i class=\"fa-fusion-box active-icon fa-minus fas\" aria-hidden=\"true\"><\/i><i class=\"fa-fusion-box inactive-icon fa-plus fas\" aria-hidden=\"true\"><\/i><\/div><\/div><\/div><div class=\"fusion-toggle-heading\">Wie kann ich meinen Termin absagen oder verschieben?<\/div><\/a><\/h4><\/div><div id=\"collapse-1-11894\" aria-labelledby=\"faq_1-11894\" class=\"panel-collapse collapse\"><div class=\"panel-body toggle-content post-content\"><p data-pm-slice=\"1 1 []\">Sie k\u00f6nnen Ihren Termin ganz einfach \u00fcber Ihr Doctolib-Konto absagen oder verschieben. Melden Sie sich bei <a href=\"https:\/\/www.doctolib.de\" target=\"_blank\" rel=\"noopener\">www.doctolib.de<\/a> an oder \u00f6ffnen Sie die App. Unter \u201eMeine Termine\u201c klicken Sie auf den jeweiligen Termin. Dort haben Sie die Option \u201eabsagen\u201c oder \u201everschieben\u201c.<\/p>\n<p data-pm-slice=\"1 1 []\">Wenn Sie verschieben m\u00f6chten, w\u00e4hlen Sie einfach einen neuen freien Termin aus und best\u00e4tigen Sie. Bitte nutzen Sie daf\u00fcr ausschlie\u00dflich Doctolib \u2013 unser Telefon ist nicht durchgehend besetzt.<\/p>\n<\/div><\/div><\/div><div class=\"fusion-panel panel-default fusion-faq-post fusion-faq-post-11899 allgemeinmedizinische-versorgung\"><span class=\"entry-title rich-snippet-hidden\">Wie kann ich ein Familienmitglied zu meinem Doctolib-Account hinzuf\u00fcgen?<\/span><span class=\"vcard rich-snippet-hidden\"><span class=\"fn\"><a href=\"https:\/\/mvz-kreuzberg.de\/en\/author\/sonyoung\" title=\"Posts by sonyoung\" rel=\"author\">sonyoung<\/a><\/span><\/span><span class=\"updated rich-snippet-hidden\">2025-06-12T04:25:46+01:00<\/span><div class=\"panel-heading\"><h4 id=\"faq_1-11899\" class=\"panel-title toggle\"><a data-toggle=\"collapse\" class=\"collapsed\" data-target=\"#collapse-1-11899\" href=\"#collapse-1-11899\" aria-expanded=\"false\"><div class=\"fusion-toggle-icon-wrapper\"><div class=\"fusion-toggle-icon-wrapper-main\"><div class=\"fusion-toggle-icon-wrapper-sub\"><i class=\"fa-fusion-box active-icon fa-minus fas\" aria-hidden=\"true\"><\/i><i class=\"fa-fusion-box inactive-icon fa-plus fas\" aria-hidden=\"true\"><\/i><\/div><\/div><\/div><div class=\"fusion-toggle-heading\">Wie kann ich ein Familienmitglied zu meinem Doctolib-Account hinzuf\u00fcgen?<\/div><\/a><\/h4><\/div><div id=\"collapse-1-11899\" aria-labelledby=\"faq_1-11899\" class=\"panel-collapse collapse\"><div class=\"panel-body toggle-content post-content\"><p>\u00dcber Ihr Doctolib-Konto k\u00f6nnen Sie Angeh\u00f6rige wie Kinder, Partner:innen oder Eltern hinzuf\u00fcgen. Loggen Sie sich bei Doctolib ein, gehen Sie auf \u201eMein Konto\u201c &gt; \u201eMeine Angeh\u00f6rigen\u201c und klicken Sie auf \u201eAngeh\u00f6rige:n hinzuf\u00fcgen\u201c. Sie geben dort die Daten der Person ein und best\u00e4tigen, dass Sie zur Verwaltung berechtigt sind.<\/p>\n<p>Bitte beachten Sie: Damit wir als Praxis das Profil sehen k\u00f6nnen, muss \u00fcber dieses neue Profil ein Termin gebucht oder eine Nachricht an uns gesendet werden \u2013 erst dann entsteht eine Verbindung zu unserer Praxis.<\/p>\n<\/div><\/div><\/div><div class=\"fusion-panel panel-default fusion-faq-post fusion-faq-post-11896 allgemeinmedizinische-versorgung\"><span class=\"entry-title rich-snippet-hidden\">Ich m\u00f6chte einen Termin vereinbaren<\/span><span class=\"vcard rich-snippet-hidden\"><span class=\"fn\"><a href=\"https:\/\/mvz-kreuzberg.de\/en\/author\/sonyoung\" title=\"Posts by sonyoung\" rel=\"author\">sonyoung<\/a><\/span><\/span><span class=\"updated rich-snippet-hidden\">2025-06-12T04:16:50+01:00<\/span><div class=\"panel-heading\"><h4 id=\"faq_1-11896\" class=\"panel-title toggle\"><a data-toggle=\"collapse\" class=\"collapsed\" data-target=\"#collapse-1-11896\" href=\"#collapse-1-11896\" aria-expanded=\"false\"><div class=\"fusion-toggle-icon-wrapper\"><div class=\"fusion-toggle-icon-wrapper-main\"><div class=\"fusion-toggle-icon-wrapper-sub\"><i class=\"fa-fusion-box active-icon fa-minus fas\" aria-hidden=\"true\"><\/i><i class=\"fa-fusion-box inactive-icon fa-plus fas\" aria-hidden=\"true\"><\/i><\/div><\/div><\/div><div class=\"fusion-toggle-heading\">Ich m\u00f6chte einen Termin vereinbaren<\/div><\/a><\/h4><\/div><div id=\"collapse-1-11896\" aria-labelledby=\"faq_1-11896\" class=\"panel-collapse collapse\"><div class=\"panel-body toggle-content post-content\"><p dir=\"ltr\">Sie k\u00f6nnen Ihren Termin ganz einfach online \u00fcber Doctolib buchen \u2013 zeitlich unabh\u00e4ngig. W\u00e4hlen Sie den passenden Besuchsgrund, z.\u202fB. Sprechstunde, Blutentnahme oder Videosprechstunde.<\/p>\n<p data-pm-slice=\"1 1 []\">W\u00e4hlen Sie die Terminart m\u00f6glichst passend zu Ihrem Besuchsgrund aus, damit wir wissen, warum Sie kommen m\u00f6chten.<\/p>\n<p dir=\"ltr\">Bitte beachten Sie: Bei bestimmten Termingr\u00fcnden m\u00fcssen Sie einen Code zur Buchung eingeben. Dieser wird bei einer \u00e4rztlichen Anordnung von unseren \u00c4rztinnen vergeben.<\/p>\n<p data-pm-slice=\"1 1 []\">Schreiben Sie uns bei R\u00fcckfragen \u00fcber die Doctolib-Nachrichtenfunktion \u2013 unser Telefon ist nur eingeschr\u00e4nkt erreichbar.<\/p>\n<\/div><\/div><\/div><div class=\"fusion-panel panel-default fusion-faq-post fusion-faq-post-11892 allgemeinmedizinische-versorgung\"><span class=\"entry-title rich-snippet-hidden\">Mein Termin wurde abgesagt, wie bekomme ich einen neuen Termin?<\/span><span class=\"vcard rich-snippet-hidden\"><span class=\"fn\"><a href=\"https:\/\/mvz-kreuzberg.de\/en\/author\/sonyoung\" title=\"Posts by sonyoung\" rel=\"author\">sonyoung<\/a><\/span><\/span><span class=\"updated rich-snippet-hidden\">2025-06-19T05:30:06+01:00<\/span><div class=\"panel-heading\"><h4 id=\"faq_1-11892\" class=\"panel-title toggle\"><a data-toggle=\"collapse\" class=\"collapsed\" data-target=\"#collapse-1-11892\" href=\"#collapse-1-11892\" aria-expanded=\"false\"><div class=\"fusion-toggle-icon-wrapper\"><div class=\"fusion-toggle-icon-wrapper-main\"><div class=\"fusion-toggle-icon-wrapper-sub\"><i class=\"fa-fusion-box active-icon fa-minus fas\" aria-hidden=\"true\"><\/i><i class=\"fa-fusion-box inactive-icon fa-plus fas\" aria-hidden=\"true\"><\/i><\/div><\/div><\/div><div class=\"fusion-toggle-heading\">Mein Termin wurde abgesagt, wie bekomme ich einen neuen Termin?<\/div><\/a><\/h4><\/div><div id=\"collapse-1-11892\" aria-labelledby=\"faq_1-11892\" class=\"panel-collapse collapse\"><div class=\"panel-body toggle-content post-content\"><p>Sollte ein Termin durch uns abgesagt werden (z.\u202fB. krankheitsbedingt), erhalten Sie eine Mitteilung \u00fcber Doctolib. Bitte buchen Sie dann selbstst\u00e4ndig einen neuen Termin \u00fcber den Online Buchungskalender.<\/p>\n<p>Bei R\u00fcckfragen nutzen Sie bitte ausschlie\u00dflich die Nachrichtenfunktion \u2013 unser Telefon ist nicht durchgehend besetzt.<\/p>\n<\/div><\/div><\/div><div class=\"fusion-panel panel-default fusion-faq-post fusion-faq-post-11890 allgemeinmedizinische-versorgung digital-direkt\"><span class=\"entry-title rich-snippet-hidden\">Mein Doctolib-Konto wurde gesperrt, warum?<\/span><span class=\"vcard rich-snippet-hidden\"><span class=\"fn\"><a href=\"https:\/\/mvz-kreuzberg.de\/en\/author\/sonyoung\" title=\"Posts by sonyoung\" rel=\"author\">sonyoung<\/a><\/span><\/span><span class=\"updated rich-snippet-hidden\">2025-06-19T05:31:20+01:00<\/span><div class=\"panel-heading\"><h4 id=\"faq_1-11890\" class=\"panel-title toggle\"><a data-toggle=\"collapse\" class=\"collapsed\" data-target=\"#collapse-1-11890\" href=\"#collapse-1-11890\" aria-expanded=\"false\"><div class=\"fusion-toggle-icon-wrapper\"><div class=\"fusion-toggle-icon-wrapper-main\"><div class=\"fusion-toggle-icon-wrapper-sub\"><i class=\"fa-fusion-box active-icon fa-minus fas\" aria-hidden=\"true\"><\/i><i class=\"fa-fusion-box inactive-icon fa-plus fas\" aria-hidden=\"true\"><\/i><\/div><\/div><\/div><div class=\"fusion-toggle-heading\">Mein Doctolib-Konto wurde gesperrt, warum?<\/div><\/a><\/h4><\/div><div id=\"collapse-1-11890\" aria-labelledby=\"faq_1-11890\" class=\"panel-collapse collapse\"><div class=\"panel-body toggle-content post-content\"><p>Wenn Sie wiederholt Termine nicht wahrgenommen oder nicht rechtzeitig abgesagt haben, kann Ihr Doctolib-Konto gesperrt werden. Bitte melden Sie sich \u00fcber die Nachrichtenfunktion bei uns, damit wir die Situation kl\u00e4ren k\u00f6nnen.<\/p>\n<\/div><\/div><\/div><div class=\"fusion-panel panel-default fusion-faq-post fusion-faq-post-11023 digital-direkt\"><span class=\"entry-title rich-snippet-hidden\">Wof\u00fcr brauche ich eine \u00dcberweisung und wie bekomme ich eine?<\/span><span class=\"vcard rich-snippet-hidden\"><span class=\"fn\"><a href=\"https:\/\/mvz-kreuzberg.de\/en\/author\/sonyoung\" title=\"Posts by sonyoung\" rel=\"author\">sonyoung<\/a><\/span><\/span><span class=\"updated rich-snippet-hidden\">2025-06-16T15:21:30+01:00<\/span><div class=\"panel-heading\"><h4 id=\"faq_1-11023\" class=\"panel-title toggle\"><a data-toggle=\"collapse\" class=\"collapsed\" data-target=\"#collapse-1-11023\" href=\"#collapse-1-11023\" aria-expanded=\"false\"><div class=\"fusion-toggle-icon-wrapper\"><div class=\"fusion-toggle-icon-wrapper-main\"><div class=\"fusion-toggle-icon-wrapper-sub\"><i class=\"fa-fusion-box active-icon fa-minus fas\" aria-hidden=\"true\"><\/i><i class=\"fa-fusion-box inactive-icon fa-plus fas\" aria-hidden=\"true\"><\/i><\/div><\/div><\/div><div class=\"fusion-toggle-heading\">Wof\u00fcr brauche ich eine \u00dcberweisung und wie bekomme ich eine?<\/div><\/a><\/h4><\/div><div id=\"collapse-1-11023\" aria-labelledby=\"faq_1-11023\" class=\"panel-collapse collapse\"><div class=\"panel-body toggle-content post-content\"><p>Eine \u00dcberweisung ist ein Dokument, das Ihr Arzt erstellt, um Sie an einen Facharzt zu verweisen. Dies geschieht, wenn Ihr Hausarzt glaubt, dass Sie eine spezialisierte Behandlung oder Untersuchung ben\u00f6tigen, die er selbst nicht durchf\u00fchren kann. Es ist jedoch wichtig zu wissen, dass Haus\u00e4rzte nicht dazu verpflichtet sind, auf Anfrage \u00dcberweisungen auszustellen, wenn sie keinen Bedarf daf\u00fcr sehen.<\/p>\n<p>So k\u00f6nnen Sie beispielsweise in der Regel direkt Fach\u00e4rzte wie Augen\u00e4rzte oder Gyn\u00e4kologen aufsuchen, ohne vorher eine \u00dcberweisung erhalten zu haben. Bei anderen Fach\u00e4rzten, wie Dermatologen oder Kardiologen, kann eine \u00dcberweisung notwendig sein. Dies h\u00e4ngt jedoch von Ihrem spezifischen Gesundheitssystem und Ihren Versicherungsbedingungen ab.<\/p>\n<p><strong>Wenn Sie unsicher sind, fragen Sie einfach nach.<\/strong><\/p>\n<ol>\n<li>Vereinbaren Sie einen Termin f\u00fcr die Sprechstunde und erkl\u00e4ren Sie unseren \u00c4rzten, warum Sie glauben, eine \u00dcberweisung zu ben\u00f6tigen.<\/li>\n<li>Bringen Sie alle relevanten medizinischen Unterlagen mit oder laden Sie diese bei der Online-Terminbuchung hoch. Unser Arzt wird dann entscheiden, welche Untersuchungen notwendig sind und an welchen Facharzt Sie \u00fcberwiesen werden sollten.<\/li>\n<li>In der Regel werden Sie dann selbst einen Termin mit dem Facharzt vereinbaren m\u00fcssen.<\/li>\n<li>Nach Erhalt der \u00dcberweisung k\u00f6nnen Sie die Befunde in Ihrem Doctolib Account hochladen oder den Facharzt bitten, die Befunde direkt an das MVZ-Kreuzberg zu senden.<\/li>\n<li>Um die Befunde zu besprechen, vereinbaren Sie bitte einen weiteren Termin bei uns. Unsere \u00c4rzte werden dann die weitere Behandlung durchf\u00fchren.<\/li>\n<\/ol>\n<\/div><\/div><\/div><div class=\"fusion-panel panel-default fusion-faq-post fusion-faq-post-11021\"><span class=\"entry-title rich-snippet-hidden\">Wie kann ich mich bei Doctolib registrieren und warum ist es wichtig?<\/span><span class=\"vcard rich-snippet-hidden\"><span class=\"fn\"><a href=\"https:\/\/mvz-kreuzberg.de\/en\/author\/sonyoung\" title=\"Posts by sonyoung\" rel=\"author\">sonyoung<\/a><\/span><\/span><span class=\"updated rich-snippet-hidden\">2025-06-16T15:22:07+01:00<\/span><div class=\"panel-heading\"><h4 id=\"faq_1-11021\" class=\"panel-title toggle\"><a data-toggle=\"collapse\" class=\"collapsed\" data-target=\"#collapse-1-11021\" href=\"#collapse-1-11021\" aria-expanded=\"false\"><div class=\"fusion-toggle-icon-wrapper\"><div class=\"fusion-toggle-icon-wrapper-main\"><div class=\"fusion-toggle-icon-wrapper-sub\"><i class=\"fa-fusion-box active-icon fa-minus fas\" aria-hidden=\"true\"><\/i><i class=\"fa-fusion-box inactive-icon fa-plus fas\" aria-hidden=\"true\"><\/i><\/div><\/div><\/div><div class=\"fusion-toggle-heading\">Wie kann ich mich bei Doctolib registrieren und warum ist es wichtig?<\/div><\/a><\/h4><\/div><div id=\"collapse-1-11021\" aria-labelledby=\"faq_1-11021\" class=\"panel-collapse collapse\"><div class=\"panel-body toggle-content post-content\"><p>Wir bitten Sie, sich bei Doctolib zu registrieren. Mit einem eigenen Doctolib-Konto k\u00f6nnen Sie Ihre Termine bequem online buchen, verschieben oder absagen \u2013 ganz ohne Anruf.<\/p>\n<p>Die Kommunikation ist zeitlich unabh\u00e4ngig m\u00f6glich und wichtige Dokumente wie Arbeitsunf\u00e4higkeitsbescheinigungen (AU), Befunde oder \u00dcberweisungen sind gesammelt an einem Ort f\u00fcr Sie abrufbar.<\/p>\n<p data-start=\"782\" data-end=\"948\">Bitte tragen Sie sowohl Kontaktdaten (Telefon, E-Mail) als auch eine aktuelle Postadresse\/Meldeadresse ein.<\/p>\n<p>Ein gro\u00dfer Vorteil ist, dass wir diese schriftliche Kommunikation einfacher als im pers\u00f6nlichen bzw. telefonischen Kontakt in die gew\u00fcnschte Sprache \u00fcbersetzen k\u00f6nnen.<\/p>\n<p>Die <strong>Registrierung bei <a class=\"\" href=\"https:\/\/www.doctolib.de\/medizinisches-versorgungszentrum-mvz\/berlin\/mvz-kreuzberg\" target=\"_new\" rel=\"noopener\" data-start=\"351\" data-end=\"393\">www.doctolib.de<\/a><\/strong> ist freiwillig \u2013 sie erleichtert jedoch vieles im Praxisalltag, f\u00fcr Sie und f\u00fcr uns.<\/p>\n<p data-start=\"108\" data-end=\"280\"><strong data-start=\"108\" data-end=\"120\">Wichtig:<\/strong> Wenn Sie bereits ein Doctolib-Konto haben, m\u00fcssen Sie uns eine <a href=\"https:\/\/www.doctolib.de\/medizinisches-versorgungszentrum-mvz\/berlin\/mvz-kreuzberg\/patient-request\/patient-authentication?messagingProfileId=eyJfcmFpbHMiOnsibWVzc2FnZSI6Ik9EYzBOalU1TlE9PSIsImV4cCI6bnVsbCwicHVyIjoicGF0aWVudF9yZXF1ZXN0L3Byb2ZpbGUifX0--4e9f7529090d3ef441ab794777130abc1317c4833917bc4eb90135d594233ede&amp;category=message\" target=\"_blank\" rel=\"noopener\"><strong data-start=\"175\" data-end=\"218\">Nachricht \u00fcber Doctolib senden<\/strong><\/a>, damit wir Sie in unserem System sehen und zuordnen k\u00f6nnen. Doctolib funktioniert nicht wie ein soziales Netzwerk \u2013 Sie haben die volle Kontrolle. Eine Verbindung zu unserer Praxis entsteht erst, wenn Sie aktiv Kontakt aufnehmen.<\/p>\n<\/div><\/div><\/div><div class=\"fusion-panel panel-default fusion-faq-post fusion-faq-post-11017 allgemeinmedizinische-versorgung\"><span class=\"entry-title rich-snippet-hidden\">Was ist die Kurz-Anamnese? Warum muss ich den Fragebogen ausf\u00fcllen?<\/span><span class=\"vcard rich-snippet-hidden\"><span class=\"fn\"><a href=\"https:\/\/mvz-kreuzberg.de\/en\/author\/sonyoung\" title=\"Posts by sonyoung\" rel=\"author\">sonyoung<\/a><\/span><\/span><span class=\"updated rich-snippet-hidden\">2025-06-16T15:22:36+01:00<\/span><div class=\"panel-heading\"><h4 id=\"faq_1-11017\" class=\"panel-title toggle\"><a data-toggle=\"collapse\" class=\"collapsed\" data-target=\"#collapse-1-11017\" href=\"#collapse-1-11017\" aria-expanded=\"false\"><div class=\"fusion-toggle-icon-wrapper\"><div class=\"fusion-toggle-icon-wrapper-main\"><div class=\"fusion-toggle-icon-wrapper-sub\"><i class=\"fa-fusion-box active-icon fa-minus fas\" aria-hidden=\"true\"><\/i><i class=\"fa-fusion-box inactive-icon fa-plus fas\" aria-hidden=\"true\"><\/i><\/div><\/div><\/div><div class=\"fusion-toggle-heading\">Was ist die Kurz-Anamnese? Warum muss ich den Fragebogen ausf\u00fcllen?<\/div><\/a><\/h4><\/div><div id=\"collapse-1-11017\" aria-labelledby=\"faq_1-11017\" class=\"panel-collapse collapse\"><div class=\"panel-body toggle-content post-content\"><p>Ein Anamnesebogen dient dazu, relevante Informationen \u00fcber den Gesundheitszustand des Patienten zu sammeln.<\/p>\n<p><strong><span class=\"notion-enable-hover\" data-token-index=\"0\">Pers\u00f6nliche Daten\/Kontaktdaten<\/span>:<\/strong> Dazu geh\u00f6ren Ihr Name, Ihr Alter und Ihr Geschlecht. Au\u00dferdem ben\u00f6tigen wir Ihre Telefonnummer und E-Mail-Adresse zur l\u00fcckenlosen Kommunikation. Pers\u00f6nliche Daten werden nicht an Dritte weitergegeben und nicht f\u00fcr Werbezwecke genutzt.<!-- notionvc: cbea76a6-7863-435d-a1ff-e0869b2a2b9d --><\/p>\n<p><strong><span class=\"notion-enable-hover\" data-token-index=\"0\">Chronische Erkrankungen\/Vorerkrankungen<\/span>:<\/strong> Dies bezieht sich auf alle gesundheitlichen Probleme, die Sie in der Vergangenheit hatten. Dies kann dem Arzt helfen, Muster oder Zusammenh\u00e4nge mit Ihrem aktuellen Gesundheitszustand zu erkennen. Wenn Sie regelm\u00e4\u00dfig Medikamente einnehmen, ist es besonders wichtig, dass diese bei der Behandlung beachtet werden.\u00a0<!-- notionvc: 22dfedef-3764-4109-90b5-67a6b72087bf --><\/p>\n<p><strong><span class=\"notion-enable-hover\" data-token-index=\"0\">Gewohnheiten\/Lebensstil<\/span>:<\/strong> Dies beinhaltet Informationen \u00fcber Ihre Ern\u00e4hrung, Bewegung, Schlafgewohnheiten und andere Lebensstilfaktoren. Diese Informationen k\u00f6nnen dem Arzt helfen, m\u00f6gliche Ursachen f\u00fcr gesundheitliche Probleme zu identifizieren und Empfehlungen f\u00fcr Verhaltens\u00e4nderungen zu geben.<!-- notionvc: bc43e84f-37ac-4f93-a4d1-53822da59ea6 --><\/p>\n<p><strong><span class=\"notion-enable-hover\" data-token-index=\"0\">Familienanamnese<\/span>:<\/strong> Diese Informationen beziehen sich auf Krankheiten oder Gesundheitszust\u00e4nde, die in Ihrer Familie auftreten. Sie k\u00f6nnen dem Arzt helfen, potenzielle genetische Risikofaktoren zu identifizieren.<!-- notionvc: 9a25fc91-4267-4b10-acf9-0fbcd42d01a7 --><\/p>\n<\/div><\/div><\/div><div class=\"fusion-panel panel-default fusion-faq-post fusion-faq-post-10475 allgemeinmedizinische-versorgung\"><span class=\"entry-title rich-snippet-hidden\">Was ist ein MVZ?<\/span><span class=\"vcard rich-snippet-hidden\"><span class=\"fn\"><a href=\"https:\/\/mvz-kreuzberg.de\/en\/author\/sonyoung\" title=\"Posts by sonyoung\" rel=\"author\">sonyoung<\/a><\/span><\/span><span class=\"updated rich-snippet-hidden\">2025-06-19T05:36:03+01:00<\/span><div class=\"panel-heading\"><h4 id=\"faq_1-10475\" class=\"panel-title toggle\"><a data-toggle=\"collapse\" class=\"collapsed\" data-target=\"#collapse-1-10475\" href=\"#collapse-1-10475\" aria-expanded=\"false\"><div class=\"fusion-toggle-icon-wrapper\"><div class=\"fusion-toggle-icon-wrapper-main\"><div class=\"fusion-toggle-icon-wrapper-sub\"><i class=\"fa-fusion-box active-icon fa-minus fas\" aria-hidden=\"true\"><\/i><i class=\"fa-fusion-box inactive-icon fa-plus fas\" aria-hidden=\"true\"><\/i><\/div><\/div><\/div><div class=\"fusion-toggle-heading\">Was ist ein MVZ?<\/div><\/a><\/h4><\/div><div id=\"collapse-1-10475\" aria-labelledby=\"faq_1-10475\" class=\"panel-collapse collapse\"><div class=\"panel-body toggle-content post-content\"><p data-start=\"178\" data-end=\"453\">Ein <strong data-start=\"197\" data-end=\"204\">MVZ<\/strong> ist ein <strong data-start=\"213\" data-end=\"249\">Medizinisches Versorgungszentrum<\/strong> \u2013 also eine \u00e4rztlich geleitete Einrichtung, in der mehrere Fach\u00e4rzt:innen oder \u00c4rzteteams gemeinsam arbeiten. Ziel ist eine gute medizinische Versorgung unter einem Dach, oft mit mehreren Fachrichtungen.<\/p>\n<p data-start=\"455\" data-end=\"843\">Das <strong data-start=\"459\" data-end=\"476\">MVZ Kreuzberg<\/strong> ist ein haus\u00e4rztlich gef\u00fchrtes MVZ \u2013 bei uns arbeiten Fach\u00e4rzt:innen f\u00fcr <strong data-start=\"550\" data-end=\"570\">Allgemeinmedizin<\/strong>.<br data-start=\"571\" data-end=\"574\" \/>F\u00fcr unsere Patient:innen bedeutet das: Wir sind die <strong data-start=\"626\" data-end=\"648\" data-is-only-node=\"\">erste Anlaufstelle<\/strong> f\u00fcr gesundheitliche Fragen, f\u00fchren Diagnostik und Verlaufskontrollen durch, beraten, behandeln und \u00fcberweisen bei Bedarf an Fach\u00e4rzt:innen weiter \u2013 ganz wie bei einer klassischen Hausarztpraxis.<\/p>\n<\/div><\/div><\/div><\/div><\/div><\/div><\/div><\/div><\/div><\/div><\/div><\/p>","protected":false},"excerpt":{"rendered":"","protected":false},"author":1,"featured_media":0,"parent":0,"menu_order":3,"comment_status":"closed","ping_status":"closed","template":"100-width.php","meta":{"_monsterinsights_skip_tracking":false,"_monsterinsights_sitenote_active":false,"_monsterinsights_sitenote_note":"","_monsterinsights_sitenote_category":0,"footnotes":""},"class_list":["post-1111","page","type-page","status-publish","hentry"],"amp_enabled":false,"_links":{"self":[{"href":"https:\/\/mvz-kreuzberg.de\/en\/wp-json\/wp\/v2\/pages\/1111","targetHints":{"allow":["GET"]}}],"collection":[{"href":"https:\/\/mvz-kreuzberg.de\/en\/wp-json\/wp\/v2\/pages"}],"about":[{"href":"https:\/\/mvz-kreuzberg.de\/en\/wp-json\/wp\/v2\/types\/page"}],"author":[{"embeddable":true,"href":"https:\/\/mvz-kreuzberg.de\/en\/wp-json\/wp\/v2\/users\/1"}],"replies":[{"embeddable":true,"href":"https:\/\/mvz-kreuzberg.de\/en\/wp-json\/wp\/v2\/comments?post=1111"}],"version-history":[{"count":129,"href":"https:\/\/mvz-kreuzberg.de\/en\/wp-json\/wp\/v2\/pages\/1111\/revisions"}],"predecessor-version":[{"id":12516,"href":"https:\/\/mvz-kreuzberg.de\/en\/wp-json\/wp\/v2\/pages\/1111\/revisions\/12516"}],"wp:attachment":[{"href":"https:\/\/mvz-kreuzberg.de\/en\/wp-json\/wp\/v2\/media?parent=1111"}],"curies":[{"name":"wp","href":"https:\/\/api.w.org\/{rel}","templated":true}]}}